{"id":1091835,"date":"2026-08-31T14:05:49","date_gmt":"2026-08-31T12:05:49","guid":{"rendered":"https:\/\/stilanddesign.se\/?post_type=product&#038;p=1091835"},"modified":"2026-08-31T14:16:12","modified_gmt":"2026-08-31T12:16:12","slug":"fin-mjukstickad-kofta-i-cremevit-med-svarta-detaljer-och-hjartknappar","status":"publish","type":"product","link":"https:\/\/stilanddesign.se\/en\/product\/fin-mjukstickad-kofta-i-cremevit-med-svarta-detaljer-och-hjartknappar\/","title":{"rendered":"Nice soft knitted cardigan in cream white with black details and heart buttons"},"content":{"rendered":"<section class=\"text-token-text-primary w-full focus:outline-none [--shadow-height:45px] has-data-writing-block:pointer-events-none has-data-writing-block:-mt-(--shadow-height) has-data-writing-block:pt-(--shadow-height) [&amp;:has([data-writing-block])&gt;*]:pointer-events-auto R6Vx5W_threadScrollVars scroll-mb-[calc(var(--scroll-root-safe-area-inset-bottom,0px)+var(--thread-response-height))] scroll-mt-(--header-height)\" dir=\"auto\" data-turn-id=\"e71052d1-5871-466f-bae7-796f18706675\" data-testid=\"conversation-turn-227\" data-scroll-anchor=\"false\" data-turn=\"user\"><\/section>\n<section class=\"text-token-text-primary w-full focus:outline-none [--shadow-height:45px] has-data-writing-block:pointer-events-none has-data-writing-block:-mt-(--shadow-height) has-data-writing-block:pt-(--shadow-height) [&amp;:has([data-writing-block])&gt;*]:pointer-events-auto [content-visibility:auto] supports-[content-visibility:auto]:[contain-intrinsic-size:auto_100lvh] R6Vx5W_threadScrollVars scroll-mb-[calc(var(--scroll-root-safe-area-inset-bottom,0px)+var(--thread-response-height))] scroll-mt-[calc(var(--header-height)+min(200px,max(70px,20svh)))]\" dir=\"auto\" data-turn-id=\"request-69c67431-7e34-8333-9a36-98c4a980f78b-11\" data-testid=\"conversation-turn-228\" data-scroll-anchor=\"false\" data-turn=\"assistant\">\n<div class=\"text-base my-auto mx-auto pb-10 [--thread-content-margin:var(--thread-content-margin-xs,calc(var(--spacing)*4))] @w-sm\/main:[--thread-content-margin:var(--thread-content-margin-sm,calc(var(--spacing)*6))] @w-lg\/main:[--thread-content-margin:var(--thread-content-margin-lg,calc(var(--spacing)*16))] px-(--thread-content-margin)\">\n<div class=\"[--thread-content-max-width:40rem] @w-lg\/main:[--thread-content-max-width:48rem] mx-auto max-w-(--thread-content-max-width) flex-1 group\/turn-messages focus-visible:outline-hidden relative flex w-full min-w-0 flex-col agent-turn\">\n<div class=\"flex max-w-full flex-col gap-4 grow\">\n<div class=\"min-h-8 text-message relative flex w-full flex-col items-end gap-2 text-start break-words whitespace-normal outline-none keyboard-focused:focus-ring [.text-message+&amp;]:mt-1\" dir=\"auto\" tabindex=\"0\" data-message-author-role=\"assistant\" data-message-id=\"47551beb-cb38-4df3-8a85-cb3d68653801\" data-message-model-slug=\"gpt-5-3\" data-turn-start-message=\"true\">\n<div class=\"flex w-full flex-col gap-1 empty:hidden\">\n<div class=\"markdown prose dark:prose-invert w-full wrap-break-word light markdown-new-styling\">\n<p data-start=\"397\" data-end=\"454\" data-is-last-node=\"\" data-is-only-node=\"\">Fin mjukstickad kofta i cremevit och svarta detaljer<\/p>\n<p data-start=\"397\" data-end=\"454\" data-is-last-node=\"\" data-is-only-node=\"\">Den \u00e4r v-ringad framtill och kn\u00e4pps med 3 fina knappar i form av ett svart hj\u00e4rta<\/p>\n<p data-start=\"397\" data-end=\"454\" data-is-last-node=\"\" data-is-only-node=\"\">2 \u00f6ppna fickor fram<\/p>\n<p data-start=\"397\" data-end=\"454\" data-is-last-node=\"\" data-is-only-node=\"\">L\u00e5ng \u00e4rm<\/p>\n<p data-start=\"397\" data-end=\"454\" data-is-last-node=\"\" data-is-only-node=\"\">L\u00e4ngd fr\u00e5n axel och ner \u00e4r: 72 cm<\/p>\n<p data-start=\"397\" data-end=\"454\" data-is-last-node=\"\" data-is-only-node=\"\">Normal i storlek<\/p>\n<p data-start=\"397\" data-end=\"454\" data-is-last-node=\"\" data-is-only-node=\"\">Material: 50% polyester 50% polyamide<\/p>\n<p data-start=\"397\" data-end=\"454\" data-is-last-node=\"\" data-is-only-node=\"\">Tv\u00e4ttr\u00e5d: 40 grader<\/p>\n<p data-start=\"397\" data-end=\"454\" data-is-last-node=\"\" data-is-only-node=\"\">\n<\/div>\n<\/div>\n<\/div>\n<\/div>\n<\/div>\n<\/div>\n<\/section>\n<p>&nbsp;<\/p>\n","protected":false},"excerpt":{"rendered":"<section class=\"text-token-text-primary w-full focus:outline-none [--shadow-height:45px] has-data-writing-block:pointer-events-none has-data-writing-block:-mt-(--shadow-height) has-data-writing-block:pt-(--shadow-height) [&amp;:has([data-writing-block])&gt;*]:pointer-events-auto [content-visibility:auto] supports-[content-visibility:auto]:[contain-intrinsic-size:auto_100lvh] R6Vx5W_threadScrollVars scroll-mb-[calc(var(--scroll-root-safe-area-inset-bottom,0px)+var(--thread-response-height))] scroll-mt-[calc(var(--header-height)+min(200px,max(70px,20svh)))]\" dir=\"auto\" data-turn-id=\"request-69c67431-7e34-8333-9a36-98c4a980f78b-11\" data-testid=\"conversation-turn-228\" data-scroll-anchor=\"false\" data-turn=\"assistant\">\n<div class=\"text-base my-auto mx-auto pb-10 [--thread-content-margin:var(--thread-content-margin-xs,calc(var(--spacing)*4))] @w-sm\/main:[--thread-content-margin:var(--thread-content-margin-sm,calc(var(--spacing)*6))] @w-lg\/main:[--thread-content-margin:var(--thread-content-margin-lg,calc(var(--spacing)*16))] px-(--thread-content-margin)\">\n<div class=\"[--thread-content-max-width:40rem] @w-lg\/main:[--thread-content-max-width:48rem] mx-auto max-w-(--thread-content-max-width) flex-1 group\/turn-messages focus-visible:outline-hidden relative flex w-full min-w-0 flex-col agent-turn\">\n<div class=\"flex max-w-full flex-col gap-4 grow\">\n<div class=\"min-h-8 text-message relative flex w-full flex-col items-end gap-2 text-start break-words whitespace-normal outline-none keyboard-focused:focus-ring [.text-message+&amp;]:mt-1\" dir=\"auto\" tabindex=\"0\" data-message-author-role=\"assistant\" data-message-id=\"47551beb-cb38-4df3-8a85-cb3d68653801\" data-message-model-slug=\"gpt-5-3\" data-turn-start-message=\"true\">\n<div class=\"flex w-full flex-col gap-1 empty:hidden\">\n<div class=\"markdown prose dark:prose-invert w-full wrap-break-word light markdown-new-styling\">\n<p data-start=\"397\" data-end=\"454\" data-is-last-node=\"\" data-is-only-node=\"\">Fin mjukstickad kofta i cremevit och svarta detaljer<\/p>\n<p data-start=\"397\" data-end=\"454\" data-is-last-node=\"\" data-is-only-node=\"\">Den \u00e4r v-ringad framtill och kn\u00e4pps med 3 fina knappar i form av ett svart hj\u00e4rta<\/p>\n<p data-start=\"397\" data-end=\"454\" data-is-last-node=\"\" data-is-only-node=\"\">2 \u00f6ppna fickor fram<\/p>\n<p data-start=\"397\" data-end=\"454\" data-is-last-node=\"\" data-is-only-node=\"\">L\u00e5ng \u00e4rm<\/p>\n<p data-start=\"397\" data-end=\"454\" data-is-last-node=\"\" data-is-only-node=\"\">L\u00e4ngd fr\u00e5n axel och ner \u00e4r: 72 cm<\/p>\n<p data-start=\"397\" data-end=\"454\" data-is-last-node=\"\" data-is-only-node=\"\">Normal i storlek<\/p>\n<p data-start=\"397\" data-end=\"454\" data-is-last-node=\"\" data-is-only-node=\"\">Material: 50% polyester 50% polyamide<\/p>\n<p data-start=\"397\" data-end=\"454\" data-is-last-node=\"\" data-is-only-node=\"\">Tv\u00e4ttr\u00e5d: 40 grader<\/p>\n<p data-start=\"397\" data-end=\"454\" data-is-last-node=\"\" data-is-only-node=\"\">\n<\/div>\n<\/div>\n<\/div>\n<\/div>\n<\/div>\n<\/div>\n<\/section>\n<p>&nbsp;<\/p>\n","protected":false},"featured_media":1091834,"comment_status":"closed","ping_status":"closed","template":"","meta":[],"product_brand":[],"product_cat":[226,217],"product_tag":[],"class_list":["post-1091835","product","type-product","status-publish","has-post-thumbnail","product_cat-koftor-stickade-koftor","product_cat-produktnyheter","first","instock","taxable","shipping-taxable","purchasable","product-type-variable"],"yoast_head":"<!-- This site is optimized with the Yoast SEO Premium plugin v27.9 (Yoast SEO v28.3) - https:\/\/yoast.com\/product\/yoast-seo-premium-wordpress\/ -->\n<title>Fin mjukstickad kofta i cremevit med svarta detaljer och hj\u00e4rtknappar - Stil &amp; Design<\/title>\n<meta name=\"robots\" content=\"index, follow, max-snippet:-1, max-image-preview:large, max-video-preview:-1\" \/>\n<link rel=\"canonical\" href=\"https:\/\/stilanddesign.se\/en\/product\/fin-mjukstickad-kofta-i-cremevit-med-svarta-detaljer-och-hjartknappar\/\" \/>\n<meta property=\"og:locale\" content=\"en_US\" \/>\n<meta property=\"og:type\" content=\"article\" \/>\n<meta property=\"og:title\" content=\"Fin mjukstickad kofta i cremevit med svarta detaljer och hj\u00e4rtknappar\" \/>\n<meta property=\"og:description\" content=\"Fin mjukstickad kofta i cremevit och svarta detaljer Den \u00e4r v-ringad framtill och kn\u00e4pps med 3 fina knappar i form av ett svart hj\u00e4rta 2 \u00f6ppna fickor fram L\u00e5ng \u00e4rm L\u00e4ngd fr\u00e5n axel och ner \u00e4r: 72 cm Normal i storlek Material: 50% polyester 50% polyamide Tv\u00e4ttr\u00e5d: 40 grader         &nbsp;\" \/>\n<meta property=\"og:url\" content=\"https:\/\/stilanddesign.se\/en\/product\/fin-mjukstickad-kofta-i-cremevit-med-svarta-detaljer-och-hjartknappar\/\" \/>\n<meta property=\"og:site_name\" content=\"Stil &amp; Design\" \/>\n<meta property=\"article:modified_time\" content=\"2026-08-31T12:16:12+00:00\" \/>\n<meta property=\"og:image\" content=\"https:\/\/stilanddesign.se\/wp-content\/uploads\/2026\/08\/969696987777.png\" \/>\n\t<meta property=\"og:image:width\" content=\"480\" \/>\n\t<meta property=\"og:image:height\" content=\"640\" \/>\n\t<meta property=\"og:image:type\" content=\"image\/png\" \/>\n<meta name=\"twitter:card\" content=\"summary_large_image\" \/>\n<meta name=\"twitter:label1\" content=\"Availability\" \/>\n\t<meta name=\"twitter:data1\" content=\"In stock\" \/>\n<script type=\"application\/ld+json\" class=\"yoast-schema-graph\">{\"@context\":\"https:\\\/\\\/schema.org\",\"@graph\":[{\"@type\":\"WebPage\",\"@id\":\"https:\\\/\\\/stilanddesign.se\\\/produkt\\\/fin-mjukstickad-kofta-i-cremevit-med-svarta-detaljer-och-hjartknappar\\\/\",\"url\":\"https:\\\/\\\/stilanddesign.se\\\/produkt\\\/fin-mjukstickad-kofta-i-cremevit-med-svarta-detaljer-och-hjartknappar\\\/\",\"name\":\"Fin mjukstickad kofta i cremevit med svarta detaljer och hj\u00e4rtknappar - Stil &amp; Design\",\"isPartOf\":{\"@id\":\"https:\\\/\\\/stilanddesign.se\\\/#website\"},\"primaryImageOfPage\":{\"@id\":\"https:\\\/\\\/stilanddesign.se\\\/produkt\\\/fin-mjukstickad-kofta-i-cremevit-med-svarta-detaljer-och-hjartknappar\\\/#primaryimage\"},\"image\":{\"@id\":\"https:\\\/\\\/stilanddesign.se\\\/produkt\\\/fin-mjukstickad-kofta-i-cremevit-med-svarta-detaljer-och-hjartknappar\\\/#primaryimage\"},\"thumbnailUrl\":\"https:\\\/\\\/stilanddesign.se\\\/wp-content\\\/uploads\\\/2026\\\/08\\\/969696987777.png\",\"datePublished\":\"2026-08-31T12:05:49+00:00\",\"dateModified\":\"2026-08-31T12:16:12+00:00\",\"breadcrumb\":{\"@id\":\"https:\\\/\\\/stilanddesign.se\\\/produkt\\\/fin-mjukstickad-kofta-i-cremevit-med-svarta-detaljer-och-hjartknappar\\\/#breadcrumb\"},\"inLanguage\":\"en-US\",\"potentialAction\":[{\"@type\":\"ReadAction\",\"target\":[\"https:\\\/\\\/stilanddesign.se\\\/produkt\\\/fin-mjukstickad-kofta-i-cremevit-med-svarta-detaljer-och-hjartknappar\\\/\"]}]},{\"@type\":\"ImageObject\",\"inLanguage\":\"en-US\",\"@id\":\"https:\\\/\\\/stilanddesign.se\\\/produkt\\\/fin-mjukstickad-kofta-i-cremevit-med-svarta-detaljer-och-hjartknappar\\\/#primaryimage\",\"url\":\"https:\\\/\\\/stilanddesign.se\\\/wp-content\\\/uploads\\\/2026\\\/08\\\/969696987777.png\",\"contentUrl\":\"https:\\\/\\\/stilanddesign.se\\\/wp-content\\\/uploads\\\/2026\\\/08\\\/969696987777.png\",\"width\":480,\"height\":640,\"caption\":\"Fin mjukstickad kofta i cremevit\"},{\"@type\":\"BreadcrumbList\",\"@id\":\"https:\\\/\\\/stilanddesign.se\\\/produkt\\\/fin-mjukstickad-kofta-i-cremevit-med-svarta-detaljer-och-hjartknappar\\\/#breadcrumb\",\"itemListElement\":[{\"@type\":\"ListItem\",\"position\":1,\"name\":\"Hem\",\"item\":\"https:\\\/\\\/stilanddesign.se\\\/\"},{\"@type\":\"ListItem\",\"position\":2,\"name\":\"Butiken\",\"item\":\"https:\\\/\\\/stilanddesign.se\\\/butiken\\\/\"},{\"@type\":\"ListItem\",\"position\":3,\"name\":\"Fin mjukstickad kofta i cremevit med svarta detaljer och hj\u00e4rtknappar\"}]},{\"@type\":\"WebSite\",\"@id\":\"https:\\\/\\\/stilanddesign.se\\\/#website\",\"url\":\"https:\\\/\\\/stilanddesign.se\\\/\",\"name\":\"Stil &amp; Design\",\"description\":\"F\u00f6r oss som \u00e4lskar mode!\",\"publisher\":{\"@id\":\"https:\\\/\\\/stilanddesign.se\\\/#organization\"},\"potentialAction\":[{\"@type\":\"SearchAction\",\"target\":{\"@type\":\"EntryPoint\",\"urlTemplate\":\"https:\\\/\\\/stilanddesign.se\\\/?s={search_term_string}\"},\"query-input\":{\"@type\":\"PropertyValueSpecification\",\"valueRequired\":true,\"valueName\":\"search_term_string\"}}],\"inLanguage\":\"en-US\"},{\"@type\":\"Organization\",\"@id\":\"https:\\\/\\\/stilanddesign.se\\\/#organization\",\"name\":\"Stil &amp; Design\",\"url\":\"https:\\\/\\\/stilanddesign.se\\\/\",\"logo\":{\"@type\":\"ImageObject\",\"inLanguage\":\"en-US\",\"@id\":\"https:\\\/\\\/stilanddesign.se\\\/#\\\/schema\\\/logo\\\/image\\\/\",\"url\":\"https:\\\/\\\/stilanddesign.se\\\/wp-content\\\/uploads\\\/2023\\\/12\\\/output-onlinepngtools-e1727784413220.png\",\"contentUrl\":\"https:\\\/\\\/stilanddesign.se\\\/wp-content\\\/uploads\\\/2023\\\/12\\\/output-onlinepngtools-e1727784413220.png\",\"width\":519,\"height\":135,\"caption\":\"Stil &amp; Design\"},\"image\":{\"@id\":\"https:\\\/\\\/stilanddesign.se\\\/#\\\/schema\\\/logo\\\/image\\\/\"}}]}<\/script>\n<meta property=\"og:availability\" content=\"instock\" \/>\n<meta property=\"product:availability\" content=\"instock\" \/>\n<meta property=\"product:retailer_item_id\" content=\"CH26AW27 cremevit\" \/>\n<meta property=\"product:condition\" content=\"new\" \/>\n<!-- \/ Yoast SEO Premium plugin. -->","yoast_head_json":{"title":"Fin mjukstickad kofta i cremevit med svarta detaljer och hj\u00e4rtknappar - Stil &amp; Design","robots":{"index":"index","follow":"follow","max-snippet":"max-snippet:-1","max-image-preview":"max-image-preview:large","max-video-preview":"max-video-preview:-1"},"canonical":"https:\/\/stilanddesign.se\/en\/product\/fin-mjukstickad-kofta-i-cremevit-med-svarta-detaljer-och-hjartknappar\/","og_locale":"en_US","og_type":"article","og_title":"Fin mjukstickad kofta i cremevit med svarta detaljer och hj\u00e4rtknappar","og_description":"Fin mjukstickad kofta i cremevit och svarta detaljer Den \u00e4r v-ringad framtill och kn\u00e4pps med 3 fina knappar i form av ett svart hj\u00e4rta 2 \u00f6ppna fickor fram L\u00e5ng \u00e4rm L\u00e4ngd fr\u00e5n axel och ner \u00e4r: 72 cm Normal i storlek Material: 50% polyester 50% polyamide Tv\u00e4ttr\u00e5d: 40 grader         &nbsp;","og_url":"https:\/\/stilanddesign.se\/en\/product\/fin-mjukstickad-kofta-i-cremevit-med-svarta-detaljer-och-hjartknappar\/","og_site_name":"Stil &amp; Design","article_modified_time":"2026-08-31T12:16:12+00:00","og_image":[{"width":480,"height":640,"url":"https:\/\/stilanddesign.se\/wp-content\/uploads\/2026\/08\/969696987777.png","type":"image\/png"}],"twitter_card":"summary_large_image","twitter_misc":{"Availability":"In stock"},"schema":{"@context":"https:\/\/schema.org","@graph":[{"@type":"WebPage","@id":"https:\/\/stilanddesign.se\/produkt\/fin-mjukstickad-kofta-i-cremevit-med-svarta-detaljer-och-hjartknappar\/","url":"https:\/\/stilanddesign.se\/produkt\/fin-mjukstickad-kofta-i-cremevit-med-svarta-detaljer-och-hjartknappar\/","name":"Fin mjukstickad kofta i cremevit med svarta detaljer och hj\u00e4rtknappar - Stil &amp; Design","isPartOf":{"@id":"https:\/\/stilanddesign.se\/#website"},"primaryImageOfPage":{"@id":"https:\/\/stilanddesign.se\/produkt\/fin-mjukstickad-kofta-i-cremevit-med-svarta-detaljer-och-hjartknappar\/#primaryimage"},"image":{"@id":"https:\/\/stilanddesign.se\/produkt\/fin-mjukstickad-kofta-i-cremevit-med-svarta-detaljer-och-hjartknappar\/#primaryimage"},"thumbnailUrl":"https:\/\/stilanddesign.se\/wp-content\/uploads\/2026\/08\/969696987777.png","datePublished":"2026-08-31T12:05:49+00:00","dateModified":"2026-08-31T12:16:12+00:00","breadcrumb":{"@id":"https:\/\/stilanddesign.se\/produkt\/fin-mjukstickad-kofta-i-cremevit-med-svarta-detaljer-och-hjartknappar\/#breadcrumb"},"inLanguage":"en-US","potentialAction":[{"@type":"ReadAction","target":["https:\/\/stilanddesign.se\/produkt\/fin-mjukstickad-kofta-i-cremevit-med-svarta-detaljer-och-hjartknappar\/"]}]},{"@type":"ImageObject","inLanguage":"en-US","@id":"https:\/\/stilanddesign.se\/produkt\/fin-mjukstickad-kofta-i-cremevit-med-svarta-detaljer-och-hjartknappar\/#primaryimage","url":"https:\/\/stilanddesign.se\/wp-content\/uploads\/2026\/08\/969696987777.png","contentUrl":"https:\/\/stilanddesign.se\/wp-content\/uploads\/2026\/08\/969696987777.png","width":480,"height":640,"caption":"Fin mjukstickad kofta i cremevit"},{"@type":"BreadcrumbList","@id":"https:\/\/stilanddesign.se\/produkt\/fin-mjukstickad-kofta-i-cremevit-med-svarta-detaljer-och-hjartknappar\/#breadcrumb","itemListElement":[{"@type":"ListItem","position":1,"name":"Hem","item":"https:\/\/stilanddesign.se\/"},{"@type":"ListItem","position":2,"name":"Butiken","item":"https:\/\/stilanddesign.se\/butiken\/"},{"@type":"ListItem","position":3,"name":"Fin mjukstickad kofta i cremevit med svarta detaljer och hj\u00e4rtknappar"}]},{"@type":"WebSite","@id":"https:\/\/stilanddesign.se\/#website","url":"https:\/\/stilanddesign.se\/","name":"Style &amp; Design","description":"For those of us who love fashion!","publisher":{"@id":"https:\/\/stilanddesign.se\/#organization"},"potentialAction":[{"@type":"SearchAction","target":{"@type":"EntryPoint","urlTemplate":"https:\/\/stilanddesign.se\/?s={search_term_string}"},"query-input":{"@type":"PropertyValueSpecification","valueRequired":true,"valueName":"search_term_string"}}],"inLanguage":"en-US"},{"@type":"Organization","@id":"https:\/\/stilanddesign.se\/#organization","name":"Style &amp; Design","url":"https:\/\/stilanddesign.se\/","logo":{"@type":"ImageObject","inLanguage":"en-US","@id":"https:\/\/stilanddesign.se\/#\/schema\/logo\/image\/","url":"https:\/\/stilanddesign.se\/wp-content\/uploads\/2023\/12\/output-onlinepngtools-e1727784413220.png","contentUrl":"https:\/\/stilanddesign.se\/wp-content\/uploads\/2023\/12\/output-onlinepngtools-e1727784413220.png","width":519,"height":135,"caption":"Stil &amp; Design"},"image":{"@id":"https:\/\/stilanddesign.se\/#\/schema\/logo\/image\/"}}]},"og_availability":"instock","product_availability":"instock","product_retailer_item_id":"CH26AW27 cremevit","product_condition":"new"},"_links":{"self":[{"href":"https:\/\/stilanddesign.se\/en\/wp-json\/wp\/v2\/product\/1091835","targetHints":{"allow":["GET"]}}],"collection":[{"href":"https:\/\/stilanddesign.se\/en\/wp-json\/wp\/v2\/product"}],"about":[{"href":"https:\/\/stilanddesign.se\/en\/wp-json\/wp\/v2\/types\/product"}],"replies":[{"embeddable":true,"href":"https:\/\/stilanddesign.se\/en\/wp-json\/wp\/v2\/comments?post=1091835"}],"wp:featuredmedia":[{"embeddable":true,"href":"https:\/\/stilanddesign.se\/en\/wp-json\/wp\/v2\/media\/1091834"}],"wp:attachment":[{"href":"https:\/\/stilanddesign.se\/en\/wp-json\/wp\/v2\/media?parent=1091835"}],"wp:term":[{"taxonomy":"product_brand","embeddable":true,"href":"https:\/\/stilanddesign.se\/en\/wp-json\/wp\/v2\/product_brand?post=1091835"},{"taxonomy":"product_cat","embeddable":true,"href":"https:\/\/stilanddesign.se\/en\/wp-json\/wp\/v2\/product_cat?post=1091835"},{"taxonomy":"product_tag","embeddable":true,"href":"https:\/\/stilanddesign.se\/en\/wp-json\/wp\/v2\/product_tag?post=1091835"}],"curies":[{"name":"wp","href":"https:\/\/api.w.org\/{rel}","templated":true}]}}