{"id":1075740,"date":"2026-04-29T16:08:55","date_gmt":"2026-04-29T14:08:55","guid":{"rendered":"https:\/\/stilanddesign.se\/?post_type=product&#038;p=1075740"},"modified":"2026-04-30T12:06:31","modified_gmt":"2026-04-30T10:06:31","slug":"blommonstrad-topp-fran-zabaione-i-rosa","status":"publish","type":"product","link":"https:\/\/stilanddesign.se\/en\/product\/blommonstrad-topp-fran-zabaione-i-rosa\/","title":{"rendered":"Floral top from Zabaione in pink"},"content":{"rendered":"<p data-start=\"0\" data-end=\"62\">\ud83c\udf38 <strong data-start=\"3\" data-end=\"58\">Floral top from Zabaione \u2013 feminine &amp; elegant<\/strong> \u2728<\/p>\n<p data-start=\"64\" data-end=\"356\">\ud83c\udf3f Pink base with soft floral pattern in pink, purple and warm tones<br data-start=\"129\" data-end=\"132\" \/>\ud83d\udcab Light and flexible quality with a nice fit<br data-start=\"178\" data-end=\"181\" \/>\ud83d\udc5a Relaxed fit with a stylish silhouette<br data-start=\"223\" data-end=\"226\" \/>\ud83c\udf80 Decorative tie at the neck for a feminine touch<br data-start=\"281\" data-end=\"284\" data-is-only-node=\"\" \/>\u2728 Short sleeve with turn-up<br data-start=\"305\" data-end=\"308\" \/>\ud83d\udc4c Slightly longer in the back for a flattering fit<\/p>\n<p data-start=\"358\" data-end=\"379\">\ud83d\udccf Sizes: S\u2013XXL<\/p>\n<p data-start=\"381\" data-end=\"438\">\ud83e\uddf5 Material: 96% polyester, 4% elastane<br data-start=\"419\" data-end=\"422\" \/>\ud83e\udee7 Washing: 30\u00b0C<\/p>\n<p data-start=\"440\" data-end=\"545\">\ud83d\udc56 <strong data-start=\"443\" data-end=\"459\">Styling tips:<\/strong> Match with jeans for an everyday look or with a skirt\/pants for a more dressed up style \ud83d\udc95<\/p>\n<p data-start=\"547\" data-end=\"628\" data-is-last-node=\"\" data-is-only-node=\"\">\ud83d\udc96 An elegant and easy-to-wear top that is perfect for both everyday wear and parties \ud83c\udf38\u2728<\/p>","protected":false},"excerpt":{"rendered":"<p data-start=\"0\" data-end=\"62\">\ud83c\udf38 <strong data-start=\"3\" data-end=\"58\">Floral top from Zabaione \u2013 feminine &amp; elegant<\/strong> \u2728<\/p>\n<p data-start=\"64\" data-end=\"356\">\ud83c\udf3f Pink base with soft floral pattern in pink, purple and warm tones<br data-start=\"129\" data-end=\"132\" \/>\ud83d\udcab Light and flexible quality with a nice fit<br data-start=\"178\" data-end=\"181\" \/>\ud83d\udc5a Relaxed fit with a stylish silhouette<br data-start=\"223\" data-end=\"226\" \/>\ud83c\udf80 Decorative tie at the neck for a feminine touch<br data-start=\"281\" data-end=\"284\" data-is-only-node=\"\" \/>\u2728 Short sleeve with turn-up<br data-start=\"305\" data-end=\"308\" \/>\ud83d\udc4c Slightly longer in the back for a flattering fit<\/p>\n<p data-start=\"358\" data-end=\"379\">\ud83d\udccf Sizes: S\u2013XXL<\/p>\n<p data-start=\"381\" data-end=\"438\">\ud83e\uddf5 Material: 96% polyester, 4% elastane<br data-start=\"419\" data-end=\"422\" \/>\ud83e\udee7 Washing: 30\u00b0C<\/p>\n<p data-start=\"440\" data-end=\"545\">\ud83d\udc56 <strong data-start=\"443\" data-end=\"459\">Styling tips:<\/strong> Match with jeans for an everyday look or with a skirt\/pants for a more dressed up style \ud83d\udc95<\/p>\n<p data-start=\"547\" data-end=\"628\" data-is-last-node=\"\" data-is-only-node=\"\">\ud83d\udc96 An elegant and easy-to-wear top that is perfect for both everyday wear and parties \ud83c\udf38\u2728<\/p>","protected":false},"featured_media":1075721,"comment_status":"closed","ping_status":"closed","template":"","meta":[],"product_brand":[],"product_cat":[211,217,222],"product_tag":[],"class_list":{"0":"post-1075740","1":"product","2":"type-product","3":"status-publish","4":"has-post-thumbnail","6":"product_cat-blusar","7":"product_cat-produktnyheter","8":"product_cat-toppar-tischor","10":"first","11":"instock","12":"taxable","13":"shipping-taxable","14":"purchasable","15":"product-type-variable"},"yoast_head":"<!-- This site is optimized with the Yoast SEO Premium plugin v27.4 (Yoast SEO v27.5) - https:\/\/yoast.com\/product\/yoast-seo-premium-wordpress\/ -->\n<title>Blomm\u00f6nstrad topp fr\u00e5n Zabaione i rosa - Stil &amp; Design<\/title>\n<meta name=\"robots\" content=\"index, follow, max-snippet:-1, max-image-preview:large, max-video-preview:-1\" \/>\n<link rel=\"canonical\" href=\"https:\/\/stilanddesign.se\/en\/product\/blommonstrad-topp-fran-zabaione-i-rosa\/\" \/>\n<meta property=\"og:locale\" content=\"en_US\" \/>\n<meta property=\"og:type\" content=\"article\" \/>\n<meta property=\"og:title\" content=\"Blomm\u00f6nstrad topp fr\u00e5n Zabaione i rosa\" \/>\n<meta property=\"og:description\" content=\"\ud83c\udf38 Blomm\u00f6nstrad topp fr\u00e5n Zabaione \u2013 feminin &amp; elegant \u2728 \ud83c\udf3f Rosa botten med mjukt blomm\u00f6nster i rosa, lila och varma toner\ud83d\udcab L\u00e4tt och f\u00f6ljsam kvalitet med ett fint fall\ud83d\udc5a Avslappnad passform med stilren siluett\ud83c\udf80 Dekorativ knytning i halsen som ger en feminin touch\u2728 Kort \u00e4rm med uppvik\ud83d\udc4c N\u00e5got l\u00e4ngre bak f\u00f6r en smickrande passform \ud83d\udccf Storlekar: S\u2013XXL \ud83e\uddf5 Material: 96% polyester, 4% elastan\ud83e\udee7 Tv\u00e4tt: 30\u00b0C \ud83d\udc56 Stylingtips: Matcha med jeans f\u00f6r en vardagslook eller med kjol\/byxa f\u00f6r en mer uppkl\u00e4dd stil \ud83d\udc95 \ud83d\udc96 En elegant och l\u00e4ttburen topp som passar perfekt till b\u00e5de vardag och fest \ud83c\udf38\u2728\" \/>\n<meta property=\"og:url\" content=\"https:\/\/stilanddesign.se\/en\/product\/blommonstrad-topp-fran-zabaione-i-rosa\/\" \/>\n<meta property=\"og:site_name\" content=\"Stil &amp; Design\" \/>\n<meta property=\"article:modified_time\" content=\"2026-04-30T10:06:31+00:00\" \/>\n<meta property=\"og:image\" content=\"https:\/\/stilanddesign.se\/wp-content\/uploads\/2026\/04\/8585646644.jpeg\" \/>\n\t<meta property=\"og:image:width\" content=\"1031\" \/>\n\t<meta property=\"og:image:height\" content=\"1588\" \/>\n\t<meta property=\"og:image:type\" content=\"image\/jpeg\" \/>\n<meta name=\"twitter:card\" content=\"summary_large_image\" \/>\n<meta name=\"twitter:label1\" content=\"Est. reading time\" \/>\n\t<meta name=\"twitter:data1\" content=\"1 minute\" \/>\n<script type=\"application\/ld+json\" class=\"yoast-schema-graph\">{\"@context\":\"https:\\\/\\\/schema.org\",\"@graph\":[{\"@type\":\"WebPage\",\"@id\":\"https:\\\/\\\/stilanddesign.se\\\/produkt\\\/blommonstrad-topp-fran-zabaione-i-rosa\\\/\",\"url\":\"https:\\\/\\\/stilanddesign.se\\\/produkt\\\/blommonstrad-topp-fran-zabaione-i-rosa\\\/\",\"name\":\"Blomm\u00f6nstrad topp fr\u00e5n Zabaione i rosa - Stil &amp; Design\",\"isPartOf\":{\"@id\":\"https:\\\/\\\/stilanddesign.se\\\/#website\"},\"primaryImageOfPage\":{\"@id\":\"https:\\\/\\\/stilanddesign.se\\\/produkt\\\/blommonstrad-topp-fran-zabaione-i-rosa\\\/#primaryimage\"},\"image\":{\"@id\":\"https:\\\/\\\/stilanddesign.se\\\/produkt\\\/blommonstrad-topp-fran-zabaione-i-rosa\\\/#primaryimage\"},\"thumbnailUrl\":\"https:\\\/\\\/stilanddesign.se\\\/wp-content\\\/uploads\\\/2026\\\/04\\\/8585646644.jpeg\",\"datePublished\":\"2026-04-29T14:08:55+00:00\",\"dateModified\":\"2026-04-30T10:06:31+00:00\",\"breadcrumb\":{\"@id\":\"https:\\\/\\\/stilanddesign.se\\\/produkt\\\/blommonstrad-topp-fran-zabaione-i-rosa\\\/#breadcrumb\"},\"inLanguage\":\"en-US\",\"potentialAction\":[{\"@type\":\"ReadAction\",\"target\":[\"https:\\\/\\\/stilanddesign.se\\\/produkt\\\/blommonstrad-topp-fran-zabaione-i-rosa\\\/\"]}]},{\"@type\":\"ImageObject\",\"inLanguage\":\"en-US\",\"@id\":\"https:\\\/\\\/stilanddesign.se\\\/produkt\\\/blommonstrad-topp-fran-zabaione-i-rosa\\\/#primaryimage\",\"url\":\"https:\\\/\\\/stilanddesign.se\\\/wp-content\\\/uploads\\\/2026\\\/04\\\/8585646644.jpeg\",\"contentUrl\":\"https:\\\/\\\/stilanddesign.se\\\/wp-content\\\/uploads\\\/2026\\\/04\\\/8585646644.jpeg\",\"width\":1031,\"height\":1588,\"caption\":\"Screenshot\"},{\"@type\":\"BreadcrumbList\",\"@id\":\"https:\\\/\\\/stilanddesign.se\\\/produkt\\\/blommonstrad-topp-fran-zabaione-i-rosa\\\/#breadcrumb\",\"itemListElement\":[{\"@type\":\"ListItem\",\"position\":1,\"name\":\"Hem\",\"item\":\"https:\\\/\\\/stilanddesign.se\\\/\"},{\"@type\":\"ListItem\",\"position\":2,\"name\":\"Butiken\",\"item\":\"https:\\\/\\\/stilanddesign.se\\\/butiken\\\/\"},{\"@type\":\"ListItem\",\"position\":3,\"name\":\"Blomm\u00f6nstrad topp fr\u00e5n Zabaione i rosa\"}]},{\"@type\":\"WebSite\",\"@id\":\"https:\\\/\\\/stilanddesign.se\\\/#website\",\"url\":\"https:\\\/\\\/stilanddesign.se\\\/\",\"name\":\"Stil &amp; Design\",\"description\":\"F\u00f6r oss som \u00e4lskar mode!\",\"publisher\":{\"@id\":\"https:\\\/\\\/stilanddesign.se\\\/#organization\"},\"potentialAction\":[{\"@type\":\"SearchAction\",\"target\":{\"@type\":\"EntryPoint\",\"urlTemplate\":\"https:\\\/\\\/stilanddesign.se\\\/?s={search_term_string}\"},\"query-input\":{\"@type\":\"PropertyValueSpecification\",\"valueRequired\":true,\"valueName\":\"search_term_string\"}}],\"inLanguage\":\"en-US\"},{\"@type\":\"Organization\",\"@id\":\"https:\\\/\\\/stilanddesign.se\\\/#organization\",\"name\":\"Stil &amp; Design\",\"url\":\"https:\\\/\\\/stilanddesign.se\\\/\",\"logo\":{\"@type\":\"ImageObject\",\"inLanguage\":\"en-US\",\"@id\":\"https:\\\/\\\/stilanddesign.se\\\/#\\\/schema\\\/logo\\\/image\\\/\",\"url\":\"https:\\\/\\\/stilanddesign.se\\\/wp-content\\\/uploads\\\/2023\\\/12\\\/output-onlinepngtools-e1727784413220.png\",\"contentUrl\":\"https:\\\/\\\/stilanddesign.se\\\/wp-content\\\/uploads\\\/2023\\\/12\\\/output-onlinepngtools-e1727784413220.png\",\"width\":519,\"height\":135,\"caption\":\"Stil &amp; Design\"},\"image\":{\"@id\":\"https:\\\/\\\/stilanddesign.se\\\/#\\\/schema\\\/logo\\\/image\\\/\"}}]}<\/script>\n<!-- \/ Yoast SEO Premium plugin. -->","yoast_head_json":{"title":"Blomm\u00f6nstrad topp fr\u00e5n Zabaione i rosa - Stil &amp; Design","robots":{"index":"index","follow":"follow","max-snippet":"max-snippet:-1","max-image-preview":"max-image-preview:large","max-video-preview":"max-video-preview:-1"},"canonical":"https:\/\/stilanddesign.se\/en\/product\/blommonstrad-topp-fran-zabaione-i-rosa\/","og_locale":"en_US","og_type":"article","og_title":"Blomm\u00f6nstrad topp fr\u00e5n Zabaione i rosa","og_description":"\ud83c\udf38 Blomm\u00f6nstrad topp fr\u00e5n Zabaione \u2013 feminin &amp; elegant \u2728 \ud83c\udf3f Rosa botten med mjukt blomm\u00f6nster i rosa, lila och varma toner\ud83d\udcab L\u00e4tt och f\u00f6ljsam kvalitet med ett fint fall\ud83d\udc5a Avslappnad passform med stilren siluett\ud83c\udf80 Dekorativ knytning i halsen som ger en feminin touch\u2728 Kort \u00e4rm med uppvik\ud83d\udc4c N\u00e5got l\u00e4ngre bak f\u00f6r en smickrande passform \ud83d\udccf Storlekar: S\u2013XXL \ud83e\uddf5 Material: 96% polyester, 4% elastan\ud83e\udee7 Tv\u00e4tt: 30\u00b0C \ud83d\udc56 Stylingtips: Matcha med jeans f\u00f6r en vardagslook eller med kjol\/byxa f\u00f6r en mer uppkl\u00e4dd stil \ud83d\udc95 \ud83d\udc96 En elegant och l\u00e4ttburen topp som passar perfekt till b\u00e5de vardag och fest \ud83c\udf38\u2728","og_url":"https:\/\/stilanddesign.se\/en\/product\/blommonstrad-topp-fran-zabaione-i-rosa\/","og_site_name":"Stil &amp; Design","article_modified_time":"2026-04-30T10:06:31+00:00","og_image":[{"width":1031,"height":1588,"url":"https:\/\/stilanddesign.se\/wp-content\/uploads\/2026\/04\/8585646644.jpeg","type":"image\/jpeg"}],"twitter_card":"summary_large_image","twitter_misc":{"Est. reading time":"1 minute"},"schema":{"@context":"https:\/\/schema.org","@graph":[{"@type":"WebPage","@id":"https:\/\/stilanddesign.se\/produkt\/blommonstrad-topp-fran-zabaione-i-rosa\/","url":"https:\/\/stilanddesign.se\/produkt\/blommonstrad-topp-fran-zabaione-i-rosa\/","name":"Blomm\u00f6nstrad topp fr\u00e5n Zabaione i rosa - Stil &amp; Design","isPartOf":{"@id":"https:\/\/stilanddesign.se\/#website"},"primaryImageOfPage":{"@id":"https:\/\/stilanddesign.se\/produkt\/blommonstrad-topp-fran-zabaione-i-rosa\/#primaryimage"},"image":{"@id":"https:\/\/stilanddesign.se\/produkt\/blommonstrad-topp-fran-zabaione-i-rosa\/#primaryimage"},"thumbnailUrl":"https:\/\/stilanddesign.se\/wp-content\/uploads\/2026\/04\/8585646644.jpeg","datePublished":"2026-04-29T14:08:55+00:00","dateModified":"2026-04-30T10:06:31+00:00","breadcrumb":{"@id":"https:\/\/stilanddesign.se\/produkt\/blommonstrad-topp-fran-zabaione-i-rosa\/#breadcrumb"},"inLanguage":"en-US","potentialAction":[{"@type":"ReadAction","target":["https:\/\/stilanddesign.se\/produkt\/blommonstrad-topp-fran-zabaione-i-rosa\/"]}]},{"@type":"ImageObject","inLanguage":"en-US","@id":"https:\/\/stilanddesign.se\/produkt\/blommonstrad-topp-fran-zabaione-i-rosa\/#primaryimage","url":"https:\/\/stilanddesign.se\/wp-content\/uploads\/2026\/04\/8585646644.jpeg","contentUrl":"https:\/\/stilanddesign.se\/wp-content\/uploads\/2026\/04\/8585646644.jpeg","width":1031,"height":1588,"caption":"Screenshot"},{"@type":"BreadcrumbList","@id":"https:\/\/stilanddesign.se\/produkt\/blommonstrad-topp-fran-zabaione-i-rosa\/#breadcrumb","itemListElement":[{"@type":"ListItem","position":1,"name":"Hem","item":"https:\/\/stilanddesign.se\/"},{"@type":"ListItem","position":2,"name":"Butiken","item":"https:\/\/stilanddesign.se\/butiken\/"},{"@type":"ListItem","position":3,"name":"Blomm\u00f6nstrad topp fr\u00e5n Zabaione i rosa"}]},{"@type":"WebSite","@id":"https:\/\/stilanddesign.se\/#website","url":"https:\/\/stilanddesign.se\/","name":"Style &amp; Design","description":"For those of us who love fashion!","publisher":{"@id":"https:\/\/stilanddesign.se\/#organization"},"potentialAction":[{"@type":"SearchAction","target":{"@type":"EntryPoint","urlTemplate":"https:\/\/stilanddesign.se\/?s={search_term_string}"},"query-input":{"@type":"PropertyValueSpecification","valueRequired":true,"valueName":"search_term_string"}}],"inLanguage":"en-US"},{"@type":"Organization","@id":"https:\/\/stilanddesign.se\/#organization","name":"Style &amp; Design","url":"https:\/\/stilanddesign.se\/","logo":{"@type":"ImageObject","inLanguage":"en-US","@id":"https:\/\/stilanddesign.se\/#\/schema\/logo\/image\/","url":"https:\/\/stilanddesign.se\/wp-content\/uploads\/2023\/12\/output-onlinepngtools-e1727784413220.png","contentUrl":"https:\/\/stilanddesign.se\/wp-content\/uploads\/2023\/12\/output-onlinepngtools-e1727784413220.png","width":519,"height":135,"caption":"Stil &amp; Design"},"image":{"@id":"https:\/\/stilanddesign.se\/#\/schema\/logo\/image\/"}}]}},"_links":{"self":[{"href":"https:\/\/stilanddesign.se\/en\/wp-json\/wp\/v2\/product\/1075740","targetHints":{"allow":["GET"]}}],"collection":[{"href":"https:\/\/stilanddesign.se\/en\/wp-json\/wp\/v2\/product"}],"about":[{"href":"https:\/\/stilanddesign.se\/en\/wp-json\/wp\/v2\/types\/product"}],"replies":[{"embeddable":true,"href":"https:\/\/stilanddesign.se\/en\/wp-json\/wp\/v2\/comments?post=1075740"}],"wp:featuredmedia":[{"embeddable":true,"href":"https:\/\/stilanddesign.se\/en\/wp-json\/wp\/v2\/media\/1075721"}],"wp:attachment":[{"href":"https:\/\/stilanddesign.se\/en\/wp-json\/wp\/v2\/media?parent=1075740"}],"wp:term":[{"taxonomy":"product_brand","embeddable":true,"href":"https:\/\/stilanddesign.se\/en\/wp-json\/wp\/v2\/product_brand?post=1075740"},{"taxonomy":"product_cat","embeddable":true,"href":"https:\/\/stilanddesign.se\/en\/wp-json\/wp\/v2\/product_cat?post=1075740"},{"taxonomy":"product_tag","embeddable":true,"href":"https:\/\/stilanddesign.se\/en\/wp-json\/wp\/v2\/product_tag?post=1075740"}],"curies":[{"name":"wp","href":"https:\/\/api.w.org\/{rel}","templated":true}]}}