{"id":1075683,"date":"2026-04-29T14:54:10","date_gmt":"2026-04-29T12:54:10","guid":{"rendered":"https:\/\/stilanddesign.se\/?post_type=product&#038;p=1075683"},"modified":"2026-04-30T17:05:32","modified_gmt":"2026-04-30T15:05:32","slug":"%f0%9f%a4%8d-klanning-fran-zabaione-luftig-elegant-%e2%9c%a8","status":"publish","type":"product","link":"https:\/\/stilanddesign.se\/en\/product\/%f0%9f%a4%8d-klanning-fran-zabaione-luftig-elegant-%e2%9c%a8\/","title":{"rendered":"\ud83e\udd0d Dress from Zabaione \u2013 airy &amp; elegant \u2728"},"content":{"rendered":"<p data-start=\"0\" data-end=\"52\">\ud83e\udd0d <strong data-start=\"3\" data-end=\"48\">Dress from Zabaione \u2013 airy &amp; elegant<\/strong> \u2728<\/p>\n<p data-start=\"54\" data-end=\"298\">\ud83c\udf3f Soft, nature-inspired pattern in harmonious tones<br data-start=\"106\" data-end=\"109\" \/>\ud83d\udc57 Sleeveless model with round neckline<br data-start=\"147\" data-end=\"150\" \/>\ud83d\udcab Long, slightly flared fit that falls nicely<br data-start=\"197\" data-end=\"200\" \/>\u2728 Smooth button closure at the back of the neck<br data-start=\"240\" data-end=\"243\" data-is-only-node=\"\" \/>\ud83d\udc4c Perfect for hot days \u2013 cool, stylish and comfortable<\/p>\n<p data-start=\"300\" data-end=\"326\">\ud83d\udccf <strong data-start=\"303\" data-end=\"317\">Sizes:<\/strong> XS\u2013XXL<\/p>\n<p data-start=\"328\" data-end=\"391\">\ud83e\uddf5 <strong data-start=\"331\" data-end=\"344\">Material:<\/strong> 73% modal, 27% polyamide<br data-start=\"368\" data-end=\"371\" \/>\ud83e\udee7 <strong data-start=\"374\" data-end=\"384\">Laundry:<\/strong> 30\u00b0C<\/p>\n<p data-start=\"393\" data-end=\"527\">\ud83d\udc61 <strong data-start=\"396\" data-end=\"412\">Styling tips:<\/strong> Wear with sandals for a casual summer look or dress up with jewelry and heels for a more elegant feel \ud83d\udc95<\/p>\n<p data-start=\"529\" data-end=\"606\" data-is-last-node=\"\" data-is-only-node=\"\">\ud83d\udc96 A timeless dress with a soft drape - perfect for both everyday wear and vacation \u2728<\/p>","protected":false},"excerpt":{"rendered":"<p data-start=\"0\" data-end=\"52\">\ud83e\udd0d <strong data-start=\"3\" data-end=\"48\">Dress from Zabaione \u2013 airy &amp; elegant<\/strong> \u2728<\/p>\n<p data-start=\"54\" data-end=\"298\">\ud83c\udf3f Soft, nature-inspired pattern in harmonious tones<br data-start=\"106\" data-end=\"109\" \/>\ud83d\udc57 Sleeveless model with round neckline<br data-start=\"147\" data-end=\"150\" \/>\ud83d\udcab Long, slightly flared fit that falls nicely<br data-start=\"197\" data-end=\"200\" \/>\u2728 Smooth button closure at the back of the neck<br data-start=\"240\" data-end=\"243\" data-is-only-node=\"\" \/>\ud83d\udc4c Perfect for hot days \u2013 cool, stylish and comfortable<\/p>\n<p data-start=\"300\" data-end=\"326\">\ud83d\udccf <strong data-start=\"303\" data-end=\"317\">Sizes:<\/strong> XS\u2013XXL<\/p>\n<p data-start=\"328\" data-end=\"391\">\ud83e\uddf5 <strong data-start=\"331\" data-end=\"344\">Material:<\/strong> 73% modal, 27% polyamide<br data-start=\"368\" data-end=\"371\" \/>\ud83e\udee7 <strong data-start=\"374\" data-end=\"384\">Laundry:<\/strong> 30\u00b0C<\/p>\n<p data-start=\"393\" data-end=\"527\">\ud83d\udc61 <strong data-start=\"396\" data-end=\"412\">Styling tips:<\/strong> Wear with sandals for a casual summer look or dress up with jewelry and heels for a more elegant feel \ud83d\udc95<\/p>\n<p data-start=\"529\" data-end=\"606\" data-is-last-node=\"\" data-is-only-node=\"\">\ud83d\udc96 A timeless dress with a soft drape - perfect for both everyday wear and vacation \u2728<\/p>","protected":false},"featured_media":1075692,"comment_status":"closed","ping_status":"closed","template":"","meta":[],"product_brand":[],"product_cat":[215,217],"product_tag":[],"class_list":{"0":"post-1075683","1":"product","2":"type-product","3":"status-publish","4":"has-post-thumbnail","6":"product_cat-klanningar","7":"product_cat-produktnyheter","9":"first","10":"instock","11":"taxable","12":"shipping-taxable","13":"purchasable","14":"product-type-variable"},"yoast_head":"<!-- This site is optimized with the Yoast SEO Premium plugin v27.4 (Yoast SEO v27.5) - https:\/\/yoast.com\/product\/yoast-seo-premium-wordpress\/ -->\n<title>\ud83e\udd0d Kl\u00e4nning fr\u00e5n Zabaione \u2013 luftig &amp; elegant \u2728 - Stil &amp; Design<\/title>\n<meta name=\"robots\" content=\"index, follow, max-snippet:-1, max-image-preview:large, max-video-preview:-1\" \/>\n<link rel=\"canonical\" href=\"https:\/\/stilanddesign.se\/en\/product\/\ud83e\udd0d-klanning-fran-zabaione-luftig-elegant-\u2728\/\" \/>\n<meta property=\"og:locale\" content=\"en_US\" \/>\n<meta property=\"og:type\" content=\"article\" \/>\n<meta property=\"og:title\" content=\"\ud83e\udd0d Kl\u00e4nning fr\u00e5n Zabaione \u2013 luftig &amp; elegant \u2728\" \/>\n<meta property=\"og:description\" content=\"\ud83e\udd0d Kl\u00e4nning fr\u00e5n Zabaione \u2013 luftig &amp; elegant \u2728 \ud83c\udf3f Mjukt, naturinspirerat m\u00f6nster i harmoniska toner\ud83d\udc57 \u00c4rml\u00f6s modell med rund halsringning\ud83d\udcab L\u00e5ng, l\u00e4tt utsv\u00e4ngd passform som faller fint\u2728 Smidig knappst\u00e4ngning baktill i nacken\ud83d\udc4c Perfekt f\u00f6r varma dagar \u2013 sval, stilren och bekv\u00e4m \ud83d\udccf Storlekar: XS\u2013XXL \ud83e\uddf5 Material: 73% modal, 27% polyamid\ud83e\udee7 Tv\u00e4tt: 30\u00b0C \ud83d\udc61 Stylingtips: B\u00e4r med sandaler f\u00f6r en avslappnad sommarlook eller kl\u00e4 upp med smycken och klackar f\u00f6r en mer elegant k\u00e4nsla \ud83d\udc95 \ud83d\udc96 En tidl\u00f6s kl\u00e4nning med mjukt fall \u2013 perfekt f\u00f6r b\u00e5de vardag och semester \u2728\" \/>\n<meta property=\"og:url\" content=\"https:\/\/stilanddesign.se\/en\/product\/\ud83e\udd0d-klanning-fran-zabaione-luftig-elegant-\u2728\/\" \/>\n<meta property=\"og:site_name\" content=\"Stil &amp; Design\" \/>\n<meta property=\"article:modified_time\" content=\"2026-04-30T15:05:32+00:00\" \/>\n<meta property=\"og:image\" content=\"https:\/\/stilanddesign.se\/wp-content\/uploads\/2026\/04\/4068696951606_1.jpg\" \/>\n\t<meta property=\"og:image:width\" content=\"889\" \/>\n\t<meta property=\"og:image:height\" content=\"1280\" \/>\n\t<meta property=\"og:image:type\" content=\"image\/jpeg\" \/>\n<meta name=\"twitter:card\" content=\"summary_large_image\" \/>\n<meta name=\"twitter:label1\" content=\"Est. reading time\" \/>\n\t<meta name=\"twitter:data1\" content=\"1 minute\" \/>\n<script type=\"application\/ld+json\" class=\"yoast-schema-graph\">{\"@context\":\"https:\\\/\\\/schema.org\",\"@graph\":[{\"@type\":\"WebPage\",\"@id\":\"https:\\\/\\\/stilanddesign.se\\\/produkt\\\/%f0%9f%a4%8d-klanning-fran-zabaione-luftig-elegant-%e2%9c%a8\\\/\",\"url\":\"https:\\\/\\\/stilanddesign.se\\\/produkt\\\/%f0%9f%a4%8d-klanning-fran-zabaione-luftig-elegant-%e2%9c%a8\\\/\",\"name\":\"\ud83e\udd0d Kl\u00e4nning fr\u00e5n Zabaione \u2013 luftig & elegant \u2728 - Stil &amp; Design\",\"isPartOf\":{\"@id\":\"https:\\\/\\\/stilanddesign.se\\\/#website\"},\"primaryImageOfPage\":{\"@id\":\"https:\\\/\\\/stilanddesign.se\\\/produkt\\\/%f0%9f%a4%8d-klanning-fran-zabaione-luftig-elegant-%e2%9c%a8\\\/#primaryimage\"},\"image\":{\"@id\":\"https:\\\/\\\/stilanddesign.se\\\/produkt\\\/%f0%9f%a4%8d-klanning-fran-zabaione-luftig-elegant-%e2%9c%a8\\\/#primaryimage\"},\"thumbnailUrl\":\"https:\\\/\\\/stilanddesign.se\\\/wp-content\\\/uploads\\\/2026\\\/04\\\/4068696951606_1.jpg\",\"datePublished\":\"2026-04-29T12:54:10+00:00\",\"dateModified\":\"2026-04-30T15:05:32+00:00\",\"breadcrumb\":{\"@id\":\"https:\\\/\\\/stilanddesign.se\\\/produkt\\\/%f0%9f%a4%8d-klanning-fran-zabaione-luftig-elegant-%e2%9c%a8\\\/#breadcrumb\"},\"inLanguage\":\"en-US\",\"potentialAction\":[{\"@type\":\"ReadAction\",\"target\":[\"https:\\\/\\\/stilanddesign.se\\\/produkt\\\/%f0%9f%a4%8d-klanning-fran-zabaione-luftig-elegant-%e2%9c%a8\\\/\"]}]},{\"@type\":\"ImageObject\",\"inLanguage\":\"en-US\",\"@id\":\"https:\\\/\\\/stilanddesign.se\\\/produkt\\\/%f0%9f%a4%8d-klanning-fran-zabaione-luftig-elegant-%e2%9c%a8\\\/#primaryimage\",\"url\":\"https:\\\/\\\/stilanddesign.se\\\/wp-content\\\/uploads\\\/2026\\\/04\\\/4068696951606_1.jpg\",\"contentUrl\":\"https:\\\/\\\/stilanddesign.se\\\/wp-content\\\/uploads\\\/2026\\\/04\\\/4068696951606_1.jpg\",\"width\":889,\"height\":1280},{\"@type\":\"BreadcrumbList\",\"@id\":\"https:\\\/\\\/stilanddesign.se\\\/produkt\\\/%f0%9f%a4%8d-klanning-fran-zabaione-luftig-elegant-%e2%9c%a8\\\/#breadcrumb\",\"itemListElement\":[{\"@type\":\"ListItem\",\"position\":1,\"name\":\"Hem\",\"item\":\"https:\\\/\\\/stilanddesign.se\\\/\"},{\"@type\":\"ListItem\",\"position\":2,\"name\":\"Butiken\",\"item\":\"https:\\\/\\\/stilanddesign.se\\\/butiken\\\/\"},{\"@type\":\"ListItem\",\"position\":3,\"name\":\"\ud83e\udd0d Kl\u00e4nning fr\u00e5n Zabaione \u2013 luftig &#038; elegant \u2728\"}]},{\"@type\":\"WebSite\",\"@id\":\"https:\\\/\\\/stilanddesign.se\\\/#website\",\"url\":\"https:\\\/\\\/stilanddesign.se\\\/\",\"name\":\"Stil &amp; Design\",\"description\":\"F\u00f6r oss som \u00e4lskar mode!\",\"publisher\":{\"@id\":\"https:\\\/\\\/stilanddesign.se\\\/#organization\"},\"potentialAction\":[{\"@type\":\"SearchAction\",\"target\":{\"@type\":\"EntryPoint\",\"urlTemplate\":\"https:\\\/\\\/stilanddesign.se\\\/?s={search_term_string}\"},\"query-input\":{\"@type\":\"PropertyValueSpecification\",\"valueRequired\":true,\"valueName\":\"search_term_string\"}}],\"inLanguage\":\"en-US\"},{\"@type\":\"Organization\",\"@id\":\"https:\\\/\\\/stilanddesign.se\\\/#organization\",\"name\":\"Stil &amp; Design\",\"url\":\"https:\\\/\\\/stilanddesign.se\\\/\",\"logo\":{\"@type\":\"ImageObject\",\"inLanguage\":\"en-US\",\"@id\":\"https:\\\/\\\/stilanddesign.se\\\/#\\\/schema\\\/logo\\\/image\\\/\",\"url\":\"https:\\\/\\\/stilanddesign.se\\\/wp-content\\\/uploads\\\/2023\\\/12\\\/output-onlinepngtools-e1727784413220.png\",\"contentUrl\":\"https:\\\/\\\/stilanddesign.se\\\/wp-content\\\/uploads\\\/2023\\\/12\\\/output-onlinepngtools-e1727784413220.png\",\"width\":519,\"height\":135,\"caption\":\"Stil &amp; Design\"},\"image\":{\"@id\":\"https:\\\/\\\/stilanddesign.se\\\/#\\\/schema\\\/logo\\\/image\\\/\"}}]}<\/script>\n<!-- \/ Yoast SEO Premium plugin. -->","yoast_head_json":{"title":"\ud83e\udd0d Kl\u00e4nning fr\u00e5n Zabaione \u2013 luftig & elegant \u2728 - Stil &amp; Design","robots":{"index":"index","follow":"follow","max-snippet":"max-snippet:-1","max-image-preview":"max-image-preview:large","max-video-preview":"max-video-preview:-1"},"canonical":"https:\/\/stilanddesign.se\/en\/product\/\ud83e\udd0d-klanning-fran-zabaione-luftig-elegant-\u2728\/","og_locale":"en_US","og_type":"article","og_title":"\ud83e\udd0d Kl\u00e4nning fr\u00e5n Zabaione \u2013 luftig & elegant \u2728","og_description":"\ud83e\udd0d Kl\u00e4nning fr\u00e5n Zabaione \u2013 luftig &amp; elegant \u2728 \ud83c\udf3f Mjukt, naturinspirerat m\u00f6nster i harmoniska toner\ud83d\udc57 \u00c4rml\u00f6s modell med rund halsringning\ud83d\udcab L\u00e5ng, l\u00e4tt utsv\u00e4ngd passform som faller fint\u2728 Smidig knappst\u00e4ngning baktill i nacken\ud83d\udc4c Perfekt f\u00f6r varma dagar \u2013 sval, stilren och bekv\u00e4m \ud83d\udccf Storlekar: XS\u2013XXL \ud83e\uddf5 Material: 73% modal, 27% polyamid\ud83e\udee7 Tv\u00e4tt: 30\u00b0C \ud83d\udc61 Stylingtips: B\u00e4r med sandaler f\u00f6r en avslappnad sommarlook eller kl\u00e4 upp med smycken och klackar f\u00f6r en mer elegant k\u00e4nsla \ud83d\udc95 \ud83d\udc96 En tidl\u00f6s kl\u00e4nning med mjukt fall \u2013 perfekt f\u00f6r b\u00e5de vardag och semester \u2728","og_url":"https:\/\/stilanddesign.se\/en\/product\/\ud83e\udd0d-klanning-fran-zabaione-luftig-elegant-\u2728\/","og_site_name":"Stil &amp; Design","article_modified_time":"2026-04-30T15:05:32+00:00","og_image":[{"width":889,"height":1280,"url":"https:\/\/stilanddesign.se\/wp-content\/uploads\/2026\/04\/4068696951606_1.jpg","type":"image\/jpeg"}],"twitter_card":"summary_large_image","twitter_misc":{"Est. reading time":"1 minute"},"schema":{"@context":"https:\/\/schema.org","@graph":[{"@type":"WebPage","@id":"https:\/\/stilanddesign.se\/produkt\/%f0%9f%a4%8d-klanning-fran-zabaione-luftig-elegant-%e2%9c%a8\/","url":"https:\/\/stilanddesign.se\/produkt\/%f0%9f%a4%8d-klanning-fran-zabaione-luftig-elegant-%e2%9c%a8\/","name":"\ud83e\udd0d Kl\u00e4nning fr\u00e5n Zabaione \u2013 luftig & elegant \u2728 - Stil &amp; Design","isPartOf":{"@id":"https:\/\/stilanddesign.se\/#website"},"primaryImageOfPage":{"@id":"https:\/\/stilanddesign.se\/produkt\/%f0%9f%a4%8d-klanning-fran-zabaione-luftig-elegant-%e2%9c%a8\/#primaryimage"},"image":{"@id":"https:\/\/stilanddesign.se\/produkt\/%f0%9f%a4%8d-klanning-fran-zabaione-luftig-elegant-%e2%9c%a8\/#primaryimage"},"thumbnailUrl":"https:\/\/stilanddesign.se\/wp-content\/uploads\/2026\/04\/4068696951606_1.jpg","datePublished":"2026-04-29T12:54:10+00:00","dateModified":"2026-04-30T15:05:32+00:00","breadcrumb":{"@id":"https:\/\/stilanddesign.se\/produkt\/%f0%9f%a4%8d-klanning-fran-zabaione-luftig-elegant-%e2%9c%a8\/#breadcrumb"},"inLanguage":"en-US","potentialAction":[{"@type":"ReadAction","target":["https:\/\/stilanddesign.se\/produkt\/%f0%9f%a4%8d-klanning-fran-zabaione-luftig-elegant-%e2%9c%a8\/"]}]},{"@type":"ImageObject","inLanguage":"en-US","@id":"https:\/\/stilanddesign.se\/produkt\/%f0%9f%a4%8d-klanning-fran-zabaione-luftig-elegant-%e2%9c%a8\/#primaryimage","url":"https:\/\/stilanddesign.se\/wp-content\/uploads\/2026\/04\/4068696951606_1.jpg","contentUrl":"https:\/\/stilanddesign.se\/wp-content\/uploads\/2026\/04\/4068696951606_1.jpg","width":889,"height":1280},{"@type":"BreadcrumbList","@id":"https:\/\/stilanddesign.se\/produkt\/%f0%9f%a4%8d-klanning-fran-zabaione-luftig-elegant-%e2%9c%a8\/#breadcrumb","itemListElement":[{"@type":"ListItem","position":1,"name":"Hem","item":"https:\/\/stilanddesign.se\/"},{"@type":"ListItem","position":2,"name":"Butiken","item":"https:\/\/stilanddesign.se\/butiken\/"},{"@type":"ListItem","position":3,"name":"\ud83e\udd0d Kl\u00e4nning fr\u00e5n Zabaione \u2013 luftig &#038; elegant \u2728"}]},{"@type":"WebSite","@id":"https:\/\/stilanddesign.se\/#website","url":"https:\/\/stilanddesign.se\/","name":"Style &amp; Design","description":"For those of us who love fashion!","publisher":{"@id":"https:\/\/stilanddesign.se\/#organization"},"potentialAction":[{"@type":"SearchAction","target":{"@type":"EntryPoint","urlTemplate":"https:\/\/stilanddesign.se\/?s={search_term_string}"},"query-input":{"@type":"PropertyValueSpecification","valueRequired":true,"valueName":"search_term_string"}}],"inLanguage":"en-US"},{"@type":"Organization","@id":"https:\/\/stilanddesign.se\/#organization","name":"Style &amp; Design","url":"https:\/\/stilanddesign.se\/","logo":{"@type":"ImageObject","inLanguage":"en-US","@id":"https:\/\/stilanddesign.se\/#\/schema\/logo\/image\/","url":"https:\/\/stilanddesign.se\/wp-content\/uploads\/2023\/12\/output-onlinepngtools-e1727784413220.png","contentUrl":"https:\/\/stilanddesign.se\/wp-content\/uploads\/2023\/12\/output-onlinepngtools-e1727784413220.png","width":519,"height":135,"caption":"Stil &amp; Design"},"image":{"@id":"https:\/\/stilanddesign.se\/#\/schema\/logo\/image\/"}}]}},"_links":{"self":[{"href":"https:\/\/stilanddesign.se\/en\/wp-json\/wp\/v2\/product\/1075683","targetHints":{"allow":["GET"]}}],"collection":[{"href":"https:\/\/stilanddesign.se\/en\/wp-json\/wp\/v2\/product"}],"about":[{"href":"https:\/\/stilanddesign.se\/en\/wp-json\/wp\/v2\/types\/product"}],"replies":[{"embeddable":true,"href":"https:\/\/stilanddesign.se\/en\/wp-json\/wp\/v2\/comments?post=1075683"}],"wp:featuredmedia":[{"embeddable":true,"href":"https:\/\/stilanddesign.se\/en\/wp-json\/wp\/v2\/media\/1075692"}],"wp:attachment":[{"href":"https:\/\/stilanddesign.se\/en\/wp-json\/wp\/v2\/media?parent=1075683"}],"wp:term":[{"taxonomy":"product_brand","embeddable":true,"href":"https:\/\/stilanddesign.se\/en\/wp-json\/wp\/v2\/product_brand?post=1075683"},{"taxonomy":"product_cat","embeddable":true,"href":"https:\/\/stilanddesign.se\/en\/wp-json\/wp\/v2\/product_cat?post=1075683"},{"taxonomy":"product_tag","embeddable":true,"href":"https:\/\/stilanddesign.se\/en\/wp-json\/wp\/v2\/product_tag?post=1075683"}],"curies":[{"name":"wp","href":"https:\/\/api.w.org\/{rel}","templated":true}]}}