{"id":1075556,"date":"2026-04-29T11:23:46","date_gmt":"2026-04-29T09:23:46","guid":{"rendered":"https:\/\/stilanddesign.se\/?post_type=product&#038;p=1075556"},"modified":"2026-04-29T11:23:47","modified_gmt":"2026-04-29T09:23:47","slug":"%f0%9f%8c%b8-caprijeans-fran-zabaione-med-vackra-detaljer-%e2%9c%a8","status":"publish","type":"product","link":"https:\/\/stilanddesign.se\/en\/product\/%f0%9f%8c%b8-caprijeans-fran-zabaione-med-vackra-detaljer-%e2%9c%a8\/","title":{"rendered":"\ud83c\udf38 Capri jeans from Zabaione \u2013 with beautiful details \u2728"},"content":{"rendered":"<p data-start=\"0\" data-end=\"57\">\ud83c\udf38 <strong data-start=\"3\" data-end=\"53\">Caprijeans fr\u00e5n Zabaione \u2013 med vackra detaljer<\/strong> \u2728<\/p>\n<p data-start=\"59\" data-end=\"282\">\ud83d\udc56 Stilrena caprijeans i klassisk denim med en feminin twist<br data-start=\"119\" data-end=\"122\" \/>\ud83c\udf3f Dekorativ brodyr nertill som ger ett unikt och elegant uttryck<br data-start=\"187\" data-end=\"190\" \/>\u2728 R\u00e5kantad avslutning f\u00f6r en modern k\u00e4nsla<br data-start=\"232\" data-end=\"235\" \/>\ud83e\udd0e B\u00e4lte ing\u00e5r \u2013 perfekt f\u00f6r en komplett look<\/p>\n<p data-start=\"284\" data-end=\"378\">\ud83d\udc56 Classic 5-pocket model<br data-start=\"309\" data-end=\"312\" \/>\ud83d\udcab Bekv\u00e4m passform med stretch som formar sig fint efter kroppen<\/p>\n<p data-start=\"380\" data-end=\"401\">\ud83d\udccf Storlekar: 34\u201344<\/p>\n<p data-start=\"403\" data-end=\"483\">\ud83e\uddf5 Material: 70% bomull, 25% polyester, 3% viskos, 2% elastan<br data-start=\"464\" data-end=\"467\" \/>\ud83e\udee7 Washing: 30\u00b0C<\/p>\n<p data-start=\"485\" data-end=\"651\">\ud83d\udc5a <strong data-start=\"488\" data-end=\"504\">Styling tips:<\/strong> Matcha med en enkel topp eller blus och sandaler f\u00f6r en avslappnad sommarlook \u2013 eller kl\u00e4 upp med klackar och skjorta f\u00f6r en mer dressad stil \ud83d\udc95<\/p>\n<p data-start=\"653\" data-end=\"755\" data-is-last-node=\"\" data-is-only-node=\"\">\ud83d\udc96 Ett par jeans som kombinerar komfort med fina detaljer \u2013 perfekta f\u00f6r sommarens alla tillf\u00e4llen \ud83c\udf38\u2728<\/p>","protected":false},"excerpt":{"rendered":"<p data-start=\"0\" data-end=\"57\">\ud83c\udf38 <strong data-start=\"3\" data-end=\"53\">Caprijeans fr\u00e5n Zabaione \u2013 med vackra detaljer<\/strong> \u2728<\/p>\n<p data-start=\"59\" data-end=\"282\">\ud83d\udc56 Stilrena caprijeans i klassisk denim med en feminin twist<br data-start=\"119\" data-end=\"122\" \/>\ud83c\udf3f Dekorativ brodyr nertill som ger ett unikt och elegant uttryck<br data-start=\"187\" data-end=\"190\" \/>\u2728 R\u00e5kantad avslutning f\u00f6r en modern k\u00e4nsla<br data-start=\"232\" data-end=\"235\" \/>\ud83e\udd0e B\u00e4lte ing\u00e5r \u2013 perfekt f\u00f6r en komplett look<\/p>\n<p data-start=\"284\" data-end=\"378\">\ud83d\udc56 Classic 5-pocket model<br data-start=\"309\" data-end=\"312\" \/>\ud83d\udcab Bekv\u00e4m passform med stretch som formar sig fint efter kroppen<\/p>\n<p data-start=\"380\" data-end=\"401\">\ud83d\udccf Storlekar: 34\u201344<\/p>\n<p data-start=\"403\" data-end=\"483\">\ud83e\uddf5 Material: 70% bomull, 25% polyester, 3% viskos, 2% elastan<br data-start=\"464\" data-end=\"467\" \/>\ud83e\udee7 Washing: 30\u00b0C<\/p>\n<p data-start=\"485\" data-end=\"651\">\ud83d\udc5a <strong data-start=\"488\" data-end=\"504\">Styling tips:<\/strong> Matcha med en enkel topp eller blus och sandaler f\u00f6r en avslappnad sommarlook \u2013 eller kl\u00e4 upp med klackar och skjorta f\u00f6r en mer dressad stil \ud83d\udc95<\/p>\n<p data-start=\"653\" data-end=\"755\" data-is-last-node=\"\" data-is-only-node=\"\">\ud83d\udc96 Ett par jeans som kombinerar komfort med fina detaljer \u2013 perfekta f\u00f6r sommarens alla tillf\u00e4llen \ud83c\udf38\u2728<\/p>","protected":false},"featured_media":1075559,"comment_status":"closed","ping_status":"closed","template":"","meta":[],"product_brand":[],"product_cat":[208,217],"product_tag":[],"class_list":{"0":"post-1075556","1":"product","2":"type-product","3":"status-publish","4":"has-post-thumbnail","6":"product_cat-jeans","7":"product_cat-produktnyheter","9":"first","10":"instock","11":"taxable","12":"shipping-taxable","13":"purchasable","14":"product-type-variable"},"yoast_head":"<!-- This site is optimized with the Yoast SEO Premium plugin v27.4 (Yoast SEO v27.5) - https:\/\/yoast.com\/product\/yoast-seo-premium-wordpress\/ -->\n<title>\ud83c\udf38 Caprijeans fr\u00e5n Zabaione \u2013 med vackra detaljer \u2728 - Stil &amp; Design<\/title>\n<meta name=\"robots\" content=\"index, follow, max-snippet:-1, max-image-preview:large, max-video-preview:-1\" \/>\n<link rel=\"canonical\" href=\"https:\/\/stilanddesign.se\/en\/product\/\ud83c\udf38-caprijeans-fran-zabaione-med-vackra-detaljer-\u2728\/\" \/>\n<meta property=\"og:locale\" content=\"en_US\" \/>\n<meta property=\"og:type\" content=\"article\" \/>\n<meta property=\"og:title\" content=\"\ud83c\udf38 Caprijeans fr\u00e5n Zabaione \u2013 med vackra detaljer \u2728\" \/>\n<meta property=\"og:description\" content=\"\ud83c\udf38 Caprijeans fr\u00e5n Zabaione \u2013 med vackra detaljer \u2728 \ud83d\udc56 Stilrena caprijeans i klassisk denim med en feminin twist\ud83c\udf3f Dekorativ brodyr nertill som ger ett unikt och elegant uttryck\u2728 R\u00e5kantad avslutning f\u00f6r en modern k\u00e4nsla\ud83e\udd0e B\u00e4lte ing\u00e5r \u2013 perfekt f\u00f6r en komplett look \ud83d\udc56 Klassisk 5-ficksmodell\ud83d\udcab Bekv\u00e4m passform med stretch som formar sig fint efter kroppen \ud83d\udccf Storlekar: 34\u201344 \ud83e\uddf5 Material: 70% bomull, 25% polyester, 3% viskos, 2% elastan\ud83e\udee7 Tv\u00e4tt: 30\u00b0C \ud83d\udc5a Stylingtips: Matcha med en enkel topp eller blus och sandaler f\u00f6r en avslappnad sommarlook \u2013 eller kl\u00e4 upp med klackar och skjorta f\u00f6r en mer dressad stil \ud83d\udc95 \ud83d\udc96 Ett par jeans som kombinerar komfort med fina detaljer \u2013 perfekta f\u00f6r sommarens alla tillf\u00e4llen \ud83c\udf38\u2728\" \/>\n<meta property=\"og:url\" content=\"https:\/\/stilanddesign.se\/en\/product\/\ud83c\udf38-caprijeans-fran-zabaione-med-vackra-detaljer-\u2728\/\" \/>\n<meta property=\"og:site_name\" content=\"Stil &amp; Design\" \/>\n<meta property=\"article:modified_time\" content=\"2026-04-29T09:23:47+00:00\" \/>\n<meta property=\"og:image\" content=\"https:\/\/stilanddesign.se\/wp-content\/uploads\/2026\/04\/4068696956809_1.jpg\" \/>\n\t<meta property=\"og:image:width\" content=\"889\" \/>\n\t<meta property=\"og:image:height\" content=\"1280\" \/>\n\t<meta property=\"og:image:type\" content=\"image\/jpeg\" \/>\n<meta name=\"twitter:card\" content=\"summary_large_image\" \/>\n<meta name=\"twitter:label1\" content=\"Est. reading time\" \/>\n\t<meta name=\"twitter:data1\" content=\"1 minute\" \/>\n<script type=\"application\/ld+json\" class=\"yoast-schema-graph\">{\"@context\":\"https:\\\/\\\/schema.org\",\"@graph\":[{\"@type\":\"WebPage\",\"@id\":\"https:\\\/\\\/stilanddesign.se\\\/produkt\\\/%f0%9f%8c%b8-caprijeans-fran-zabaione-med-vackra-detaljer-%e2%9c%a8\\\/\",\"url\":\"https:\\\/\\\/stilanddesign.se\\\/produkt\\\/%f0%9f%8c%b8-caprijeans-fran-zabaione-med-vackra-detaljer-%e2%9c%a8\\\/\",\"name\":\"\ud83c\udf38 Caprijeans fr\u00e5n Zabaione \u2013 med vackra detaljer \u2728 - Stil &amp; Design\",\"isPartOf\":{\"@id\":\"https:\\\/\\\/stilanddesign.se\\\/#website\"},\"primaryImageOfPage\":{\"@id\":\"https:\\\/\\\/stilanddesign.se\\\/produkt\\\/%f0%9f%8c%b8-caprijeans-fran-zabaione-med-vackra-detaljer-%e2%9c%a8\\\/#primaryimage\"},\"image\":{\"@id\":\"https:\\\/\\\/stilanddesign.se\\\/produkt\\\/%f0%9f%8c%b8-caprijeans-fran-zabaione-med-vackra-detaljer-%e2%9c%a8\\\/#primaryimage\"},\"thumbnailUrl\":\"https:\\\/\\\/stilanddesign.se\\\/wp-content\\\/uploads\\\/2026\\\/04\\\/4068696956809_1.jpg\",\"datePublished\":\"2026-04-29T09:23:46+00:00\",\"dateModified\":\"2026-04-29T09:23:47+00:00\",\"breadcrumb\":{\"@id\":\"https:\\\/\\\/stilanddesign.se\\\/produkt\\\/%f0%9f%8c%b8-caprijeans-fran-zabaione-med-vackra-detaljer-%e2%9c%a8\\\/#breadcrumb\"},\"inLanguage\":\"en-US\",\"potentialAction\":[{\"@type\":\"ReadAction\",\"target\":[\"https:\\\/\\\/stilanddesign.se\\\/produkt\\\/%f0%9f%8c%b8-caprijeans-fran-zabaione-med-vackra-detaljer-%e2%9c%a8\\\/\"]}]},{\"@type\":\"ImageObject\",\"inLanguage\":\"en-US\",\"@id\":\"https:\\\/\\\/stilanddesign.se\\\/produkt\\\/%f0%9f%8c%b8-caprijeans-fran-zabaione-med-vackra-detaljer-%e2%9c%a8\\\/#primaryimage\",\"url\":\"https:\\\/\\\/stilanddesign.se\\\/wp-content\\\/uploads\\\/2026\\\/04\\\/4068696956809_1.jpg\",\"contentUrl\":\"https:\\\/\\\/stilanddesign.se\\\/wp-content\\\/uploads\\\/2026\\\/04\\\/4068696956809_1.jpg\",\"width\":889,\"height\":1280},{\"@type\":\"BreadcrumbList\",\"@id\":\"https:\\\/\\\/stilanddesign.se\\\/produkt\\\/%f0%9f%8c%b8-caprijeans-fran-zabaione-med-vackra-detaljer-%e2%9c%a8\\\/#breadcrumb\",\"itemListElement\":[{\"@type\":\"ListItem\",\"position\":1,\"name\":\"Hem\",\"item\":\"https:\\\/\\\/stilanddesign.se\\\/\"},{\"@type\":\"ListItem\",\"position\":2,\"name\":\"Butiken\",\"item\":\"https:\\\/\\\/stilanddesign.se\\\/butiken\\\/\"},{\"@type\":\"ListItem\",\"position\":3,\"name\":\"\ud83c\udf38 Caprijeans fr\u00e5n Zabaione \u2013 med vackra detaljer \u2728\"}]},{\"@type\":\"WebSite\",\"@id\":\"https:\\\/\\\/stilanddesign.se\\\/#website\",\"url\":\"https:\\\/\\\/stilanddesign.se\\\/\",\"name\":\"Stil &amp; Design\",\"description\":\"F\u00f6r oss som \u00e4lskar mode!\",\"publisher\":{\"@id\":\"https:\\\/\\\/stilanddesign.se\\\/#organization\"},\"potentialAction\":[{\"@type\":\"SearchAction\",\"target\":{\"@type\":\"EntryPoint\",\"urlTemplate\":\"https:\\\/\\\/stilanddesign.se\\\/?s={search_term_string}\"},\"query-input\":{\"@type\":\"PropertyValueSpecification\",\"valueRequired\":true,\"valueName\":\"search_term_string\"}}],\"inLanguage\":\"en-US\"},{\"@type\":\"Organization\",\"@id\":\"https:\\\/\\\/stilanddesign.se\\\/#organization\",\"name\":\"Stil &amp; Design\",\"url\":\"https:\\\/\\\/stilanddesign.se\\\/\",\"logo\":{\"@type\":\"ImageObject\",\"inLanguage\":\"en-US\",\"@id\":\"https:\\\/\\\/stilanddesign.se\\\/#\\\/schema\\\/logo\\\/image\\\/\",\"url\":\"https:\\\/\\\/stilanddesign.se\\\/wp-content\\\/uploads\\\/2023\\\/12\\\/output-onlinepngtools-e1727784413220.png\",\"contentUrl\":\"https:\\\/\\\/stilanddesign.se\\\/wp-content\\\/uploads\\\/2023\\\/12\\\/output-onlinepngtools-e1727784413220.png\",\"width\":519,\"height\":135,\"caption\":\"Stil &amp; Design\"},\"image\":{\"@id\":\"https:\\\/\\\/stilanddesign.se\\\/#\\\/schema\\\/logo\\\/image\\\/\"}}]}<\/script>\n<!-- \/ Yoast SEO Premium plugin. -->","yoast_head_json":{"title":"\ud83c\udf38 Caprijeans fr\u00e5n Zabaione \u2013 med vackra detaljer \u2728 - Stil &amp; Design","robots":{"index":"index","follow":"follow","max-snippet":"max-snippet:-1","max-image-preview":"max-image-preview:large","max-video-preview":"max-video-preview:-1"},"canonical":"https:\/\/stilanddesign.se\/en\/product\/\ud83c\udf38-caprijeans-fran-zabaione-med-vackra-detaljer-\u2728\/","og_locale":"en_US","og_type":"article","og_title":"\ud83c\udf38 Caprijeans fr\u00e5n Zabaione \u2013 med vackra detaljer \u2728","og_description":"\ud83c\udf38 Caprijeans fr\u00e5n Zabaione \u2013 med vackra detaljer \u2728 \ud83d\udc56 Stilrena caprijeans i klassisk denim med en feminin twist\ud83c\udf3f Dekorativ brodyr nertill som ger ett unikt och elegant uttryck\u2728 R\u00e5kantad avslutning f\u00f6r en modern k\u00e4nsla\ud83e\udd0e B\u00e4lte ing\u00e5r \u2013 perfekt f\u00f6r en komplett look \ud83d\udc56 Klassisk 5-ficksmodell\ud83d\udcab Bekv\u00e4m passform med stretch som formar sig fint efter kroppen \ud83d\udccf Storlekar: 34\u201344 \ud83e\uddf5 Material: 70% bomull, 25% polyester, 3% viskos, 2% elastan\ud83e\udee7 Tv\u00e4tt: 30\u00b0C \ud83d\udc5a Stylingtips: Matcha med en enkel topp eller blus och sandaler f\u00f6r en avslappnad sommarlook \u2013 eller kl\u00e4 upp med klackar och skjorta f\u00f6r en mer dressad stil \ud83d\udc95 \ud83d\udc96 Ett par jeans som kombinerar komfort med fina detaljer \u2013 perfekta f\u00f6r sommarens alla tillf\u00e4llen \ud83c\udf38\u2728","og_url":"https:\/\/stilanddesign.se\/en\/product\/\ud83c\udf38-caprijeans-fran-zabaione-med-vackra-detaljer-\u2728\/","og_site_name":"Stil &amp; Design","article_modified_time":"2026-04-29T09:23:47+00:00","og_image":[{"width":889,"height":1280,"url":"https:\/\/stilanddesign.se\/wp-content\/uploads\/2026\/04\/4068696956809_1.jpg","type":"image\/jpeg"}],"twitter_card":"summary_large_image","twitter_misc":{"Est. reading time":"1 minute"},"schema":{"@context":"https:\/\/schema.org","@graph":[{"@type":"WebPage","@id":"https:\/\/stilanddesign.se\/produkt\/%f0%9f%8c%b8-caprijeans-fran-zabaione-med-vackra-detaljer-%e2%9c%a8\/","url":"https:\/\/stilanddesign.se\/produkt\/%f0%9f%8c%b8-caprijeans-fran-zabaione-med-vackra-detaljer-%e2%9c%a8\/","name":"\ud83c\udf38 Caprijeans fr\u00e5n Zabaione \u2013 med vackra detaljer \u2728 - Stil &amp; Design","isPartOf":{"@id":"https:\/\/stilanddesign.se\/#website"},"primaryImageOfPage":{"@id":"https:\/\/stilanddesign.se\/produkt\/%f0%9f%8c%b8-caprijeans-fran-zabaione-med-vackra-detaljer-%e2%9c%a8\/#primaryimage"},"image":{"@id":"https:\/\/stilanddesign.se\/produkt\/%f0%9f%8c%b8-caprijeans-fran-zabaione-med-vackra-detaljer-%e2%9c%a8\/#primaryimage"},"thumbnailUrl":"https:\/\/stilanddesign.se\/wp-content\/uploads\/2026\/04\/4068696956809_1.jpg","datePublished":"2026-04-29T09:23:46+00:00","dateModified":"2026-04-29T09:23:47+00:00","breadcrumb":{"@id":"https:\/\/stilanddesign.se\/produkt\/%f0%9f%8c%b8-caprijeans-fran-zabaione-med-vackra-detaljer-%e2%9c%a8\/#breadcrumb"},"inLanguage":"en-US","potentialAction":[{"@type":"ReadAction","target":["https:\/\/stilanddesign.se\/produkt\/%f0%9f%8c%b8-caprijeans-fran-zabaione-med-vackra-detaljer-%e2%9c%a8\/"]}]},{"@type":"ImageObject","inLanguage":"en-US","@id":"https:\/\/stilanddesign.se\/produkt\/%f0%9f%8c%b8-caprijeans-fran-zabaione-med-vackra-detaljer-%e2%9c%a8\/#primaryimage","url":"https:\/\/stilanddesign.se\/wp-content\/uploads\/2026\/04\/4068696956809_1.jpg","contentUrl":"https:\/\/stilanddesign.se\/wp-content\/uploads\/2026\/04\/4068696956809_1.jpg","width":889,"height":1280},{"@type":"BreadcrumbList","@id":"https:\/\/stilanddesign.se\/produkt\/%f0%9f%8c%b8-caprijeans-fran-zabaione-med-vackra-detaljer-%e2%9c%a8\/#breadcrumb","itemListElement":[{"@type":"ListItem","position":1,"name":"Hem","item":"https:\/\/stilanddesign.se\/"},{"@type":"ListItem","position":2,"name":"Butiken","item":"https:\/\/stilanddesign.se\/butiken\/"},{"@type":"ListItem","position":3,"name":"\ud83c\udf38 Caprijeans fr\u00e5n Zabaione \u2013 med vackra detaljer \u2728"}]},{"@type":"WebSite","@id":"https:\/\/stilanddesign.se\/#website","url":"https:\/\/stilanddesign.se\/","name":"Style &amp; Design","description":"For those of us who love fashion!","publisher":{"@id":"https:\/\/stilanddesign.se\/#organization"},"potentialAction":[{"@type":"SearchAction","target":{"@type":"EntryPoint","urlTemplate":"https:\/\/stilanddesign.se\/?s={search_term_string}"},"query-input":{"@type":"PropertyValueSpecification","valueRequired":true,"valueName":"search_term_string"}}],"inLanguage":"en-US"},{"@type":"Organization","@id":"https:\/\/stilanddesign.se\/#organization","name":"Style &amp; Design","url":"https:\/\/stilanddesign.se\/","logo":{"@type":"ImageObject","inLanguage":"en-US","@id":"https:\/\/stilanddesign.se\/#\/schema\/logo\/image\/","url":"https:\/\/stilanddesign.se\/wp-content\/uploads\/2023\/12\/output-onlinepngtools-e1727784413220.png","contentUrl":"https:\/\/stilanddesign.se\/wp-content\/uploads\/2023\/12\/output-onlinepngtools-e1727784413220.png","width":519,"height":135,"caption":"Stil &amp; Design"},"image":{"@id":"https:\/\/stilanddesign.se\/#\/schema\/logo\/image\/"}}]}},"_links":{"self":[{"href":"https:\/\/stilanddesign.se\/en\/wp-json\/wp\/v2\/product\/1075556","targetHints":{"allow":["GET"]}}],"collection":[{"href":"https:\/\/stilanddesign.se\/en\/wp-json\/wp\/v2\/product"}],"about":[{"href":"https:\/\/stilanddesign.se\/en\/wp-json\/wp\/v2\/types\/product"}],"replies":[{"embeddable":true,"href":"https:\/\/stilanddesign.se\/en\/wp-json\/wp\/v2\/comments?post=1075556"}],"wp:featuredmedia":[{"embeddable":true,"href":"https:\/\/stilanddesign.se\/en\/wp-json\/wp\/v2\/media\/1075559"}],"wp:attachment":[{"href":"https:\/\/stilanddesign.se\/en\/wp-json\/wp\/v2\/media?parent=1075556"}],"wp:term":[{"taxonomy":"product_brand","embeddable":true,"href":"https:\/\/stilanddesign.se\/en\/wp-json\/wp\/v2\/product_brand?post=1075556"},{"taxonomy":"product_cat","embeddable":true,"href":"https:\/\/stilanddesign.se\/en\/wp-json\/wp\/v2\/product_cat?post=1075556"},{"taxonomy":"product_tag","embeddable":true,"href":"https:\/\/stilanddesign.se\/en\/wp-json\/wp\/v2\/product_tag?post=1075556"}],"curies":[{"name":"wp","href":"https:\/\/api.w.org\/{rel}","templated":true}]}}