{"id":1075151,"date":"2026-04-27T16:35:01","date_gmt":"2026-04-27T14:35:01","guid":{"rendered":"https:\/\/stilanddesign.se\/?post_type=product&#038;p=1075151"},"modified":"2026-04-28T13:10:35","modified_gmt":"2026-04-28T11:10:35","slug":"lang-klanning-i-monstrad-gul","status":"publish","type":"product","link":"https:\/\/stilanddesign.se\/en\/product\/lang-klanning-i-monstrad-gul\/","title":{"rendered":"Long dress in patterned yellow"},"content":{"rendered":"<p data-start=\"0\" data-end=\"45\">\ud83c\udf3f <strong data-start=\"3\" data-end=\"41\">Long dress \u2013 natural &amp; feminine<\/strong> \u2728<\/p>\n<p data-start=\"47\" data-end=\"253\">\ud83c\udf38 Yellow patterned in soft tones<br data-start=\"76\" data-end=\"79\" \/>\ud83d\udcab V-neckline at the front<br data-start=\"101\" data-end=\"104\" \/>\ud83d\udc5a Short sleeve with small ruffle<br data-start=\"132\" data-end=\"135\" \/>\ud83c\udf3f Decorative wooden buttons at the front<br data-start=\"168\" data-end=\"171\" data-is-only-node=\"\" \/>\ud83d\udc4c Pockets on the sides<br data-start=\"190\" data-end=\"193\" \/>\u2728 Flattering smocking at the waist<br data-start=\"220\" data-end=\"223\" \/>\ud83d\udc57 Long model with a nice fall<\/p>\n<p data-start=\"255\" data-end=\"276\">\ud83d\udccf Length: approx. 132 cm<\/p>\n<p data-start=\"278\" data-end=\"333\">\ud83e\uddf5 Material: 80% viscose, 20% elastane<br data-start=\"314\" data-end=\"317\" \/>\ud83e\udee7 Washing: 30\u00b0C<\/p>\n<p data-start=\"335\" data-end=\"440\">\ud83d\udc61 <strong data-start=\"338\" data-end=\"354\">Styling tips:<\/strong> Match with sandals for a summery look or sneakers for a more relaxed style \ud83d\udc95<\/p>\n<p data-start=\"442\" data-end=\"518\" data-is-last-node=\"\" data-is-only-node=\"\">\ud83d\udc96 A stylish and comfortable dress \u2013 perfect for both everyday life and vacation \ud83c\udf3f\u2728<\/p>\n<p>&nbsp;<\/p>\n<p>&nbsp;<\/p>\n<p>&nbsp;<\/p>\n<p>&nbsp;<\/p>\n<p>&nbsp;<\/p>","protected":false},"excerpt":{"rendered":"<p data-start=\"0\" data-end=\"45\">\ud83c\udf3f <strong data-start=\"3\" data-end=\"41\">L\u00e5ng kl\u00e4nning \u2013 naturlig &amp; feminin<\/strong> \u2728<\/p>\n<p data-start=\"47\" data-end=\"253\">\ud83c\udf38 Yellow patterned in soft tones<br data-start=\"76\" data-end=\"79\" \/>\ud83d\udcab V-neckline at the front<br data-start=\"101\" data-end=\"104\" \/>\ud83d\udc5a Short sleeve with small ruffle<br data-start=\"132\" data-end=\"135\" \/>\ud83c\udf3f Decorative wooden buttons at the front<br data-start=\"168\" data-end=\"171\" data-is-only-node=\"\" \/>\ud83d\udc4c Pockets on the sides<br data-start=\"190\" data-end=\"193\" \/>\u2728 Flattering smocking at the waist<br data-start=\"220\" data-end=\"223\" \/>\ud83d\udc57 Long model with a nice fall<\/p>\n<p data-start=\"255\" data-end=\"276\">\ud83d\udccf Length: approx. 132 cm<\/p>\n<p data-start=\"278\" data-end=\"333\">\ud83e\uddf5 Material: 80% viscose, 20% elastane<br data-start=\"314\" data-end=\"317\" \/>\ud83e\udee7 Washing: 30\u00b0C<\/p>\n<p data-start=\"335\" data-end=\"440\">\ud83d\udc61 <strong data-start=\"338\" data-end=\"354\">Styling tips:<\/strong> Match with sandals for a summery look or sneakers for a more relaxed style \ud83d\udc95<\/p>\n<p data-start=\"442\" data-end=\"518\" data-is-last-node=\"\" data-is-only-node=\"\">\ud83d\udc96 A stylish and comfortable dress \u2013 perfect for both everyday life and vacation \ud83c\udf3f\u2728<\/p>","protected":false},"featured_media":1075137,"comment_status":"closed","ping_status":"closed","template":"","meta":[],"product_brand":[],"product_cat":[215,217],"product_tag":[],"class_list":{"0":"post-1075151","1":"product","2":"type-product","3":"status-publish","4":"has-post-thumbnail","6":"product_cat-klanningar","7":"product_cat-produktnyheter","9":"first","10":"instock","11":"taxable","12":"shipping-taxable","13":"purchasable","14":"product-type-variable"},"yoast_head":"<!-- This site is optimized with the Yoast SEO Premium plugin v27.4 (Yoast SEO v27.4) - https:\/\/yoast.com\/product\/yoast-seo-premium-wordpress\/ -->\n<title>L\u00e5ng kl\u00e4nning i m\u00f6nstrad gul - Stil &amp; Design<\/title>\n<meta name=\"robots\" content=\"index, follow, max-snippet:-1, max-image-preview:large, max-video-preview:-1\" \/>\n<link rel=\"canonical\" href=\"https:\/\/stilanddesign.se\/en\/product\/lang-klanning-i-monstrad-gul\/\" \/>\n<meta property=\"og:locale\" content=\"en_US\" \/>\n<meta property=\"og:type\" content=\"article\" \/>\n<meta property=\"og:title\" content=\"L\u00e5ng kl\u00e4nning i m\u00f6nstrad gul\" \/>\n<meta property=\"og:description\" content=\"\ud83c\udf3f L\u00e5ng kl\u00e4nning \u2013 naturlig &amp; feminin \u2728 \ud83c\udf38 Gulm\u00f6nstrad i mjuka toner\ud83d\udcab V-ringning framtill\ud83d\udc5a Kort \u00e4rm med liten volang\ud83c\udf3f Dekorativa tr\u00e4knappar framtill\ud83d\udc4c Fickor i sidorna\u2728 Smickrande smock i midjan\ud83d\udc57 L\u00e5ng modell med fint fall \ud83d\udccf L\u00e4ngd: ca 132 cm \ud83e\uddf5 Material: 80% viskos, 20% elastan\ud83e\udee7 Tv\u00e4tt: 30\u00b0C \ud83d\udc61 Stylingtips: Matcha med sandaler f\u00f6r en somrig look eller sneakers f\u00f6r en mer avslappnad stil \ud83d\udc95 \ud83d\udc96 En stilren och bekv\u00e4m kl\u00e4nning \u2013 perfekt f\u00f6r b\u00e5de vardag och semester \ud83c\udf3f\u2728\" \/>\n<meta property=\"og:url\" content=\"https:\/\/stilanddesign.se\/en\/product\/lang-klanning-i-monstrad-gul\/\" \/>\n<meta property=\"og:site_name\" content=\"Stil &amp; Design\" \/>\n<meta property=\"article:modified_time\" content=\"2026-04-28T11:10:35+00:00\" \/>\n<meta name=\"twitter:card\" content=\"summary_large_image\" \/>\n<meta name=\"twitter:label1\" content=\"Est. reading time\" \/>\n\t<meta name=\"twitter:data1\" content=\"1 minute\" \/>\n<script type=\"application\/ld+json\" class=\"yoast-schema-graph\">{\"@context\":\"https:\\\/\\\/schema.org\",\"@graph\":[{\"@type\":\"WebPage\",\"@id\":\"https:\\\/\\\/stilanddesign.se\\\/produkt\\\/lang-klanning-i-monstrad-gul\\\/\",\"url\":\"https:\\\/\\\/stilanddesign.se\\\/produkt\\\/lang-klanning-i-monstrad-gul\\\/\",\"name\":\"L\u00e5ng kl\u00e4nning i m\u00f6nstrad gul - Stil &amp; Design\",\"isPartOf\":{\"@id\":\"https:\\\/\\\/stilanddesign.se\\\/#website\"},\"primaryImageOfPage\":{\"@id\":\"https:\\\/\\\/stilanddesign.se\\\/produkt\\\/lang-klanning-i-monstrad-gul\\\/#primaryimage\"},\"image\":{\"@id\":\"https:\\\/\\\/stilanddesign.se\\\/produkt\\\/lang-klanning-i-monstrad-gul\\\/#primaryimage\"},\"thumbnailUrl\":\"https:\\\/\\\/stilanddesign.se\\\/wp-content\\\/uploads\\\/2026\\\/04\\\/895654444.jpg\",\"datePublished\":\"2026-04-27T14:35:01+00:00\",\"dateModified\":\"2026-04-28T11:10:35+00:00\",\"breadcrumb\":{\"@id\":\"https:\\\/\\\/stilanddesign.se\\\/produkt\\\/lang-klanning-i-monstrad-gul\\\/#breadcrumb\"},\"inLanguage\":\"en-US\",\"potentialAction\":[{\"@type\":\"ReadAction\",\"target\":[\"https:\\\/\\\/stilanddesign.se\\\/produkt\\\/lang-klanning-i-monstrad-gul\\\/\"]}]},{\"@type\":\"ImageObject\",\"inLanguage\":\"en-US\",\"@id\":\"https:\\\/\\\/stilanddesign.se\\\/produkt\\\/lang-klanning-i-monstrad-gul\\\/#primaryimage\",\"url\":\"https:\\\/\\\/stilanddesign.se\\\/wp-content\\\/uploads\\\/2026\\\/04\\\/895654444.jpg\",\"contentUrl\":\"https:\\\/\\\/stilanddesign.se\\\/wp-content\\\/uploads\\\/2026\\\/04\\\/895654444.jpg\",\"width\":360,\"height\":640,\"caption\":\"L\u00e5ngkl\u00e4nning gulm\u00f6nstrad\"},{\"@type\":\"BreadcrumbList\",\"@id\":\"https:\\\/\\\/stilanddesign.se\\\/produkt\\\/lang-klanning-i-monstrad-gul\\\/#breadcrumb\",\"itemListElement\":[{\"@type\":\"ListItem\",\"position\":1,\"name\":\"Hem\",\"item\":\"https:\\\/\\\/stilanddesign.se\\\/\"},{\"@type\":\"ListItem\",\"position\":2,\"name\":\"Butiken\",\"item\":\"https:\\\/\\\/stilanddesign.se\\\/butiken\\\/\"},{\"@type\":\"ListItem\",\"position\":3,\"name\":\"L\u00e5ng kl\u00e4nning i m\u00f6nstrad gul\"}]},{\"@type\":\"WebSite\",\"@id\":\"https:\\\/\\\/stilanddesign.se\\\/#website\",\"url\":\"https:\\\/\\\/stilanddesign.se\\\/\",\"name\":\"Stil &amp; Design\",\"description\":\"F\u00f6r oss som \u00e4lskar mode!\",\"publisher\":{\"@id\":\"https:\\\/\\\/stilanddesign.se\\\/#organization\"},\"potentialAction\":[{\"@type\":\"SearchAction\",\"target\":{\"@type\":\"EntryPoint\",\"urlTemplate\":\"https:\\\/\\\/stilanddesign.se\\\/?s={search_term_string}\"},\"query-input\":{\"@type\":\"PropertyValueSpecification\",\"valueRequired\":true,\"valueName\":\"search_term_string\"}}],\"inLanguage\":\"en-US\"},{\"@type\":\"Organization\",\"@id\":\"https:\\\/\\\/stilanddesign.se\\\/#organization\",\"name\":\"Stil &amp; Design\",\"url\":\"https:\\\/\\\/stilanddesign.se\\\/\",\"logo\":{\"@type\":\"ImageObject\",\"inLanguage\":\"en-US\",\"@id\":\"https:\\\/\\\/stilanddesign.se\\\/#\\\/schema\\\/logo\\\/image\\\/\",\"url\":\"https:\\\/\\\/stilanddesign.se\\\/wp-content\\\/uploads\\\/2023\\\/12\\\/output-onlinepngtools-e1727784413220.png\",\"contentUrl\":\"https:\\\/\\\/stilanddesign.se\\\/wp-content\\\/uploads\\\/2023\\\/12\\\/output-onlinepngtools-e1727784413220.png\",\"width\":519,\"height\":135,\"caption\":\"Stil &amp; Design\"},\"image\":{\"@id\":\"https:\\\/\\\/stilanddesign.se\\\/#\\\/schema\\\/logo\\\/image\\\/\"}}]}<\/script>\n<!-- \/ Yoast SEO Premium plugin. -->","yoast_head_json":{"title":"L\u00e5ng kl\u00e4nning i m\u00f6nstrad gul - Stil &amp; Design","robots":{"index":"index","follow":"follow","max-snippet":"max-snippet:-1","max-image-preview":"max-image-preview:large","max-video-preview":"max-video-preview:-1"},"canonical":"https:\/\/stilanddesign.se\/en\/product\/lang-klanning-i-monstrad-gul\/","og_locale":"en_US","og_type":"article","og_title":"L\u00e5ng kl\u00e4nning i m\u00f6nstrad gul","og_description":"\ud83c\udf3f L\u00e5ng kl\u00e4nning \u2013 naturlig &amp; feminin \u2728 \ud83c\udf38 Gulm\u00f6nstrad i mjuka toner\ud83d\udcab V-ringning framtill\ud83d\udc5a Kort \u00e4rm med liten volang\ud83c\udf3f Dekorativa tr\u00e4knappar framtill\ud83d\udc4c Fickor i sidorna\u2728 Smickrande smock i midjan\ud83d\udc57 L\u00e5ng modell med fint fall \ud83d\udccf L\u00e4ngd: ca 132 cm \ud83e\uddf5 Material: 80% viskos, 20% elastan\ud83e\udee7 Tv\u00e4tt: 30\u00b0C \ud83d\udc61 Stylingtips: Matcha med sandaler f\u00f6r en somrig look eller sneakers f\u00f6r en mer avslappnad stil \ud83d\udc95 \ud83d\udc96 En stilren och bekv\u00e4m kl\u00e4nning \u2013 perfekt f\u00f6r b\u00e5de vardag och semester \ud83c\udf3f\u2728","og_url":"https:\/\/stilanddesign.se\/en\/product\/lang-klanning-i-monstrad-gul\/","og_site_name":"Stil &amp; Design","article_modified_time":"2026-04-28T11:10:35+00:00","twitter_card":"summary_large_image","twitter_misc":{"Est. reading time":"1 minute"},"schema":{"@context":"https:\/\/schema.org","@graph":[{"@type":"WebPage","@id":"https:\/\/stilanddesign.se\/produkt\/lang-klanning-i-monstrad-gul\/","url":"https:\/\/stilanddesign.se\/produkt\/lang-klanning-i-monstrad-gul\/","name":"L\u00e5ng kl\u00e4nning i m\u00f6nstrad gul - Stil &amp; Design","isPartOf":{"@id":"https:\/\/stilanddesign.se\/#website"},"primaryImageOfPage":{"@id":"https:\/\/stilanddesign.se\/produkt\/lang-klanning-i-monstrad-gul\/#primaryimage"},"image":{"@id":"https:\/\/stilanddesign.se\/produkt\/lang-klanning-i-monstrad-gul\/#primaryimage"},"thumbnailUrl":"https:\/\/stilanddesign.se\/wp-content\/uploads\/2026\/04\/895654444.jpg","datePublished":"2026-04-27T14:35:01+00:00","dateModified":"2026-04-28T11:10:35+00:00","breadcrumb":{"@id":"https:\/\/stilanddesign.se\/produkt\/lang-klanning-i-monstrad-gul\/#breadcrumb"},"inLanguage":"en-US","potentialAction":[{"@type":"ReadAction","target":["https:\/\/stilanddesign.se\/produkt\/lang-klanning-i-monstrad-gul\/"]}]},{"@type":"ImageObject","inLanguage":"en-US","@id":"https:\/\/stilanddesign.se\/produkt\/lang-klanning-i-monstrad-gul\/#primaryimage","url":"https:\/\/stilanddesign.se\/wp-content\/uploads\/2026\/04\/895654444.jpg","contentUrl":"https:\/\/stilanddesign.se\/wp-content\/uploads\/2026\/04\/895654444.jpg","width":360,"height":640,"caption":"L\u00e5ngkl\u00e4nning gulm\u00f6nstrad"},{"@type":"BreadcrumbList","@id":"https:\/\/stilanddesign.se\/produkt\/lang-klanning-i-monstrad-gul\/#breadcrumb","itemListElement":[{"@type":"ListItem","position":1,"name":"Hem","item":"https:\/\/stilanddesign.se\/"},{"@type":"ListItem","position":2,"name":"Butiken","item":"https:\/\/stilanddesign.se\/butiken\/"},{"@type":"ListItem","position":3,"name":"L\u00e5ng kl\u00e4nning i m\u00f6nstrad gul"}]},{"@type":"WebSite","@id":"https:\/\/stilanddesign.se\/#website","url":"https:\/\/stilanddesign.se\/","name":"Style &amp; Design","description":"For those of us who love fashion!","publisher":{"@id":"https:\/\/stilanddesign.se\/#organization"},"potentialAction":[{"@type":"SearchAction","target":{"@type":"EntryPoint","urlTemplate":"https:\/\/stilanddesign.se\/?s={search_term_string}"},"query-input":{"@type":"PropertyValueSpecification","valueRequired":true,"valueName":"search_term_string"}}],"inLanguage":"en-US"},{"@type":"Organization","@id":"https:\/\/stilanddesign.se\/#organization","name":"Style &amp; Design","url":"https:\/\/stilanddesign.se\/","logo":{"@type":"ImageObject","inLanguage":"en-US","@id":"https:\/\/stilanddesign.se\/#\/schema\/logo\/image\/","url":"https:\/\/stilanddesign.se\/wp-content\/uploads\/2023\/12\/output-onlinepngtools-e1727784413220.png","contentUrl":"https:\/\/stilanddesign.se\/wp-content\/uploads\/2023\/12\/output-onlinepngtools-e1727784413220.png","width":519,"height":135,"caption":"Stil &amp; Design"},"image":{"@id":"https:\/\/stilanddesign.se\/#\/schema\/logo\/image\/"}}]}},"_links":{"self":[{"href":"https:\/\/stilanddesign.se\/en\/wp-json\/wp\/v2\/product\/1075151","targetHints":{"allow":["GET"]}}],"collection":[{"href":"https:\/\/stilanddesign.se\/en\/wp-json\/wp\/v2\/product"}],"about":[{"href":"https:\/\/stilanddesign.se\/en\/wp-json\/wp\/v2\/types\/product"}],"replies":[{"embeddable":true,"href":"https:\/\/stilanddesign.se\/en\/wp-json\/wp\/v2\/comments?post=1075151"}],"wp:featuredmedia":[{"embeddable":true,"href":"https:\/\/stilanddesign.se\/en\/wp-json\/wp\/v2\/media\/1075137"}],"wp:attachment":[{"href":"https:\/\/stilanddesign.se\/en\/wp-json\/wp\/v2\/media?parent=1075151"}],"wp:term":[{"taxonomy":"product_brand","embeddable":true,"href":"https:\/\/stilanddesign.se\/en\/wp-json\/wp\/v2\/product_brand?post=1075151"},{"taxonomy":"product_cat","embeddable":true,"href":"https:\/\/stilanddesign.se\/en\/wp-json\/wp\/v2\/product_cat?post=1075151"},{"taxonomy":"product_tag","embeddable":true,"href":"https:\/\/stilanddesign.se\/en\/wp-json\/wp\/v2\/product_tag?post=1075151"}],"curies":[{"name":"wp","href":"https:\/\/api.w.org\/{rel}","templated":true}]}}