{"id":1068380,"date":"2026-04-07T16:20:42","date_gmt":"2026-04-07T14:20:42","guid":{"rendered":"https:\/\/stilanddesign.se\/?post_type=product&#038;p=1068380"},"modified":"2026-04-09T10:48:38","modified_gmt":"2026-04-09T08:48:38","slug":"%e2%9c%a8-trendiga-denim-sneakers-fran-caramell-fashion-%e2%9c%a8","status":"publish","type":"product","link":"https:\/\/stilanddesign.se\/en\/product\/%e2%9c%a8-trendiga-denim-sneakers-fran-caramell-fashion-%e2%9c%a8\/","title":{"rendered":"\u2728 Trendy Denim Sneakers from Caramell Fashion \u2728"},"content":{"rendered":"<p data-start=\"0\" data-end=\"55\">\u2728 <strong data-start=\"2\" data-end=\"51\">Trendy Denim Sneakers from Caramell Fashion<\/strong> \u2728<\/p>\n<p data-start=\"57\" data-end=\"321\">Give your outfit a cool and casual touch with these super stylish <strong data-start=\"122\" data-end=\"140\">denim sneakers<\/strong>! \ud83d\udc99 Perfect for those who love a mix of comfort and trend. The worn jeans look together with the decorative laces gives a modern and unique style that really stands out.<\/p>\n<p data-start=\"323\" data-end=\"586\">\ud83d\udc5f <strong data-start=\"326\" data-end=\"367\">Details that make them a favorite:<\/strong><br data-start=\"367\" data-end=\"370\" \/>\ud83d\udc99 Trendy denim design with cool distressed details<br data-start=\"418\" data-end=\"421\" \/>\u2728 Decorative shoelaces with text for an extra fashion feel<br data-start=\"479\" data-end=\"482\" data-is-only-node=\"\" \/>\ud83d\udc4c Lightweight and comfortable \u2013 perfect for all day wear<br data-start=\"528\" data-end=\"531\" \/>\ud83c\udf1f Goes equally well with jeans, a dress or a skirt<\/p>\n<p data-start=\"588\" data-end=\"646\">\ud83d\udccf <strong data-start=\"591\" data-end=\"605\">Sizes:<\/strong> 36\u201341<br data-start=\"611\" data-end=\"614\" \/>\ud83c\udff7 <strong data-start=\"617\" data-end=\"627\">Make:<\/strong> Caramell Fashion<\/p>\n<p data-start=\"648\" data-end=\"740\" data-is-last-node=\"\" data-is-only-node=\"\">\ud83d\udcab A perfect sneaker for those who want to combine <strong data-start=\"697\" data-end=\"740\" data-is-last-node=\"\">comfort, style and a trendy denim look!<\/strong><\/p>","protected":false},"excerpt":{"rendered":"<p data-start=\"0\" data-end=\"55\">\u2728 <strong data-start=\"2\" data-end=\"51\">Trendy Denim Sneakers from Caramell Fashion<\/strong> \u2728<\/p>\n<p data-start=\"57\" data-end=\"321\">Give your outfit a cool and casual touch with these super stylish <strong data-start=\"122\" data-end=\"140\">denim sneakers<\/strong>! \ud83d\udc99 Perfect for those who love a mix of comfort and trend. The worn jeans look together with the decorative laces gives a modern and unique style that really stands out.<\/p>\n<p data-start=\"323\" data-end=\"586\">\ud83d\udc5f <strong data-start=\"326\" data-end=\"367\">Details that make them a favorite:<\/strong><br data-start=\"367\" data-end=\"370\" \/>\ud83d\udc99 Trendy denim design with cool distressed details<br data-start=\"418\" data-end=\"421\" \/>\u2728 Decorative shoelaces with text for an extra fashion feel<br data-start=\"479\" data-end=\"482\" data-is-only-node=\"\" \/>\ud83d\udc4c Lightweight and comfortable \u2013 perfect for all day wear<br data-start=\"528\" data-end=\"531\" \/>\ud83c\udf1f Goes equally well with jeans, a dress or a skirt<\/p>\n<p data-start=\"588\" data-end=\"646\">\ud83d\udccf <strong data-start=\"591\" data-end=\"605\">Sizes:<\/strong> 36\u201341<br data-start=\"611\" data-end=\"614\" \/>\ud83c\udff7 <strong data-start=\"617\" data-end=\"627\">Make:<\/strong> Caramell Fashion<\/p>\n<p data-start=\"648\" data-end=\"740\" data-is-last-node=\"\" data-is-only-node=\"\">\ud83d\udcab A perfect sneaker for those who want to combine <strong data-start=\"697\" data-end=\"740\" data-is-last-node=\"\">comfort, style and a trendy denim look!<\/strong><\/p>","protected":false},"featured_media":1068388,"comment_status":"closed","ping_status":"closed","template":"","meta":[],"product_brand":[],"product_cat":[209],"product_tag":[],"class_list":{"0":"post-1068380","1":"product","2":"type-product","3":"status-publish","4":"has-post-thumbnail","6":"product_cat-reaprodukter","8":"first","9":"outofstock","10":"taxable","11":"shipping-taxable","12":"product-type-variable"},"yoast_head":"<!-- This site is optimized with the Yoast SEO Premium plugin v27.4 (Yoast SEO v27.5) - https:\/\/yoast.com\/product\/yoast-seo-premium-wordpress\/ -->\n<title>\u2728 Trendiga Denim Sneakers fr\u00e5n Caramell Fashion \u2728 - Stil &amp; Design<\/title>\n<meta name=\"robots\" content=\"index, follow, max-snippet:-1, max-image-preview:large, max-video-preview:-1\" \/>\n<link rel=\"canonical\" href=\"https:\/\/stilanddesign.se\/en\/product\/\u2728-trendiga-denim-sneakers-fran-caramell-fashion-\u2728\/\" \/>\n<meta property=\"og:locale\" content=\"en_US\" \/>\n<meta property=\"og:type\" content=\"article\" \/>\n<meta property=\"og:title\" content=\"\u2728 Trendiga Denim Sneakers fr\u00e5n Caramell Fashion \u2728\" \/>\n<meta property=\"og:description\" content=\"\u2728 Trendiga Denim Sneakers fr\u00e5n Caramell Fashion \u2728 Ge din outfit en cool och avslappnad touch med dessa supersnygga denim sneakers! \ud83d\udc99 Perfekta f\u00f6r dig som \u00e4lskar en mix av komfort och trend. Den slitna jeanslooken tillsammans med de dekorativa skosn\u00f6rena ger en modern och unik stil som verkligen sticker ut. \ud83d\udc5f Detaljer som g\u00f6r dem till en favorit:\ud83d\udc99 Trendig denimdesign med coola slitna detaljer\u2728 Dekorativa skosn\u00f6ren med text f\u00f6r en extra fashionk\u00e4nsla\ud83d\udc4c L\u00e4tta och bekv\u00e4ma \u2013 perfekta f\u00f6r hela dagen\ud83c\udf1f Passar lika snyggt till jeans, kl\u00e4nning eller kjol \ud83d\udccf Storlekar: 36\u201341\ud83c\udff7 M\u00e4rke: Caramell Fashion \ud83d\udcab En perfekt sneaker f\u00f6r dig som vill kombinera komfort, stil och en trendig denimlook!\" \/>\n<meta property=\"og:url\" content=\"https:\/\/stilanddesign.se\/en\/product\/\u2728-trendiga-denim-sneakers-fran-caramell-fashion-\u2728\/\" \/>\n<meta property=\"og:site_name\" content=\"Stil &amp; Design\" \/>\n<meta property=\"article:modified_time\" content=\"2026-04-09T08:48:38+00:00\" \/>\n<meta property=\"og:image\" content=\"https:\/\/stilanddesign.se\/wp-content\/uploads\/2026\/03\/IMG_6271-scaled.jpeg\" \/>\n\t<meta property=\"og:image:width\" content=\"1920\" \/>\n\t<meta property=\"og:image:height\" content=\"2560\" \/>\n\t<meta property=\"og:image:type\" content=\"image\/jpeg\" \/>\n<meta name=\"twitter:card\" content=\"summary_large_image\" \/>\n<meta name=\"twitter:label1\" content=\"Est. reading time\" \/>\n\t<meta name=\"twitter:data1\" content=\"1 minute\" \/>\n<script type=\"application\/ld+json\" class=\"yoast-schema-graph\">{\"@context\":\"https:\\\/\\\/schema.org\",\"@graph\":[{\"@type\":\"WebPage\",\"@id\":\"https:\\\/\\\/stilanddesign.se\\\/produkt\\\/%e2%9c%a8-trendiga-denim-sneakers-fran-caramell-fashion-%e2%9c%a8\\\/\",\"url\":\"https:\\\/\\\/stilanddesign.se\\\/produkt\\\/%e2%9c%a8-trendiga-denim-sneakers-fran-caramell-fashion-%e2%9c%a8\\\/\",\"name\":\"\u2728 Trendiga Denim Sneakers fr\u00e5n Caramell Fashion \u2728 - Stil &amp; Design\",\"isPartOf\":{\"@id\":\"https:\\\/\\\/stilanddesign.se\\\/#website\"},\"primaryImageOfPage\":{\"@id\":\"https:\\\/\\\/stilanddesign.se\\\/produkt\\\/%e2%9c%a8-trendiga-denim-sneakers-fran-caramell-fashion-%e2%9c%a8\\\/#primaryimage\"},\"image\":{\"@id\":\"https:\\\/\\\/stilanddesign.se\\\/produkt\\\/%e2%9c%a8-trendiga-denim-sneakers-fran-caramell-fashion-%e2%9c%a8\\\/#primaryimage\"},\"thumbnailUrl\":\"https:\\\/\\\/stilanddesign.se\\\/wp-content\\\/uploads\\\/2026\\\/03\\\/IMG_6271-scaled.jpeg\",\"datePublished\":\"2026-04-07T14:20:42+00:00\",\"dateModified\":\"2026-04-09T08:48:38+00:00\",\"breadcrumb\":{\"@id\":\"https:\\\/\\\/stilanddesign.se\\\/produkt\\\/%e2%9c%a8-trendiga-denim-sneakers-fran-caramell-fashion-%e2%9c%a8\\\/#breadcrumb\"},\"inLanguage\":\"en-US\",\"potentialAction\":[{\"@type\":\"ReadAction\",\"target\":[\"https:\\\/\\\/stilanddesign.se\\\/produkt\\\/%e2%9c%a8-trendiga-denim-sneakers-fran-caramell-fashion-%e2%9c%a8\\\/\"]}]},{\"@type\":\"ImageObject\",\"inLanguage\":\"en-US\",\"@id\":\"https:\\\/\\\/stilanddesign.se\\\/produkt\\\/%e2%9c%a8-trendiga-denim-sneakers-fran-caramell-fashion-%e2%9c%a8\\\/#primaryimage\",\"url\":\"https:\\\/\\\/stilanddesign.se\\\/wp-content\\\/uploads\\\/2026\\\/03\\\/IMG_6271-scaled.jpeg\",\"contentUrl\":\"https:\\\/\\\/stilanddesign.se\\\/wp-content\\\/uploads\\\/2026\\\/03\\\/IMG_6271-scaled.jpeg\",\"width\":1920,\"height\":2560},{\"@type\":\"BreadcrumbList\",\"@id\":\"https:\\\/\\\/stilanddesign.se\\\/produkt\\\/%e2%9c%a8-trendiga-denim-sneakers-fran-caramell-fashion-%e2%9c%a8\\\/#breadcrumb\",\"itemListElement\":[{\"@type\":\"ListItem\",\"position\":1,\"name\":\"Hem\",\"item\":\"https:\\\/\\\/stilanddesign.se\\\/\"},{\"@type\":\"ListItem\",\"position\":2,\"name\":\"Butiken\",\"item\":\"https:\\\/\\\/stilanddesign.se\\\/butiken\\\/\"},{\"@type\":\"ListItem\",\"position\":3,\"name\":\"\u2728 Trendiga Denim Sneakers fr\u00e5n Caramell Fashion \u2728\"}]},{\"@type\":\"WebSite\",\"@id\":\"https:\\\/\\\/stilanddesign.se\\\/#website\",\"url\":\"https:\\\/\\\/stilanddesign.se\\\/\",\"name\":\"Stil &amp; Design\",\"description\":\"F\u00f6r oss som \u00e4lskar mode!\",\"publisher\":{\"@id\":\"https:\\\/\\\/stilanddesign.se\\\/#organization\"},\"potentialAction\":[{\"@type\":\"SearchAction\",\"target\":{\"@type\":\"EntryPoint\",\"urlTemplate\":\"https:\\\/\\\/stilanddesign.se\\\/?s={search_term_string}\"},\"query-input\":{\"@type\":\"PropertyValueSpecification\",\"valueRequired\":true,\"valueName\":\"search_term_string\"}}],\"inLanguage\":\"en-US\"},{\"@type\":\"Organization\",\"@id\":\"https:\\\/\\\/stilanddesign.se\\\/#organization\",\"name\":\"Stil &amp; Design\",\"url\":\"https:\\\/\\\/stilanddesign.se\\\/\",\"logo\":{\"@type\":\"ImageObject\",\"inLanguage\":\"en-US\",\"@id\":\"https:\\\/\\\/stilanddesign.se\\\/#\\\/schema\\\/logo\\\/image\\\/\",\"url\":\"https:\\\/\\\/stilanddesign.se\\\/wp-content\\\/uploads\\\/2023\\\/12\\\/output-onlinepngtools-e1727784413220.png\",\"contentUrl\":\"https:\\\/\\\/stilanddesign.se\\\/wp-content\\\/uploads\\\/2023\\\/12\\\/output-onlinepngtools-e1727784413220.png\",\"width\":519,\"height\":135,\"caption\":\"Stil &amp; Design\"},\"image\":{\"@id\":\"https:\\\/\\\/stilanddesign.se\\\/#\\\/schema\\\/logo\\\/image\\\/\"}}]}<\/script>\n<!-- \/ Yoast SEO Premium plugin. -->","yoast_head_json":{"title":"\u2728 Trendiga Denim Sneakers fr\u00e5n Caramell Fashion \u2728 - Stil &amp; Design","robots":{"index":"index","follow":"follow","max-snippet":"max-snippet:-1","max-image-preview":"max-image-preview:large","max-video-preview":"max-video-preview:-1"},"canonical":"https:\/\/stilanddesign.se\/en\/product\/\u2728-trendiga-denim-sneakers-fran-caramell-fashion-\u2728\/","og_locale":"en_US","og_type":"article","og_title":"\u2728 Trendiga Denim Sneakers fr\u00e5n Caramell Fashion \u2728","og_description":"\u2728 Trendiga Denim Sneakers fr\u00e5n Caramell Fashion \u2728 Ge din outfit en cool och avslappnad touch med dessa supersnygga denim sneakers! \ud83d\udc99 Perfekta f\u00f6r dig som \u00e4lskar en mix av komfort och trend. Den slitna jeanslooken tillsammans med de dekorativa skosn\u00f6rena ger en modern och unik stil som verkligen sticker ut. \ud83d\udc5f Detaljer som g\u00f6r dem till en favorit:\ud83d\udc99 Trendig denimdesign med coola slitna detaljer\u2728 Dekorativa skosn\u00f6ren med text f\u00f6r en extra fashionk\u00e4nsla\ud83d\udc4c L\u00e4tta och bekv\u00e4ma \u2013 perfekta f\u00f6r hela dagen\ud83c\udf1f Passar lika snyggt till jeans, kl\u00e4nning eller kjol \ud83d\udccf Storlekar: 36\u201341\ud83c\udff7 M\u00e4rke: Caramell Fashion \ud83d\udcab En perfekt sneaker f\u00f6r dig som vill kombinera komfort, stil och en trendig denimlook!","og_url":"https:\/\/stilanddesign.se\/en\/product\/\u2728-trendiga-denim-sneakers-fran-caramell-fashion-\u2728\/","og_site_name":"Stil &amp; Design","article_modified_time":"2026-04-09T08:48:38+00:00","og_image":[{"width":1920,"height":2560,"url":"https:\/\/stilanddesign.se\/wp-content\/uploads\/2026\/03\/IMG_6271-scaled.jpeg","type":"image\/jpeg"}],"twitter_card":"summary_large_image","twitter_misc":{"Est. reading time":"1 minute"},"schema":{"@context":"https:\/\/schema.org","@graph":[{"@type":"WebPage","@id":"https:\/\/stilanddesign.se\/produkt\/%e2%9c%a8-trendiga-denim-sneakers-fran-caramell-fashion-%e2%9c%a8\/","url":"https:\/\/stilanddesign.se\/produkt\/%e2%9c%a8-trendiga-denim-sneakers-fran-caramell-fashion-%e2%9c%a8\/","name":"\u2728 Trendiga Denim Sneakers fr\u00e5n Caramell Fashion \u2728 - Stil &amp; Design","isPartOf":{"@id":"https:\/\/stilanddesign.se\/#website"},"primaryImageOfPage":{"@id":"https:\/\/stilanddesign.se\/produkt\/%e2%9c%a8-trendiga-denim-sneakers-fran-caramell-fashion-%e2%9c%a8\/#primaryimage"},"image":{"@id":"https:\/\/stilanddesign.se\/produkt\/%e2%9c%a8-trendiga-denim-sneakers-fran-caramell-fashion-%e2%9c%a8\/#primaryimage"},"thumbnailUrl":"https:\/\/stilanddesign.se\/wp-content\/uploads\/2026\/03\/IMG_6271-scaled.jpeg","datePublished":"2026-04-07T14:20:42+00:00","dateModified":"2026-04-09T08:48:38+00:00","breadcrumb":{"@id":"https:\/\/stilanddesign.se\/produkt\/%e2%9c%a8-trendiga-denim-sneakers-fran-caramell-fashion-%e2%9c%a8\/#breadcrumb"},"inLanguage":"en-US","potentialAction":[{"@type":"ReadAction","target":["https:\/\/stilanddesign.se\/produkt\/%e2%9c%a8-trendiga-denim-sneakers-fran-caramell-fashion-%e2%9c%a8\/"]}]},{"@type":"ImageObject","inLanguage":"en-US","@id":"https:\/\/stilanddesign.se\/produkt\/%e2%9c%a8-trendiga-denim-sneakers-fran-caramell-fashion-%e2%9c%a8\/#primaryimage","url":"https:\/\/stilanddesign.se\/wp-content\/uploads\/2026\/03\/IMG_6271-scaled.jpeg","contentUrl":"https:\/\/stilanddesign.se\/wp-content\/uploads\/2026\/03\/IMG_6271-scaled.jpeg","width":1920,"height":2560},{"@type":"BreadcrumbList","@id":"https:\/\/stilanddesign.se\/produkt\/%e2%9c%a8-trendiga-denim-sneakers-fran-caramell-fashion-%e2%9c%a8\/#breadcrumb","itemListElement":[{"@type":"ListItem","position":1,"name":"Hem","item":"https:\/\/stilanddesign.se\/"},{"@type":"ListItem","position":2,"name":"Butiken","item":"https:\/\/stilanddesign.se\/butiken\/"},{"@type":"ListItem","position":3,"name":"\u2728 Trendiga Denim Sneakers fr\u00e5n Caramell Fashion \u2728"}]},{"@type":"WebSite","@id":"https:\/\/stilanddesign.se\/#website","url":"https:\/\/stilanddesign.se\/","name":"Style &amp; Design","description":"For those of us who love fashion!","publisher":{"@id":"https:\/\/stilanddesign.se\/#organization"},"potentialAction":[{"@type":"SearchAction","target":{"@type":"EntryPoint","urlTemplate":"https:\/\/stilanddesign.se\/?s={search_term_string}"},"query-input":{"@type":"PropertyValueSpecification","valueRequired":true,"valueName":"search_term_string"}}],"inLanguage":"en-US"},{"@type":"Organization","@id":"https:\/\/stilanddesign.se\/#organization","name":"Style &amp; Design","url":"https:\/\/stilanddesign.se\/","logo":{"@type":"ImageObject","inLanguage":"en-US","@id":"https:\/\/stilanddesign.se\/#\/schema\/logo\/image\/","url":"https:\/\/stilanddesign.se\/wp-content\/uploads\/2023\/12\/output-onlinepngtools-e1727784413220.png","contentUrl":"https:\/\/stilanddesign.se\/wp-content\/uploads\/2023\/12\/output-onlinepngtools-e1727784413220.png","width":519,"height":135,"caption":"Stil &amp; Design"},"image":{"@id":"https:\/\/stilanddesign.se\/#\/schema\/logo\/image\/"}}]}},"_links":{"self":[{"href":"https:\/\/stilanddesign.se\/en\/wp-json\/wp\/v2\/product\/1068380","targetHints":{"allow":["GET"]}}],"collection":[{"href":"https:\/\/stilanddesign.se\/en\/wp-json\/wp\/v2\/product"}],"about":[{"href":"https:\/\/stilanddesign.se\/en\/wp-json\/wp\/v2\/types\/product"}],"replies":[{"embeddable":true,"href":"https:\/\/stilanddesign.se\/en\/wp-json\/wp\/v2\/comments?post=1068380"}],"wp:featuredmedia":[{"embeddable":true,"href":"https:\/\/stilanddesign.se\/en\/wp-json\/wp\/v2\/media\/1068388"}],"wp:attachment":[{"href":"https:\/\/stilanddesign.se\/en\/wp-json\/wp\/v2\/media?parent=1068380"}],"wp:term":[{"taxonomy":"product_brand","embeddable":true,"href":"https:\/\/stilanddesign.se\/en\/wp-json\/wp\/v2\/product_brand?post=1068380"},{"taxonomy":"product_cat","embeddable":true,"href":"https:\/\/stilanddesign.se\/en\/wp-json\/wp\/v2\/product_cat?post=1068380"},{"taxonomy":"product_tag","embeddable":true,"href":"https:\/\/stilanddesign.se\/en\/wp-json\/wp\/v2\/product_tag?post=1068380"}],"curies":[{"name":"wp","href":"https:\/\/api.w.org\/{rel}","templated":true}]}}