{"id":1068257,"date":"2026-03-08T10:07:16","date_gmt":"2026-03-08T09:07:16","guid":{"rendered":"https:\/\/stilanddesign.se\/?post_type=product&#038;p=1068257"},"modified":"2026-04-24T09:06:10","modified_gmt":"2026-04-24T07:06:10","slug":"%f0%9f%a4%8d-virkad-cardigan-caramell-fashion-%f0%9f%a4%8d","status":"publish","type":"product","link":"https:\/\/stilanddesign.se\/en\/product\/%f0%9f%a4%8d-virkad-cardigan-caramell-fashion-%f0%9f%a4%8d\/","title":{"rendered":"\ud83e\udd0d Crochet cardigan \u2013 Caramell Fashion \ud83e\udd0d"},"content":{"rendered":"<h2 data-section-id=\"1su831p\" data-start=\"0\" data-end=\"45\">\ud83e\udd0d Crochet cardigan \u2013 Caramell Fashion \ud83e\udd0d<\/h2>\n<p data-start=\"47\" data-end=\"219\">A stylish and romantic cardigan that goes with everything! \u2728<br data-start=\"104\" data-end=\"107\" \/>This beautiful model from <strong data-start=\"134\" data-end=\"154\">Caramell Fashion<\/strong> is light, airy and perfect as an extra layer over your outfit.<\/p>\n<p data-start=\"221\" data-end=\"387\">The beautiful <strong data-start=\"232\" data-end=\"254\">crocheted the structure<\/strong> gives the garment an exclusive feel while the open model makes it easy to match with dresses, tops and tanks \ud83c\udf38<\/p>\n<p data-start=\"389\" data-end=\"507\">\u2728 Beautiful crochet design<br data-start=\"411\" data-end=\"414\" \/>\u2728 Open front design<br data-start=\"437\" data-end=\"440\" \/>\u2728 3\/4 sleeves with a nice fall<br data-start=\"463\" data-end=\"466\" \/>\u2728 Perfect layering piece for spring and summer<\/p>\n<p data-start=\"509\" data-end=\"568\">A real one <strong data-start=\"519\" data-end=\"539\">wardrobe favorite<\/strong> that lifts every outfit \ud83e\udd0d<\/p>\n<p data-start=\"570\" data-end=\"703\">\ud83e\uddf5 <strong data-start=\"573\" data-end=\"586\">Material:<\/strong> 100% acrylic<br data-start=\"597\" data-end=\"600\" \/>\ud83d\udccf <strong data-start=\"603\" data-end=\"615\">Size:<\/strong> Onesize (fits approx. size 34\u201342)<br data-start=\"645\" data-end=\"648\" \/>\ud83e\uddfa <strong data-start=\"651\" data-end=\"664\">Washing instructions:<\/strong> 30\u00b0<br data-start=\"668\" data-end=\"671\" \/>\ud83d\udc5a <strong data-start=\"674\" data-end=\"684\">Make:<\/strong> Caramell Fashion<\/p>\n<p data-start=\"705\" data-end=\"796\" data-is-last-node=\"\" data-is-only-node=\"\">Perfect over a top, dress or tank top when you want to create a <strong data-start=\"769\" data-end=\"794\">soft and feminine look<\/strong> \u2728<\/p>","protected":false},"excerpt":{"rendered":"<h2 data-section-id=\"1su831p\" data-start=\"0\" data-end=\"45\">\ud83e\udd0d Crochet cardigan \u2013 Caramell Fashion \ud83e\udd0d<\/h2>\n<p data-start=\"47\" data-end=\"219\">A stylish and romantic cardigan that goes with everything! \u2728<br data-start=\"104\" data-end=\"107\" \/>This beautiful model from <strong data-start=\"134\" data-end=\"154\">Caramell Fashion<\/strong> is light, airy and perfect as an extra layer over your outfit.<\/p>\n<p data-start=\"221\" data-end=\"387\">The beautiful <strong data-start=\"232\" data-end=\"254\">crocheted the structure<\/strong> gives the garment an exclusive feel while the open model makes it easy to match with dresses, tops and tanks \ud83c\udf38<\/p>\n<p data-start=\"389\" data-end=\"507\">\u2728 Beautiful crochet design<br data-start=\"411\" data-end=\"414\" \/>\u2728 Open front design<br data-start=\"437\" data-end=\"440\" \/>\u2728 3\/4 sleeves with a nice fall<br data-start=\"463\" data-end=\"466\" \/>\u2728 Perfect layering piece for spring and summer<\/p>\n<p data-start=\"509\" data-end=\"568\">A real one <strong data-start=\"519\" data-end=\"539\">wardrobe favorite<\/strong> that lifts every outfit \ud83e\udd0d<\/p>\n<p data-start=\"570\" data-end=\"703\">\ud83e\uddf5 <strong data-start=\"573\" data-end=\"586\">Material:<\/strong> 100% acrylic<br data-start=\"597\" data-end=\"600\" \/>\ud83d\udccf <strong data-start=\"603\" data-end=\"615\">Size:<\/strong> Onesize (fits approx. size 34\u201342)<br data-start=\"645\" data-end=\"648\" \/>\ud83e\uddfa <strong data-start=\"651\" data-end=\"664\">Washing instructions:<\/strong> 30\u00b0<br data-start=\"668\" data-end=\"671\" \/>\ud83d\udc5a <strong data-start=\"674\" data-end=\"684\">Make:<\/strong> Caramell Fashion<\/p>\n<p data-start=\"705\" data-end=\"796\" data-is-last-node=\"\" data-is-only-node=\"\">Perfect over a top, dress or tank top when you want to create a <strong data-start=\"769\" data-end=\"794\">soft and feminine look<\/strong> \u2728<\/p>","protected":false},"featured_media":1068259,"comment_status":"closed","ping_status":"closed","template":"","meta":[],"product_brand":[],"product_cat":[226],"product_tag":[],"class_list":{"0":"post-1068257","1":"product","2":"type-product","3":"status-publish","4":"has-post-thumbnail","6":"product_cat-koftor-stickade-koftor","8":"first","9":"outofstock","10":"taxable","11":"shipping-taxable","12":"product-type-variable"},"yoast_head":"<!-- This site is optimized with the Yoast SEO Premium plugin v27.4 (Yoast SEO v27.5) - https:\/\/yoast.com\/product\/yoast-seo-premium-wordpress\/ -->\n<title>\ud83e\udd0d Virkad cardigan \u2013 Caramell Fashion \ud83e\udd0d - Stil &amp; Design<\/title>\n<meta name=\"robots\" content=\"index, follow, max-snippet:-1, max-image-preview:large, max-video-preview:-1\" \/>\n<link rel=\"canonical\" href=\"https:\/\/stilanddesign.se\/en\/product\/\ud83e\udd0d-virkad-cardigan-caramell-fashion-\ud83e\udd0d\/\" \/>\n<meta property=\"og:locale\" content=\"en_US\" \/>\n<meta property=\"og:type\" content=\"article\" \/>\n<meta property=\"og:title\" content=\"\ud83e\udd0d Virkad cardigan \u2013 Caramell Fashion \ud83e\udd0d\" \/>\n<meta property=\"og:description\" content=\"\ud83e\udd0d Virkad cardigan \u2013 Caramell Fashion \ud83e\udd0d En stilren och romantisk cardigan som passar till allt! \u2728Den h\u00e4r fina modellen fr\u00e5n Caramell Fashion \u00e4r l\u00e4tt, luftig och perfekt som ett extra lager \u00f6ver din outfit. Den vackra virkade strukturen ger plagget en exklusiv k\u00e4nsla samtidigt som den \u00f6ppna modellen g\u00f6r den enkel att matcha med b\u00e5de kl\u00e4nningar, toppar och linnen \ud83c\udf38 \u2728 Vacker virkad design\u2728 \u00d6ppen modell framtill\u2728 3\/4-\u00e4rm med fint fall\u2728 Perfekt lagerplagg f\u00f6r v\u00e5r och sommar En riktig garderobsfavorit som lyfter varje outfit \ud83e\udd0d \ud83e\uddf5 Material: 100% akryl\ud83d\udccf Storlek: Onesize (passar ca stl 34\u201342)\ud83e\uddfa Tv\u00e4ttr\u00e5d: 30\u00b0\ud83d\udc5a M\u00e4rke: Caramell Fashion Perfekt \u00f6ver en topp, kl\u00e4nning eller linne n\u00e4r du vill skapa en mjuk och feminin look \u2728\" \/>\n<meta property=\"og:url\" content=\"https:\/\/stilanddesign.se\/en\/product\/\ud83e\udd0d-virkad-cardigan-caramell-fashion-\ud83e\udd0d\/\" \/>\n<meta property=\"og:site_name\" content=\"Stil &amp; Design\" \/>\n<meta property=\"article:modified_time\" content=\"2026-04-24T07:06:10+00:00\" \/>\n<meta property=\"og:image\" content=\"https:\/\/stilanddesign.se\/wp-content\/uploads\/2026\/03\/68016-cardigan-1.jpg\" \/>\n\t<meta property=\"og:image:width\" content=\"542\" \/>\n\t<meta property=\"og:image:height\" content=\"608\" \/>\n\t<meta property=\"og:image:type\" content=\"image\/jpeg\" \/>\n<meta name=\"twitter:card\" content=\"summary_large_image\" \/>\n<meta name=\"twitter:label1\" content=\"Est. reading time\" \/>\n\t<meta name=\"twitter:data1\" content=\"1 minute\" \/>\n<script type=\"application\/ld+json\" class=\"yoast-schema-graph\">{\"@context\":\"https:\\\/\\\/schema.org\",\"@graph\":[{\"@type\":\"WebPage\",\"@id\":\"https:\\\/\\\/stilanddesign.se\\\/produkt\\\/%f0%9f%a4%8d-virkad-cardigan-caramell-fashion-%f0%9f%a4%8d\\\/\",\"url\":\"https:\\\/\\\/stilanddesign.se\\\/produkt\\\/%f0%9f%a4%8d-virkad-cardigan-caramell-fashion-%f0%9f%a4%8d\\\/\",\"name\":\"\ud83e\udd0d Virkad cardigan \u2013 Caramell Fashion \ud83e\udd0d - Stil &amp; Design\",\"isPartOf\":{\"@id\":\"https:\\\/\\\/stilanddesign.se\\\/#website\"},\"primaryImageOfPage\":{\"@id\":\"https:\\\/\\\/stilanddesign.se\\\/produkt\\\/%f0%9f%a4%8d-virkad-cardigan-caramell-fashion-%f0%9f%a4%8d\\\/#primaryimage\"},\"image\":{\"@id\":\"https:\\\/\\\/stilanddesign.se\\\/produkt\\\/%f0%9f%a4%8d-virkad-cardigan-caramell-fashion-%f0%9f%a4%8d\\\/#primaryimage\"},\"thumbnailUrl\":\"https:\\\/\\\/stilanddesign.se\\\/wp-content\\\/uploads\\\/2026\\\/03\\\/68016-cardigan-1.jpg\",\"datePublished\":\"2026-03-08T09:07:16+00:00\",\"dateModified\":\"2026-04-24T07:06:10+00:00\",\"breadcrumb\":{\"@id\":\"https:\\\/\\\/stilanddesign.se\\\/produkt\\\/%f0%9f%a4%8d-virkad-cardigan-caramell-fashion-%f0%9f%a4%8d\\\/#breadcrumb\"},\"inLanguage\":\"en-US\",\"potentialAction\":[{\"@type\":\"ReadAction\",\"target\":[\"https:\\\/\\\/stilanddesign.se\\\/produkt\\\/%f0%9f%a4%8d-virkad-cardigan-caramell-fashion-%f0%9f%a4%8d\\\/\"]}]},{\"@type\":\"ImageObject\",\"inLanguage\":\"en-US\",\"@id\":\"https:\\\/\\\/stilanddesign.se\\\/produkt\\\/%f0%9f%a4%8d-virkad-cardigan-caramell-fashion-%f0%9f%a4%8d\\\/#primaryimage\",\"url\":\"https:\\\/\\\/stilanddesign.se\\\/wp-content\\\/uploads\\\/2026\\\/03\\\/68016-cardigan-1.jpg\",\"contentUrl\":\"https:\\\/\\\/stilanddesign.se\\\/wp-content\\\/uploads\\\/2026\\\/03\\\/68016-cardigan-1.jpg\",\"width\":542,\"height\":608},{\"@type\":\"BreadcrumbList\",\"@id\":\"https:\\\/\\\/stilanddesign.se\\\/produkt\\\/%f0%9f%a4%8d-virkad-cardigan-caramell-fashion-%f0%9f%a4%8d\\\/#breadcrumb\",\"itemListElement\":[{\"@type\":\"ListItem\",\"position\":1,\"name\":\"Hem\",\"item\":\"https:\\\/\\\/stilanddesign.se\\\/\"},{\"@type\":\"ListItem\",\"position\":2,\"name\":\"Butiken\",\"item\":\"https:\\\/\\\/stilanddesign.se\\\/butiken\\\/\"},{\"@type\":\"ListItem\",\"position\":3,\"name\":\"\ud83e\udd0d Virkad cardigan \u2013 Caramell Fashion \ud83e\udd0d\"}]},{\"@type\":\"WebSite\",\"@id\":\"https:\\\/\\\/stilanddesign.se\\\/#website\",\"url\":\"https:\\\/\\\/stilanddesign.se\\\/\",\"name\":\"Stil &amp; Design\",\"description\":\"F\u00f6r oss som \u00e4lskar mode!\",\"publisher\":{\"@id\":\"https:\\\/\\\/stilanddesign.se\\\/#organization\"},\"potentialAction\":[{\"@type\":\"SearchAction\",\"target\":{\"@type\":\"EntryPoint\",\"urlTemplate\":\"https:\\\/\\\/stilanddesign.se\\\/?s={search_term_string}\"},\"query-input\":{\"@type\":\"PropertyValueSpecification\",\"valueRequired\":true,\"valueName\":\"search_term_string\"}}],\"inLanguage\":\"en-US\"},{\"@type\":\"Organization\",\"@id\":\"https:\\\/\\\/stilanddesign.se\\\/#organization\",\"name\":\"Stil &amp; Design\",\"url\":\"https:\\\/\\\/stilanddesign.se\\\/\",\"logo\":{\"@type\":\"ImageObject\",\"inLanguage\":\"en-US\",\"@id\":\"https:\\\/\\\/stilanddesign.se\\\/#\\\/schema\\\/logo\\\/image\\\/\",\"url\":\"https:\\\/\\\/stilanddesign.se\\\/wp-content\\\/uploads\\\/2023\\\/12\\\/output-onlinepngtools-e1727784413220.png\",\"contentUrl\":\"https:\\\/\\\/stilanddesign.se\\\/wp-content\\\/uploads\\\/2023\\\/12\\\/output-onlinepngtools-e1727784413220.png\",\"width\":519,\"height\":135,\"caption\":\"Stil &amp; Design\"},\"image\":{\"@id\":\"https:\\\/\\\/stilanddesign.se\\\/#\\\/schema\\\/logo\\\/image\\\/\"}}]}<\/script>\n<!-- \/ Yoast SEO Premium plugin. -->","yoast_head_json":{"title":"\ud83e\udd0d Virkad cardigan \u2013 Caramell Fashion \ud83e\udd0d - Stil &amp; Design","robots":{"index":"index","follow":"follow","max-snippet":"max-snippet:-1","max-image-preview":"max-image-preview:large","max-video-preview":"max-video-preview:-1"},"canonical":"https:\/\/stilanddesign.se\/en\/product\/\ud83e\udd0d-virkad-cardigan-caramell-fashion-\ud83e\udd0d\/","og_locale":"en_US","og_type":"article","og_title":"\ud83e\udd0d Virkad cardigan \u2013 Caramell Fashion \ud83e\udd0d","og_description":"\ud83e\udd0d Virkad cardigan \u2013 Caramell Fashion \ud83e\udd0d En stilren och romantisk cardigan som passar till allt! \u2728Den h\u00e4r fina modellen fr\u00e5n Caramell Fashion \u00e4r l\u00e4tt, luftig och perfekt som ett extra lager \u00f6ver din outfit. Den vackra virkade strukturen ger plagget en exklusiv k\u00e4nsla samtidigt som den \u00f6ppna modellen g\u00f6r den enkel att matcha med b\u00e5de kl\u00e4nningar, toppar och linnen \ud83c\udf38 \u2728 Vacker virkad design\u2728 \u00d6ppen modell framtill\u2728 3\/4-\u00e4rm med fint fall\u2728 Perfekt lagerplagg f\u00f6r v\u00e5r och sommar En riktig garderobsfavorit som lyfter varje outfit \ud83e\udd0d \ud83e\uddf5 Material: 100% akryl\ud83d\udccf Storlek: Onesize (passar ca stl 34\u201342)\ud83e\uddfa Tv\u00e4ttr\u00e5d: 30\u00b0\ud83d\udc5a M\u00e4rke: Caramell Fashion Perfekt \u00f6ver en topp, kl\u00e4nning eller linne n\u00e4r du vill skapa en mjuk och feminin look \u2728","og_url":"https:\/\/stilanddesign.se\/en\/product\/\ud83e\udd0d-virkad-cardigan-caramell-fashion-\ud83e\udd0d\/","og_site_name":"Stil &amp; Design","article_modified_time":"2026-04-24T07:06:10+00:00","og_image":[{"width":542,"height":608,"url":"https:\/\/stilanddesign.se\/wp-content\/uploads\/2026\/03\/68016-cardigan-1.jpg","type":"image\/jpeg"}],"twitter_card":"summary_large_image","twitter_misc":{"Est. reading time":"1 minute"},"schema":{"@context":"https:\/\/schema.org","@graph":[{"@type":"WebPage","@id":"https:\/\/stilanddesign.se\/produkt\/%f0%9f%a4%8d-virkad-cardigan-caramell-fashion-%f0%9f%a4%8d\/","url":"https:\/\/stilanddesign.se\/produkt\/%f0%9f%a4%8d-virkad-cardigan-caramell-fashion-%f0%9f%a4%8d\/","name":"\ud83e\udd0d Virkad cardigan \u2013 Caramell Fashion \ud83e\udd0d - Stil &amp; Design","isPartOf":{"@id":"https:\/\/stilanddesign.se\/#website"},"primaryImageOfPage":{"@id":"https:\/\/stilanddesign.se\/produkt\/%f0%9f%a4%8d-virkad-cardigan-caramell-fashion-%f0%9f%a4%8d\/#primaryimage"},"image":{"@id":"https:\/\/stilanddesign.se\/produkt\/%f0%9f%a4%8d-virkad-cardigan-caramell-fashion-%f0%9f%a4%8d\/#primaryimage"},"thumbnailUrl":"https:\/\/stilanddesign.se\/wp-content\/uploads\/2026\/03\/68016-cardigan-1.jpg","datePublished":"2026-03-08T09:07:16+00:00","dateModified":"2026-04-24T07:06:10+00:00","breadcrumb":{"@id":"https:\/\/stilanddesign.se\/produkt\/%f0%9f%a4%8d-virkad-cardigan-caramell-fashion-%f0%9f%a4%8d\/#breadcrumb"},"inLanguage":"en-US","potentialAction":[{"@type":"ReadAction","target":["https:\/\/stilanddesign.se\/produkt\/%f0%9f%a4%8d-virkad-cardigan-caramell-fashion-%f0%9f%a4%8d\/"]}]},{"@type":"ImageObject","inLanguage":"en-US","@id":"https:\/\/stilanddesign.se\/produkt\/%f0%9f%a4%8d-virkad-cardigan-caramell-fashion-%f0%9f%a4%8d\/#primaryimage","url":"https:\/\/stilanddesign.se\/wp-content\/uploads\/2026\/03\/68016-cardigan-1.jpg","contentUrl":"https:\/\/stilanddesign.se\/wp-content\/uploads\/2026\/03\/68016-cardigan-1.jpg","width":542,"height":608},{"@type":"BreadcrumbList","@id":"https:\/\/stilanddesign.se\/produkt\/%f0%9f%a4%8d-virkad-cardigan-caramell-fashion-%f0%9f%a4%8d\/#breadcrumb","itemListElement":[{"@type":"ListItem","position":1,"name":"Hem","item":"https:\/\/stilanddesign.se\/"},{"@type":"ListItem","position":2,"name":"Butiken","item":"https:\/\/stilanddesign.se\/butiken\/"},{"@type":"ListItem","position":3,"name":"\ud83e\udd0d Virkad cardigan \u2013 Caramell Fashion \ud83e\udd0d"}]},{"@type":"WebSite","@id":"https:\/\/stilanddesign.se\/#website","url":"https:\/\/stilanddesign.se\/","name":"Style &amp; Design","description":"For those of us who love fashion!","publisher":{"@id":"https:\/\/stilanddesign.se\/#organization"},"potentialAction":[{"@type":"SearchAction","target":{"@type":"EntryPoint","urlTemplate":"https:\/\/stilanddesign.se\/?s={search_term_string}"},"query-input":{"@type":"PropertyValueSpecification","valueRequired":true,"valueName":"search_term_string"}}],"inLanguage":"en-US"},{"@type":"Organization","@id":"https:\/\/stilanddesign.se\/#organization","name":"Style &amp; Design","url":"https:\/\/stilanddesign.se\/","logo":{"@type":"ImageObject","inLanguage":"en-US","@id":"https:\/\/stilanddesign.se\/#\/schema\/logo\/image\/","url":"https:\/\/stilanddesign.se\/wp-content\/uploads\/2023\/12\/output-onlinepngtools-e1727784413220.png","contentUrl":"https:\/\/stilanddesign.se\/wp-content\/uploads\/2023\/12\/output-onlinepngtools-e1727784413220.png","width":519,"height":135,"caption":"Stil &amp; Design"},"image":{"@id":"https:\/\/stilanddesign.se\/#\/schema\/logo\/image\/"}}]}},"_links":{"self":[{"href":"https:\/\/stilanddesign.se\/en\/wp-json\/wp\/v2\/product\/1068257","targetHints":{"allow":["GET"]}}],"collection":[{"href":"https:\/\/stilanddesign.se\/en\/wp-json\/wp\/v2\/product"}],"about":[{"href":"https:\/\/stilanddesign.se\/en\/wp-json\/wp\/v2\/types\/product"}],"replies":[{"embeddable":true,"href":"https:\/\/stilanddesign.se\/en\/wp-json\/wp\/v2\/comments?post=1068257"}],"wp:featuredmedia":[{"embeddable":true,"href":"https:\/\/stilanddesign.se\/en\/wp-json\/wp\/v2\/media\/1068259"}],"wp:attachment":[{"href":"https:\/\/stilanddesign.se\/en\/wp-json\/wp\/v2\/media?parent=1068257"}],"wp:term":[{"taxonomy":"product_brand","embeddable":true,"href":"https:\/\/stilanddesign.se\/en\/wp-json\/wp\/v2\/product_brand?post=1068257"},{"taxonomy":"product_cat","embeddable":true,"href":"https:\/\/stilanddesign.se\/en\/wp-json\/wp\/v2\/product_cat?post=1068257"},{"taxonomy":"product_tag","embeddable":true,"href":"https:\/\/stilanddesign.se\/en\/wp-json\/wp\/v2\/product_tag?post=1068257"}],"curies":[{"name":"wp","href":"https:\/\/api.w.org\/{rel}","templated":true}]}}