{"id":1065246,"date":"2026-04-11T13:35:24","date_gmt":"2026-04-11T11:35:24","guid":{"rendered":"https:\/\/stilanddesign.se\/?post_type=product&#038;p=1065246"},"modified":"2026-04-13T11:05:35","modified_gmt":"2026-04-13T09:05:35","slug":"%f0%9f%8c%b8-blus-med-spets-caramell-fashion-%f0%9f%8c%b8-3","status":"publish","type":"product","link":"https:\/\/stilanddesign.se\/en\/product\/%f0%9f%8c%b8-blus-med-spets-caramell-fashion-%f0%9f%8c%b8-3\/","title":{"rendered":"\ud83c\udf38 Blouse with lace \u2013 Caramell Fashion \ud83c\udf38"},"content":{"rendered":"<p data-start=\"65\" data-end=\"110\">\ud83c\udf38 <strong data-start=\"68\" data-end=\"105\">Blouse with lace \u2013 Caramell Fashion<\/strong> \ud83c\udf38<\/p>\n<p data-start=\"112\" data-end=\"292\">A romantic and feminine blouse with beautiful lace details and a soft, supple fit. The decorative lace at the front together with ties gives an elegant and bohemian expression.<\/p>\n<p data-start=\"294\" data-end=\"493\">The blouse has a loose fit with light gathering under the bust that creates a nice drape and a flattering silhouette. The long sleeves are finished with lace trim and elastic cuffs for a soft and comfortable fit.<\/p>\n<p data-start=\"495\" data-end=\"512\">\u2728 <strong data-start=\"497\" data-end=\"510\">Details:<\/strong><\/p>\n<ul data-start=\"513\" data-end=\"653\">\n<li data-start=\"513\" data-end=\"539\">\n<p data-start=\"515\" data-end=\"539\">Lace details at the front<\/p>\n<\/li>\n<li data-start=\"540\" data-end=\"569\">\n<p data-start=\"542\" data-end=\"569\">Tie at the neckline<\/p>\n<\/li>\n<li data-start=\"570\" data-end=\"596\">\n<p data-start=\"572\" data-end=\"596\">Long sleeve with lace trim<\/p>\n<\/li>\n<li data-start=\"597\" data-end=\"622\">\n<p data-start=\"599\" data-end=\"622\">Loose and airy model<\/p>\n<\/li>\n<li data-start=\"623\" data-end=\"653\">\n<p data-start=\"625\" data-end=\"653\">Soft and comfortable quality<\/p>\n<\/li>\n<\/ul>\n<p data-start=\"655\" data-end=\"724\">\ud83d\udccf <strong data-start=\"658\" data-end=\"670\">Size:<\/strong> Onesize (fits approx. S\u2013L depending on desired fit)<\/p>\n<p data-start=\"726\" data-end=\"762\">\ud83c\udfa8 <strong data-start=\"729\" data-end=\"740\">Colors:<\/strong> Pink, White and Beige<\/p>\n<p data-start=\"764\" data-end=\"846\">A perfect blouse for both jeans and skirts \u2013 just as nice for everyday wear as for a party \ud83d\udc95<\/p>","protected":false},"excerpt":{"rendered":"<p data-start=\"65\" data-end=\"110\">\ud83c\udf38 <strong data-start=\"68\" data-end=\"105\">Blouse with lace \u2013 Caramell Fashion<\/strong> \ud83c\udf38<\/p>\n<p data-start=\"112\" data-end=\"292\">A romantic and feminine blouse with beautiful lace details and a soft, supple fit. The decorative lace at the front together with ties gives an elegant and bohemian expression.<\/p>\n<p data-start=\"294\" data-end=\"493\">The blouse has a loose fit with light gathering under the bust that creates a nice drape and a flattering silhouette. The long sleeves are finished with lace trim and elastic cuffs for a soft and comfortable fit.<\/p>\n<p data-start=\"495\" data-end=\"512\">\u2728 <strong data-start=\"497\" data-end=\"510\">Details:<\/strong><\/p>\n<ul data-start=\"513\" data-end=\"653\">\n<li data-start=\"513\" data-end=\"539\">\n<p data-start=\"515\" data-end=\"539\">Lace details at the front<\/p>\n<\/li>\n<li data-start=\"540\" data-end=\"569\">\n<p data-start=\"542\" data-end=\"569\">Tie at the neckline<\/p>\n<\/li>\n<li data-start=\"570\" data-end=\"596\">\n<p data-start=\"572\" data-end=\"596\">Long sleeve with lace trim<\/p>\n<\/li>\n<li data-start=\"597\" data-end=\"622\">\n<p data-start=\"599\" data-end=\"622\">Loose and airy model<\/p>\n<\/li>\n<li data-start=\"623\" data-end=\"653\">\n<p data-start=\"625\" data-end=\"653\">Soft and comfortable quality<\/p>\n<\/li>\n<\/ul>\n<p data-start=\"655\" data-end=\"724\">\ud83d\udccf <strong data-start=\"658\" data-end=\"670\">Size:<\/strong> Onesize (fits approx. S\u2013L depending on desired fit)<\/p>\n<p data-start=\"726\" data-end=\"762\">\ud83c\udfa8 <strong data-start=\"729\" data-end=\"740\">Colors:<\/strong> Pink, White and Beige<\/p>\n<p data-start=\"764\" data-end=\"846\">A perfect blouse for both jeans and skirts \u2013 just as nice for everyday wear as for a party \ud83d\udc95<\/p>","protected":false},"featured_media":1065251,"comment_status":"closed","ping_status":"closed","template":"","meta":[],"product_brand":[],"product_cat":[209],"product_tag":[],"class_list":{"0":"post-1065246","1":"product","2":"type-product","3":"status-publish","4":"has-post-thumbnail","6":"product_cat-reaprodukter","8":"first","9":"outofstock","10":"taxable","11":"shipping-taxable","12":"product-type-variable"},"yoast_head":"<!-- This site is optimized with the Yoast SEO Premium plugin v27.4 (Yoast SEO v27.5) - https:\/\/yoast.com\/product\/yoast-seo-premium-wordpress\/ -->\n<title>\ud83c\udf38 Blus med spets \u2013 Caramell Fashion \ud83c\udf38 - Stil &amp; Design<\/title>\n<meta name=\"robots\" content=\"index, follow, max-snippet:-1, max-image-preview:large, max-video-preview:-1\" \/>\n<link rel=\"canonical\" href=\"https:\/\/stilanddesign.se\/en\/product\/\ud83c\udf38-blus-med-spets-caramell-fashion-\ud83c\udf38-3\/\" \/>\n<meta property=\"og:locale\" content=\"en_US\" \/>\n<meta property=\"og:type\" content=\"article\" \/>\n<meta property=\"og:title\" content=\"\ud83c\udf38 Blus med spets \u2013 Caramell Fashion \ud83c\udf38\" \/>\n<meta property=\"og:description\" content=\"\ud83c\udf38 Blus med spets \u2013 Caramell Fashion \ud83c\udf38 En romantisk och feminin blus med vackra spetsdetaljer och mjuk, f\u00f6ljsam passform. Den dekorativa spetsen framtill tillsammans med knytband ger ett elegant och bohemiskt uttryck. Blusen har en ledig modell med l\u00e4tt rynkning under bysten som skapar fint fall och en smickrande silhuett. De l\u00e5nga \u00e4rmarna avslutas med spetskant och elastisk mudd f\u00f6r en mjuk och bekv\u00e4m passform. \u2728 Detaljer:     Spetsdetaljer framtill    Knytband i halsringningen    L\u00e5ng \u00e4rm med spetskant    L\u00f6s och luftig modell    Mjuk och behaglig kvalitet   \ud83d\udccf Storlek: Onesize (passar ca S\u2013L beroende p\u00e5 \u00f6nskad passform) \ud83c\udfa8 F\u00e4rger: Rosa, Vit och Beige En perfekt blus till b\u00e5de jeans och kjol \u2013 lika fin till vardag som till fest \ud83d\udc95\" \/>\n<meta property=\"og:url\" content=\"https:\/\/stilanddesign.se\/en\/product\/\ud83c\udf38-blus-med-spets-caramell-fashion-\ud83c\udf38-3\/\" \/>\n<meta property=\"og:site_name\" content=\"Stil &amp; Design\" \/>\n<meta property=\"article:modified_time\" content=\"2026-04-13T09:05:35+00:00\" \/>\n<meta property=\"og:image\" content=\"https:\/\/stilanddesign.se\/wp-content\/uploads\/2026\/02\/55656566.png\" \/>\n\t<meta property=\"og:image:width\" content=\"427\" \/>\n\t<meta property=\"og:image:height\" content=\"640\" \/>\n\t<meta property=\"og:image:type\" content=\"image\/png\" \/>\n<meta name=\"twitter:card\" content=\"summary_large_image\" \/>\n<meta name=\"twitter:label1\" content=\"Est. reading time\" \/>\n\t<meta name=\"twitter:data1\" content=\"1 minute\" \/>\n<script type=\"application\/ld+json\" class=\"yoast-schema-graph\">{\"@context\":\"https:\\\/\\\/schema.org\",\"@graph\":[{\"@type\":\"WebPage\",\"@id\":\"https:\\\/\\\/stilanddesign.se\\\/produkt\\\/%f0%9f%8c%b8-blus-med-spets-caramell-fashion-%f0%9f%8c%b8-3\\\/\",\"url\":\"https:\\\/\\\/stilanddesign.se\\\/produkt\\\/%f0%9f%8c%b8-blus-med-spets-caramell-fashion-%f0%9f%8c%b8-3\\\/\",\"name\":\"\ud83c\udf38 Blus med spets \u2013 Caramell Fashion \ud83c\udf38 - Stil &amp; Design\",\"isPartOf\":{\"@id\":\"https:\\\/\\\/stilanddesign.se\\\/#website\"},\"primaryImageOfPage\":{\"@id\":\"https:\\\/\\\/stilanddesign.se\\\/produkt\\\/%f0%9f%8c%b8-blus-med-spets-caramell-fashion-%f0%9f%8c%b8-3\\\/#primaryimage\"},\"image\":{\"@id\":\"https:\\\/\\\/stilanddesign.se\\\/produkt\\\/%f0%9f%8c%b8-blus-med-spets-caramell-fashion-%f0%9f%8c%b8-3\\\/#primaryimage\"},\"thumbnailUrl\":\"https:\\\/\\\/stilanddesign.se\\\/wp-content\\\/uploads\\\/2026\\\/02\\\/55656566.png\",\"datePublished\":\"2026-04-11T11:35:24+00:00\",\"dateModified\":\"2026-04-13T09:05:35+00:00\",\"breadcrumb\":{\"@id\":\"https:\\\/\\\/stilanddesign.se\\\/produkt\\\/%f0%9f%8c%b8-blus-med-spets-caramell-fashion-%f0%9f%8c%b8-3\\\/#breadcrumb\"},\"inLanguage\":\"en-US\",\"potentialAction\":[{\"@type\":\"ReadAction\",\"target\":[\"https:\\\/\\\/stilanddesign.se\\\/produkt\\\/%f0%9f%8c%b8-blus-med-spets-caramell-fashion-%f0%9f%8c%b8-3\\\/\"]}]},{\"@type\":\"ImageObject\",\"inLanguage\":\"en-US\",\"@id\":\"https:\\\/\\\/stilanddesign.se\\\/produkt\\\/%f0%9f%8c%b8-blus-med-spets-caramell-fashion-%f0%9f%8c%b8-3\\\/#primaryimage\",\"url\":\"https:\\\/\\\/stilanddesign.se\\\/wp-content\\\/uploads\\\/2026\\\/02\\\/55656566.png\",\"contentUrl\":\"https:\\\/\\\/stilanddesign.se\\\/wp-content\\\/uploads\\\/2026\\\/02\\\/55656566.png\",\"width\":427,\"height\":640,\"caption\":\"Blus med spets i vitt\"},{\"@type\":\"BreadcrumbList\",\"@id\":\"https:\\\/\\\/stilanddesign.se\\\/produkt\\\/%f0%9f%8c%b8-blus-med-spets-caramell-fashion-%f0%9f%8c%b8-3\\\/#breadcrumb\",\"itemListElement\":[{\"@type\":\"ListItem\",\"position\":1,\"name\":\"Hem\",\"item\":\"https:\\\/\\\/stilanddesign.se\\\/\"},{\"@type\":\"ListItem\",\"position\":2,\"name\":\"Butiken\",\"item\":\"https:\\\/\\\/stilanddesign.se\\\/butiken\\\/\"},{\"@type\":\"ListItem\",\"position\":3,\"name\":\"\ud83c\udf38 Blus med spets \u2013 Caramell Fashion \ud83c\udf38\"}]},{\"@type\":\"WebSite\",\"@id\":\"https:\\\/\\\/stilanddesign.se\\\/#website\",\"url\":\"https:\\\/\\\/stilanddesign.se\\\/\",\"name\":\"Stil &amp; Design\",\"description\":\"F\u00f6r oss som \u00e4lskar mode!\",\"publisher\":{\"@id\":\"https:\\\/\\\/stilanddesign.se\\\/#organization\"},\"potentialAction\":[{\"@type\":\"SearchAction\",\"target\":{\"@type\":\"EntryPoint\",\"urlTemplate\":\"https:\\\/\\\/stilanddesign.se\\\/?s={search_term_string}\"},\"query-input\":{\"@type\":\"PropertyValueSpecification\",\"valueRequired\":true,\"valueName\":\"search_term_string\"}}],\"inLanguage\":\"en-US\"},{\"@type\":\"Organization\",\"@id\":\"https:\\\/\\\/stilanddesign.se\\\/#organization\",\"name\":\"Stil &amp; Design\",\"url\":\"https:\\\/\\\/stilanddesign.se\\\/\",\"logo\":{\"@type\":\"ImageObject\",\"inLanguage\":\"en-US\",\"@id\":\"https:\\\/\\\/stilanddesign.se\\\/#\\\/schema\\\/logo\\\/image\\\/\",\"url\":\"https:\\\/\\\/stilanddesign.se\\\/wp-content\\\/uploads\\\/2023\\\/12\\\/output-onlinepngtools-e1727784413220.png\",\"contentUrl\":\"https:\\\/\\\/stilanddesign.se\\\/wp-content\\\/uploads\\\/2023\\\/12\\\/output-onlinepngtools-e1727784413220.png\",\"width\":519,\"height\":135,\"caption\":\"Stil &amp; Design\"},\"image\":{\"@id\":\"https:\\\/\\\/stilanddesign.se\\\/#\\\/schema\\\/logo\\\/image\\\/\"}}]}<\/script>\n<!-- \/ Yoast SEO Premium plugin. -->","yoast_head_json":{"title":"\ud83c\udf38 Blus med spets \u2013 Caramell Fashion \ud83c\udf38 - Stil &amp; Design","robots":{"index":"index","follow":"follow","max-snippet":"max-snippet:-1","max-image-preview":"max-image-preview:large","max-video-preview":"max-video-preview:-1"},"canonical":"https:\/\/stilanddesign.se\/en\/product\/\ud83c\udf38-blus-med-spets-caramell-fashion-\ud83c\udf38-3\/","og_locale":"en_US","og_type":"article","og_title":"\ud83c\udf38 Blus med spets \u2013 Caramell Fashion \ud83c\udf38","og_description":"\ud83c\udf38 Blus med spets \u2013 Caramell Fashion \ud83c\udf38 En romantisk och feminin blus med vackra spetsdetaljer och mjuk, f\u00f6ljsam passform. Den dekorativa spetsen framtill tillsammans med knytband ger ett elegant och bohemiskt uttryck. Blusen har en ledig modell med l\u00e4tt rynkning under bysten som skapar fint fall och en smickrande silhuett. De l\u00e5nga \u00e4rmarna avslutas med spetskant och elastisk mudd f\u00f6r en mjuk och bekv\u00e4m passform. \u2728 Detaljer:     Spetsdetaljer framtill    Knytband i halsringningen    L\u00e5ng \u00e4rm med spetskant    L\u00f6s och luftig modell    Mjuk och behaglig kvalitet   \ud83d\udccf Storlek: Onesize (passar ca S\u2013L beroende p\u00e5 \u00f6nskad passform) \ud83c\udfa8 F\u00e4rger: Rosa, Vit och Beige En perfekt blus till b\u00e5de jeans och kjol \u2013 lika fin till vardag som till fest \ud83d\udc95","og_url":"https:\/\/stilanddesign.se\/en\/product\/\ud83c\udf38-blus-med-spets-caramell-fashion-\ud83c\udf38-3\/","og_site_name":"Stil &amp; Design","article_modified_time":"2026-04-13T09:05:35+00:00","og_image":[{"width":427,"height":640,"url":"https:\/\/stilanddesign.se\/wp-content\/uploads\/2026\/02\/55656566.png","type":"image\/png"}],"twitter_card":"summary_large_image","twitter_misc":{"Est. reading time":"1 minute"},"schema":{"@context":"https:\/\/schema.org","@graph":[{"@type":"WebPage","@id":"https:\/\/stilanddesign.se\/produkt\/%f0%9f%8c%b8-blus-med-spets-caramell-fashion-%f0%9f%8c%b8-3\/","url":"https:\/\/stilanddesign.se\/produkt\/%f0%9f%8c%b8-blus-med-spets-caramell-fashion-%f0%9f%8c%b8-3\/","name":"\ud83c\udf38 Blus med spets \u2013 Caramell Fashion \ud83c\udf38 - Stil &amp; Design","isPartOf":{"@id":"https:\/\/stilanddesign.se\/#website"},"primaryImageOfPage":{"@id":"https:\/\/stilanddesign.se\/produkt\/%f0%9f%8c%b8-blus-med-spets-caramell-fashion-%f0%9f%8c%b8-3\/#primaryimage"},"image":{"@id":"https:\/\/stilanddesign.se\/produkt\/%f0%9f%8c%b8-blus-med-spets-caramell-fashion-%f0%9f%8c%b8-3\/#primaryimage"},"thumbnailUrl":"https:\/\/stilanddesign.se\/wp-content\/uploads\/2026\/02\/55656566.png","datePublished":"2026-04-11T11:35:24+00:00","dateModified":"2026-04-13T09:05:35+00:00","breadcrumb":{"@id":"https:\/\/stilanddesign.se\/produkt\/%f0%9f%8c%b8-blus-med-spets-caramell-fashion-%f0%9f%8c%b8-3\/#breadcrumb"},"inLanguage":"en-US","potentialAction":[{"@type":"ReadAction","target":["https:\/\/stilanddesign.se\/produkt\/%f0%9f%8c%b8-blus-med-spets-caramell-fashion-%f0%9f%8c%b8-3\/"]}]},{"@type":"ImageObject","inLanguage":"en-US","@id":"https:\/\/stilanddesign.se\/produkt\/%f0%9f%8c%b8-blus-med-spets-caramell-fashion-%f0%9f%8c%b8-3\/#primaryimage","url":"https:\/\/stilanddesign.se\/wp-content\/uploads\/2026\/02\/55656566.png","contentUrl":"https:\/\/stilanddesign.se\/wp-content\/uploads\/2026\/02\/55656566.png","width":427,"height":640,"caption":"Blus med spets i vitt"},{"@type":"BreadcrumbList","@id":"https:\/\/stilanddesign.se\/produkt\/%f0%9f%8c%b8-blus-med-spets-caramell-fashion-%f0%9f%8c%b8-3\/#breadcrumb","itemListElement":[{"@type":"ListItem","position":1,"name":"Hem","item":"https:\/\/stilanddesign.se\/"},{"@type":"ListItem","position":2,"name":"Butiken","item":"https:\/\/stilanddesign.se\/butiken\/"},{"@type":"ListItem","position":3,"name":"\ud83c\udf38 Blus med spets \u2013 Caramell Fashion \ud83c\udf38"}]},{"@type":"WebSite","@id":"https:\/\/stilanddesign.se\/#website","url":"https:\/\/stilanddesign.se\/","name":"Style &amp; Design","description":"For those of us who love fashion!","publisher":{"@id":"https:\/\/stilanddesign.se\/#organization"},"potentialAction":[{"@type":"SearchAction","target":{"@type":"EntryPoint","urlTemplate":"https:\/\/stilanddesign.se\/?s={search_term_string}"},"query-input":{"@type":"PropertyValueSpecification","valueRequired":true,"valueName":"search_term_string"}}],"inLanguage":"en-US"},{"@type":"Organization","@id":"https:\/\/stilanddesign.se\/#organization","name":"Style &amp; Design","url":"https:\/\/stilanddesign.se\/","logo":{"@type":"ImageObject","inLanguage":"en-US","@id":"https:\/\/stilanddesign.se\/#\/schema\/logo\/image\/","url":"https:\/\/stilanddesign.se\/wp-content\/uploads\/2023\/12\/output-onlinepngtools-e1727784413220.png","contentUrl":"https:\/\/stilanddesign.se\/wp-content\/uploads\/2023\/12\/output-onlinepngtools-e1727784413220.png","width":519,"height":135,"caption":"Stil &amp; Design"},"image":{"@id":"https:\/\/stilanddesign.se\/#\/schema\/logo\/image\/"}}]}},"_links":{"self":[{"href":"https:\/\/stilanddesign.se\/en\/wp-json\/wp\/v2\/product\/1065246","targetHints":{"allow":["GET"]}}],"collection":[{"href":"https:\/\/stilanddesign.se\/en\/wp-json\/wp\/v2\/product"}],"about":[{"href":"https:\/\/stilanddesign.se\/en\/wp-json\/wp\/v2\/types\/product"}],"replies":[{"embeddable":true,"href":"https:\/\/stilanddesign.se\/en\/wp-json\/wp\/v2\/comments?post=1065246"}],"wp:featuredmedia":[{"embeddable":true,"href":"https:\/\/stilanddesign.se\/en\/wp-json\/wp\/v2\/media\/1065251"}],"wp:attachment":[{"href":"https:\/\/stilanddesign.se\/en\/wp-json\/wp\/v2\/media?parent=1065246"}],"wp:term":[{"taxonomy":"product_brand","embeddable":true,"href":"https:\/\/stilanddesign.se\/en\/wp-json\/wp\/v2\/product_brand?post=1065246"},{"taxonomy":"product_cat","embeddable":true,"href":"https:\/\/stilanddesign.se\/en\/wp-json\/wp\/v2\/product_cat?post=1065246"},{"taxonomy":"product_tag","embeddable":true,"href":"https:\/\/stilanddesign.se\/en\/wp-json\/wp\/v2\/product_tag?post=1065246"}],"curies":[{"name":"wp","href":"https:\/\/api.w.org\/{rel}","templated":true}]}}