{"id":1061474,"date":"2026-04-27T10:44:39","date_gmt":"2026-04-27T08:44:39","guid":{"rendered":"https:\/\/stilanddesign.se\/?post_type=product&#038;p=1061474"},"modified":"2026-04-27T10:49:17","modified_gmt":"2026-04-27T08:49:17","slug":"%f0%9f%92%9b-topp-med-spets-mjuk-feminin-%e2%9c%a8","status":"publish","type":"product","link":"https:\/\/stilanddesign.se\/en\/product\/%f0%9f%92%9b-topp-med-spets-mjuk-feminin-%e2%9c%a8\/","title":{"rendered":"\ud83d\udc9b Top with lace \u2013 soft &amp; feminine \u2728"},"content":{"rendered":"<p data-start=\"0\" data-end=\"42\">\ud83d\udc9b <strong data-start=\"3\" data-end=\"38\">Top with lace \u2013 soft &amp; feminine<\/strong> \u2728<\/p>\n<p data-start=\"44\" data-end=\"227\">\ud83c\udf3f Yellow top in supple and comfortable quality<br data-start=\"85\" data-end=\"88\" \/>\ud83d\udcab V-neckline with fine lace detail<br data-start=\"121\" data-end=\"124\" \/>\ud83d\udc5a Long sleeves with lace trim at cuffs<br data-start=\"159\" data-end=\"162\" \/>\u2728 Beautiful lace trim around the bottom<br data-start=\"195\" data-end=\"198\" data-is-only-node=\"\" \/>\ud83d\udc4c Spacious and comfortable fit<\/p>\n<p data-start=\"229\" data-end=\"259\">\ud83d\udccf Onesize - fits approx. 34-44<\/p>\n<p data-start=\"261\" data-end=\"298\">\ud83e\uddf5 Material: 95% viscose, 5% elastane<\/p>\n<p data-start=\"300\" data-end=\"380\">\ud83d\udc56 <strong data-start=\"303\" data-end=\"319\">Styling tips:<\/strong> Match with jeans or a skirt for a bright and summery look \ud83d\udc95<\/p>\n<p data-start=\"382\" data-end=\"450\" data-is-last-node=\"\" data-is-only-node=\"\">\ud83d\udc96 A feminine top that gives your outfit a soft and elegant feel \ud83d\udc9b\u2728<\/p>\n<p>&nbsp;<\/p>\n<p>&nbsp;<\/p>\n<p>&nbsp;<\/p>","protected":false},"excerpt":{"rendered":"<p data-start=\"0\" data-end=\"42\">\ud83d\udc9b <strong data-start=\"3\" data-end=\"38\">Top with lace \u2013 soft &amp; feminine<\/strong> \u2728<\/p>\n<p data-start=\"44\" data-end=\"227\">\ud83c\udf3f Yellow top in supple and comfortable quality<br data-start=\"85\" data-end=\"88\" \/>\ud83d\udcab V-neckline with fine lace detail<br data-start=\"121\" data-end=\"124\" \/>\ud83d\udc5a Long sleeves with lace trim at cuffs<br data-start=\"159\" data-end=\"162\" \/>\u2728 Beautiful lace trim around the bottom<br data-start=\"195\" data-end=\"198\" data-is-only-node=\"\" \/>\ud83d\udc4c Spacious and comfortable fit<\/p>\n<p data-start=\"229\" data-end=\"259\">\ud83d\udccf Onesize - fits approx. 34-44<\/p>\n<p data-start=\"261\" data-end=\"298\">\ud83e\uddf5 Material: 95% viscose, 5% elastane<\/p>\n<p data-start=\"300\" data-end=\"380\">\ud83d\udc56 <strong data-start=\"303\" data-end=\"319\">Styling tips:<\/strong> Match with jeans or a skirt for a bright and summery look \ud83d\udc95<\/p>\n<p data-start=\"382\" data-end=\"450\" data-is-last-node=\"\" data-is-only-node=\"\">\ud83d\udc96 A feminine top that gives your outfit a soft and elegant feel \ud83d\udc9b\u2728<\/p>","protected":false},"featured_media":1061460,"comment_status":"closed","ping_status":"closed","template":"","meta":[],"product_brand":[],"product_cat":[211,217,222],"product_tag":[],"class_list":{"0":"post-1061474","1":"product","2":"type-product","3":"status-publish","4":"has-post-thumbnail","6":"product_cat-blusar","7":"product_cat-produktnyheter","8":"product_cat-toppar-tischor","10":"first","11":"instock","12":"taxable","13":"shipping-taxable","14":"purchasable","15":"product-type-variable"},"yoast_head":"<!-- This site is optimized with the Yoast SEO Premium plugin v27.4 (Yoast SEO v27.4) - https:\/\/yoast.com\/product\/yoast-seo-premium-wordpress\/ -->\n<title>\ud83d\udc9b Topp med spets \u2013 mjuk &amp; feminin \u2728 - Stil &amp; Design<\/title>\n<meta name=\"robots\" content=\"index, follow, max-snippet:-1, max-image-preview:large, max-video-preview:-1\" \/>\n<link rel=\"canonical\" href=\"https:\/\/stilanddesign.se\/en\/product\/\ud83d\udc9b-topp-med-spets-mjuk-feminin-\u2728\/\" \/>\n<meta property=\"og:locale\" content=\"en_US\" \/>\n<meta property=\"og:type\" content=\"article\" \/>\n<meta property=\"og:title\" content=\"\ud83d\udc9b Topp med spets \u2013 mjuk &amp; feminin \u2728\" \/>\n<meta property=\"og:description\" content=\"\ud83d\udc9b Topp med spets \u2013 mjuk &amp; feminin \u2728 \ud83c\udf3f Gul topp i f\u00f6ljsam och bekv\u00e4m kvalitet\ud83d\udcab V-ringning med fin spetsdetalj\ud83d\udc5a L\u00e5ng \u00e4rm med spetskant i \u00e4rmslut\u2728 Vacker spetskant runtom nertill\ud83d\udc4c Rymlig och sk\u00f6n passform \ud83d\udccf Onesize \u2013 passar ca 34\u201344 \ud83e\uddf5 Material: 95% viskos, 5% elastan \ud83d\udc56 Stylingtips: Matcha med jeans eller kjol f\u00f6r en ljus och somrig look \ud83d\udc95 \ud83d\udc96 En feminin topp som ger din outfit en mjuk och elegant k\u00e4nsla \ud83d\udc9b\u2728\" \/>\n<meta property=\"og:url\" content=\"https:\/\/stilanddesign.se\/en\/product\/\ud83d\udc9b-topp-med-spets-mjuk-feminin-\u2728\/\" \/>\n<meta property=\"og:site_name\" content=\"Stil &amp; Design\" \/>\n<meta property=\"article:modified_time\" content=\"2026-04-27T08:49:17+00:00\" \/>\n<meta property=\"og:image\" content=\"https:\/\/stilanddesign.se\/wp-content\/uploads\/2026\/01\/8878765666.png\" \/>\n\t<meta property=\"og:image:width\" content=\"427\" \/>\n\t<meta property=\"og:image:height\" content=\"640\" \/>\n\t<meta property=\"og:image:type\" content=\"image\/png\" \/>\n<meta name=\"twitter:card\" content=\"summary_large_image\" \/>\n<meta name=\"twitter:label1\" content=\"Est. reading time\" \/>\n\t<meta name=\"twitter:data1\" content=\"1 minute\" \/>\n<script type=\"application\/ld+json\" class=\"yoast-schema-graph\">{\"@context\":\"https:\\\/\\\/schema.org\",\"@graph\":[{\"@type\":\"WebPage\",\"@id\":\"https:\\\/\\\/stilanddesign.se\\\/produkt\\\/%f0%9f%92%9b-topp-med-spets-mjuk-feminin-%e2%9c%a8\\\/\",\"url\":\"https:\\\/\\\/stilanddesign.se\\\/produkt\\\/%f0%9f%92%9b-topp-med-spets-mjuk-feminin-%e2%9c%a8\\\/\",\"name\":\"\ud83d\udc9b Topp med spets \u2013 mjuk & feminin \u2728 - Stil &amp; Design\",\"isPartOf\":{\"@id\":\"https:\\\/\\\/stilanddesign.se\\\/#website\"},\"primaryImageOfPage\":{\"@id\":\"https:\\\/\\\/stilanddesign.se\\\/produkt\\\/%f0%9f%92%9b-topp-med-spets-mjuk-feminin-%e2%9c%a8\\\/#primaryimage\"},\"image\":{\"@id\":\"https:\\\/\\\/stilanddesign.se\\\/produkt\\\/%f0%9f%92%9b-topp-med-spets-mjuk-feminin-%e2%9c%a8\\\/#primaryimage\"},\"thumbnailUrl\":\"https:\\\/\\\/stilanddesign.se\\\/wp-content\\\/uploads\\\/2026\\\/01\\\/8878765666.png\",\"datePublished\":\"2026-04-27T08:44:39+00:00\",\"dateModified\":\"2026-04-27T08:49:17+00:00\",\"breadcrumb\":{\"@id\":\"https:\\\/\\\/stilanddesign.se\\\/produkt\\\/%f0%9f%92%9b-topp-med-spets-mjuk-feminin-%e2%9c%a8\\\/#breadcrumb\"},\"inLanguage\":\"en-US\",\"potentialAction\":[{\"@type\":\"ReadAction\",\"target\":[\"https:\\\/\\\/stilanddesign.se\\\/produkt\\\/%f0%9f%92%9b-topp-med-spets-mjuk-feminin-%e2%9c%a8\\\/\"]}]},{\"@type\":\"ImageObject\",\"inLanguage\":\"en-US\",\"@id\":\"https:\\\/\\\/stilanddesign.se\\\/produkt\\\/%f0%9f%92%9b-topp-med-spets-mjuk-feminin-%e2%9c%a8\\\/#primaryimage\",\"url\":\"https:\\\/\\\/stilanddesign.se\\\/wp-content\\\/uploads\\\/2026\\\/01\\\/8878765666.png\",\"contentUrl\":\"https:\\\/\\\/stilanddesign.se\\\/wp-content\\\/uploads\\\/2026\\\/01\\\/8878765666.png\",\"width\":427,\"height\":640,\"caption\":\"Gul topp med spets\"},{\"@type\":\"BreadcrumbList\",\"@id\":\"https:\\\/\\\/stilanddesign.se\\\/produkt\\\/%f0%9f%92%9b-topp-med-spets-mjuk-feminin-%e2%9c%a8\\\/#breadcrumb\",\"itemListElement\":[{\"@type\":\"ListItem\",\"position\":1,\"name\":\"Hem\",\"item\":\"https:\\\/\\\/stilanddesign.se\\\/\"},{\"@type\":\"ListItem\",\"position\":2,\"name\":\"Butiken\",\"item\":\"https:\\\/\\\/stilanddesign.se\\\/butiken\\\/\"},{\"@type\":\"ListItem\",\"position\":3,\"name\":\"\ud83d\udc9b Topp med spets \u2013 mjuk &#038; feminin \u2728\"}]},{\"@type\":\"WebSite\",\"@id\":\"https:\\\/\\\/stilanddesign.se\\\/#website\",\"url\":\"https:\\\/\\\/stilanddesign.se\\\/\",\"name\":\"Stil &amp; Design\",\"description\":\"F\u00f6r oss som \u00e4lskar mode!\",\"publisher\":{\"@id\":\"https:\\\/\\\/stilanddesign.se\\\/#organization\"},\"potentialAction\":[{\"@type\":\"SearchAction\",\"target\":{\"@type\":\"EntryPoint\",\"urlTemplate\":\"https:\\\/\\\/stilanddesign.se\\\/?s={search_term_string}\"},\"query-input\":{\"@type\":\"PropertyValueSpecification\",\"valueRequired\":true,\"valueName\":\"search_term_string\"}}],\"inLanguage\":\"en-US\"},{\"@type\":\"Organization\",\"@id\":\"https:\\\/\\\/stilanddesign.se\\\/#organization\",\"name\":\"Stil &amp; Design\",\"url\":\"https:\\\/\\\/stilanddesign.se\\\/\",\"logo\":{\"@type\":\"ImageObject\",\"inLanguage\":\"en-US\",\"@id\":\"https:\\\/\\\/stilanddesign.se\\\/#\\\/schema\\\/logo\\\/image\\\/\",\"url\":\"https:\\\/\\\/stilanddesign.se\\\/wp-content\\\/uploads\\\/2023\\\/12\\\/output-onlinepngtools-e1727784413220.png\",\"contentUrl\":\"https:\\\/\\\/stilanddesign.se\\\/wp-content\\\/uploads\\\/2023\\\/12\\\/output-onlinepngtools-e1727784413220.png\",\"width\":519,\"height\":135,\"caption\":\"Stil &amp; Design\"},\"image\":{\"@id\":\"https:\\\/\\\/stilanddesign.se\\\/#\\\/schema\\\/logo\\\/image\\\/\"}}]}<\/script>\n<!-- \/ Yoast SEO Premium plugin. -->","yoast_head_json":{"title":"\ud83d\udc9b Topp med spets \u2013 mjuk & feminin \u2728 - Stil &amp; Design","robots":{"index":"index","follow":"follow","max-snippet":"max-snippet:-1","max-image-preview":"max-image-preview:large","max-video-preview":"max-video-preview:-1"},"canonical":"https:\/\/stilanddesign.se\/en\/product\/\ud83d\udc9b-topp-med-spets-mjuk-feminin-\u2728\/","og_locale":"en_US","og_type":"article","og_title":"\ud83d\udc9b Topp med spets \u2013 mjuk & feminin \u2728","og_description":"\ud83d\udc9b Topp med spets \u2013 mjuk &amp; feminin \u2728 \ud83c\udf3f Gul topp i f\u00f6ljsam och bekv\u00e4m kvalitet\ud83d\udcab V-ringning med fin spetsdetalj\ud83d\udc5a L\u00e5ng \u00e4rm med spetskant i \u00e4rmslut\u2728 Vacker spetskant runtom nertill\ud83d\udc4c Rymlig och sk\u00f6n passform \ud83d\udccf Onesize \u2013 passar ca 34\u201344 \ud83e\uddf5 Material: 95% viskos, 5% elastan \ud83d\udc56 Stylingtips: Matcha med jeans eller kjol f\u00f6r en ljus och somrig look \ud83d\udc95 \ud83d\udc96 En feminin topp som ger din outfit en mjuk och elegant k\u00e4nsla \ud83d\udc9b\u2728","og_url":"https:\/\/stilanddesign.se\/en\/product\/\ud83d\udc9b-topp-med-spets-mjuk-feminin-\u2728\/","og_site_name":"Stil &amp; Design","article_modified_time":"2026-04-27T08:49:17+00:00","og_image":[{"width":427,"height":640,"url":"https:\/\/stilanddesign.se\/wp-content\/uploads\/2026\/01\/8878765666.png","type":"image\/png"}],"twitter_card":"summary_large_image","twitter_misc":{"Est. reading time":"1 minute"},"schema":{"@context":"https:\/\/schema.org","@graph":[{"@type":"WebPage","@id":"https:\/\/stilanddesign.se\/produkt\/%f0%9f%92%9b-topp-med-spets-mjuk-feminin-%e2%9c%a8\/","url":"https:\/\/stilanddesign.se\/produkt\/%f0%9f%92%9b-topp-med-spets-mjuk-feminin-%e2%9c%a8\/","name":"\ud83d\udc9b Topp med spets \u2013 mjuk & feminin \u2728 - Stil &amp; Design","isPartOf":{"@id":"https:\/\/stilanddesign.se\/#website"},"primaryImageOfPage":{"@id":"https:\/\/stilanddesign.se\/produkt\/%f0%9f%92%9b-topp-med-spets-mjuk-feminin-%e2%9c%a8\/#primaryimage"},"image":{"@id":"https:\/\/stilanddesign.se\/produkt\/%f0%9f%92%9b-topp-med-spets-mjuk-feminin-%e2%9c%a8\/#primaryimage"},"thumbnailUrl":"https:\/\/stilanddesign.se\/wp-content\/uploads\/2026\/01\/8878765666.png","datePublished":"2026-04-27T08:44:39+00:00","dateModified":"2026-04-27T08:49:17+00:00","breadcrumb":{"@id":"https:\/\/stilanddesign.se\/produkt\/%f0%9f%92%9b-topp-med-spets-mjuk-feminin-%e2%9c%a8\/#breadcrumb"},"inLanguage":"en-US","potentialAction":[{"@type":"ReadAction","target":["https:\/\/stilanddesign.se\/produkt\/%f0%9f%92%9b-topp-med-spets-mjuk-feminin-%e2%9c%a8\/"]}]},{"@type":"ImageObject","inLanguage":"en-US","@id":"https:\/\/stilanddesign.se\/produkt\/%f0%9f%92%9b-topp-med-spets-mjuk-feminin-%e2%9c%a8\/#primaryimage","url":"https:\/\/stilanddesign.se\/wp-content\/uploads\/2026\/01\/8878765666.png","contentUrl":"https:\/\/stilanddesign.se\/wp-content\/uploads\/2026\/01\/8878765666.png","width":427,"height":640,"caption":"Gul topp med spets"},{"@type":"BreadcrumbList","@id":"https:\/\/stilanddesign.se\/produkt\/%f0%9f%92%9b-topp-med-spets-mjuk-feminin-%e2%9c%a8\/#breadcrumb","itemListElement":[{"@type":"ListItem","position":1,"name":"Hem","item":"https:\/\/stilanddesign.se\/"},{"@type":"ListItem","position":2,"name":"Butiken","item":"https:\/\/stilanddesign.se\/butiken\/"},{"@type":"ListItem","position":3,"name":"\ud83d\udc9b Topp med spets \u2013 mjuk &#038; feminin \u2728"}]},{"@type":"WebSite","@id":"https:\/\/stilanddesign.se\/#website","url":"https:\/\/stilanddesign.se\/","name":"Style &amp; Design","description":"For those of us who love fashion!","publisher":{"@id":"https:\/\/stilanddesign.se\/#organization"},"potentialAction":[{"@type":"SearchAction","target":{"@type":"EntryPoint","urlTemplate":"https:\/\/stilanddesign.se\/?s={search_term_string}"},"query-input":{"@type":"PropertyValueSpecification","valueRequired":true,"valueName":"search_term_string"}}],"inLanguage":"en-US"},{"@type":"Organization","@id":"https:\/\/stilanddesign.se\/#organization","name":"Style &amp; Design","url":"https:\/\/stilanddesign.se\/","logo":{"@type":"ImageObject","inLanguage":"en-US","@id":"https:\/\/stilanddesign.se\/#\/schema\/logo\/image\/","url":"https:\/\/stilanddesign.se\/wp-content\/uploads\/2023\/12\/output-onlinepngtools-e1727784413220.png","contentUrl":"https:\/\/stilanddesign.se\/wp-content\/uploads\/2023\/12\/output-onlinepngtools-e1727784413220.png","width":519,"height":135,"caption":"Stil &amp; Design"},"image":{"@id":"https:\/\/stilanddesign.se\/#\/schema\/logo\/image\/"}}]}},"_links":{"self":[{"href":"https:\/\/stilanddesign.se\/en\/wp-json\/wp\/v2\/product\/1061474","targetHints":{"allow":["GET"]}}],"collection":[{"href":"https:\/\/stilanddesign.se\/en\/wp-json\/wp\/v2\/product"}],"about":[{"href":"https:\/\/stilanddesign.se\/en\/wp-json\/wp\/v2\/types\/product"}],"replies":[{"embeddable":true,"href":"https:\/\/stilanddesign.se\/en\/wp-json\/wp\/v2\/comments?post=1061474"}],"wp:featuredmedia":[{"embeddable":true,"href":"https:\/\/stilanddesign.se\/en\/wp-json\/wp\/v2\/media\/1061460"}],"wp:attachment":[{"href":"https:\/\/stilanddesign.se\/en\/wp-json\/wp\/v2\/media?parent=1061474"}],"wp:term":[{"taxonomy":"product_brand","embeddable":true,"href":"https:\/\/stilanddesign.se\/en\/wp-json\/wp\/v2\/product_brand?post=1061474"},{"taxonomy":"product_cat","embeddable":true,"href":"https:\/\/stilanddesign.se\/en\/wp-json\/wp\/v2\/product_cat?post=1061474"},{"taxonomy":"product_tag","embeddable":true,"href":"https:\/\/stilanddesign.se\/en\/wp-json\/wp\/v2\/product_tag?post=1061474"}],"curies":[{"name":"wp","href":"https:\/\/api.w.org\/{rel}","templated":true}]}}