{"id":1004852,"date":"2024-11-08T17:42:02","date_gmt":"2024-11-08T16:42:02","guid":{"rendered":"https:\/\/stilanddesign.se\/?post_type=product&#038;p=1004852"},"modified":"2025-04-23T07:43:07","modified_gmt":"2025-04-23T05:43:07","slug":"ljuvlig-klanning-f-marta","status":"publish","type":"product","link":"https:\/\/stilanddesign.se\/en\/product\/ljuvlig-klanning-f-marta\/","title":{"rendered":"Lovely dress for Marta!"},"content":{"rendered":"<h1 class=\"alt-font\"><strong>Lovely dress for Marta!<\/strong><\/h1>\n<p>\u201d&quot;Discover the perfect dress for every occasion! Our exclusive range of dresses combines style, comfort and elegance in the best way. Whether you are going to a party, a wedding or just want to feel extra beautiful in everyday life, we have the dress that will make you shine. Our dresses are carefully selected to suit different body types and personalities, and are made with high-quality materials for a perfect fit. Explore our range today and let our dresses transform you into a real star!&quot;\u201d<\/p>\n<div class=\"info-type-key\"><strong>Description:<\/strong><br \/>\nMaterial: 100% viscose<\/div>\n<div class=\"info-type-key\">S\/M<\/div>\n<div class=\"info-type-key\">L\u00e4ngd 97 cm.<br \/>\nBr\u00f6st 114 cm.<\/div>\n<div class=\"info-type-key\">L\/XL<br \/>\nL\u00e4ngd: 99 cm.<br \/>\nBr\u00f6st: 118 cm.<\/div>","protected":false},"excerpt":{"rendered":"<h1 class=\"alt-font\"><strong>Lovely dress for Marta!<\/strong><\/h1>\n<p>&#8221;Uppt\u00e4ck den perfekta kl\u00e4nningen f\u00f6r varje tillf\u00e4lle! V\u00e5rt exklusiva sortiment av kl\u00e4nningar kombinerar stil, komfort och elegans p\u00e5 b\u00e4sta s\u00e4tt. Oavsett om du ska p\u00e5 fest, br\u00f6llop eller bara vill k\u00e4nna dig extra vacker i vardagen, har vi kl\u00e4nningen som f\u00e5r dig att str\u00e5la. V\u00e5ra kl\u00e4nningar \u00e4r noggrant utvalda f\u00f6r att passa olika kroppstyper och personligheter, och \u00e4r tillverkade med h\u00f6gkvalitativa material f\u00f6r en perfekt passform.<\/p>\n<div class=\"info-type-key\"><strong>Description:<\/strong><br \/>\nMaterial: 100% viscose<\/div>\n<div class=\"info-type-key\">S\/M<br \/>\nL\u00e4ngd 97 cm.<br \/>\nBr\u00f6st 114 cm.<\/div>\n<div class=\"info-type-key\">L\/XL<br \/>\nL\u00e4ngd: 99 cm.<br \/>\nBr\u00f6st: 118 cm.<\/div>","protected":false},"featured_media":1004896,"comment_status":"closed","ping_status":"closed","template":"","meta":[],"product_brand":[],"product_cat":[215,209],"product_tag":[],"class_list":{"0":"post-1004852","1":"product","2":"type-product","3":"status-publish","4":"has-post-thumbnail","6":"product_cat-klanningar","7":"product_cat-reaprodukter","9":"first","10":"outofstock","11":"taxable","12":"shipping-taxable","13":"product-type-variable"},"yoast_head":"<!-- This site is optimized with the Yoast SEO Premium plugin v27.4 (Yoast SEO v27.5) - https:\/\/yoast.com\/product\/yoast-seo-premium-wordpress\/ -->\n<title>Ljuvlig kl\u00e4nning f Marta! - Stil &amp; Design<\/title>\n<meta name=\"robots\" content=\"index, follow, max-snippet:-1, max-image-preview:large, max-video-preview:-1\" \/>\n<link rel=\"canonical\" href=\"https:\/\/stilanddesign.se\/en\/product\/ljuvlig-klanning-f-marta\/\" \/>\n<meta property=\"og:locale\" content=\"en_US\" \/>\n<meta property=\"og:type\" content=\"article\" \/>\n<meta property=\"og:title\" content=\"Ljuvlig kl\u00e4nning f Marta!\" \/>\n<meta property=\"og:description\" content=\"Ljuvlig kl\u00e4nning f Marta! &quot;Uppt\u00e4ck den perfekta kl\u00e4nningen f\u00f6r varje tillf\u00e4lle! V\u00e5rt exklusiva sortiment av kl\u00e4nningar kombinerar stil, komfort och elegans p\u00e5 b\u00e4sta s\u00e4tt. Oavsett om du ska p\u00e5 fest, br\u00f6llop eller bara vill k\u00e4nna dig extra vacker i vardagen, har vi kl\u00e4nningen som f\u00e5r dig att str\u00e5la. V\u00e5ra kl\u00e4nningar \u00e4r noggrant utvalda f\u00f6r att passa olika kroppstyper och personligheter, och \u00e4r tillverkade med h\u00f6gkvalitativa material f\u00f6r en perfekt passform. Beskrivning: Material: 100% vicsose S\/M L\u00e4ngd 97 cm. Br\u00f6st 114 cm. L\/XL L\u00e4ngd: 99 cm. Br\u00f6st: 118 cm.\" \/>\n<meta property=\"og:url\" content=\"https:\/\/stilanddesign.se\/en\/product\/ljuvlig-klanning-f-marta\/\" \/>\n<meta property=\"og:site_name\" content=\"Stil &amp; Design\" \/>\n<meta property=\"article:modified_time\" content=\"2025-04-23T05:43:07+00:00\" \/>\n<meta property=\"og:image\" content=\"https:\/\/stilanddesign.se\/wp-content\/uploads\/2024\/11\/3-5-scaled-3.jpg\" \/>\n\t<meta property=\"og:image:width\" content=\"1920\" \/>\n\t<meta property=\"og:image:height\" content=\"2560\" \/>\n\t<meta property=\"og:image:type\" content=\"image\/jpeg\" \/>\n<meta name=\"twitter:card\" content=\"summary_large_image\" \/>\n<meta name=\"twitter:label1\" content=\"Est. reading time\" \/>\n\t<meta name=\"twitter:data1\" content=\"1 minute\" \/>\n<script type=\"application\/ld+json\" class=\"yoast-schema-graph\">{\"@context\":\"https:\\\/\\\/schema.org\",\"@graph\":[{\"@type\":\"WebPage\",\"@id\":\"https:\\\/\\\/stilanddesign.se\\\/produkt\\\/ljuvlig-klanning-f-marta\\\/\",\"url\":\"https:\\\/\\\/stilanddesign.se\\\/produkt\\\/ljuvlig-klanning-f-marta\\\/\",\"name\":\"Ljuvlig kl\u00e4nning f Marta! - Stil &amp; Design\",\"isPartOf\":{\"@id\":\"https:\\\/\\\/stilanddesign.se\\\/#website\"},\"primaryImageOfPage\":{\"@id\":\"https:\\\/\\\/stilanddesign.se\\\/produkt\\\/ljuvlig-klanning-f-marta\\\/#primaryimage\"},\"image\":{\"@id\":\"https:\\\/\\\/stilanddesign.se\\\/produkt\\\/ljuvlig-klanning-f-marta\\\/#primaryimage\"},\"thumbnailUrl\":\"https:\\\/\\\/stilanddesign.se\\\/wp-content\\\/uploads\\\/2024\\\/11\\\/3-5-scaled-3.jpg\",\"datePublished\":\"2024-11-08T16:42:02+00:00\",\"dateModified\":\"2025-04-23T05:43:07+00:00\",\"breadcrumb\":{\"@id\":\"https:\\\/\\\/stilanddesign.se\\\/produkt\\\/ljuvlig-klanning-f-marta\\\/#breadcrumb\"},\"inLanguage\":\"en-US\",\"potentialAction\":[{\"@type\":\"ReadAction\",\"target\":[\"https:\\\/\\\/stilanddesign.se\\\/produkt\\\/ljuvlig-klanning-f-marta\\\/\"]}]},{\"@type\":\"ImageObject\",\"inLanguage\":\"en-US\",\"@id\":\"https:\\\/\\\/stilanddesign.se\\\/produkt\\\/ljuvlig-klanning-f-marta\\\/#primaryimage\",\"url\":\"https:\\\/\\\/stilanddesign.se\\\/wp-content\\\/uploads\\\/2024\\\/11\\\/3-5-scaled-3.jpg\",\"contentUrl\":\"https:\\\/\\\/stilanddesign.se\\\/wp-content\\\/uploads\\\/2024\\\/11\\\/3-5-scaled-3.jpg\",\"width\":1920,\"height\":2560},{\"@type\":\"BreadcrumbList\",\"@id\":\"https:\\\/\\\/stilanddesign.se\\\/produkt\\\/ljuvlig-klanning-f-marta\\\/#breadcrumb\",\"itemListElement\":[{\"@type\":\"ListItem\",\"position\":1,\"name\":\"Hem\",\"item\":\"https:\\\/\\\/stilanddesign.se\\\/\"},{\"@type\":\"ListItem\",\"position\":2,\"name\":\"Butiken\",\"item\":\"https:\\\/\\\/stilanddesign.se\\\/butiken\\\/\"},{\"@type\":\"ListItem\",\"position\":3,\"name\":\"Ljuvlig kl\u00e4nning f Marta!\"}]},{\"@type\":\"WebSite\",\"@id\":\"https:\\\/\\\/stilanddesign.se\\\/#website\",\"url\":\"https:\\\/\\\/stilanddesign.se\\\/\",\"name\":\"Stil &amp; Design\",\"description\":\"F\u00f6r oss som \u00e4lskar mode!\",\"publisher\":{\"@id\":\"https:\\\/\\\/stilanddesign.se\\\/#organization\"},\"potentialAction\":[{\"@type\":\"SearchAction\",\"target\":{\"@type\":\"EntryPoint\",\"urlTemplate\":\"https:\\\/\\\/stilanddesign.se\\\/?s={search_term_string}\"},\"query-input\":{\"@type\":\"PropertyValueSpecification\",\"valueRequired\":true,\"valueName\":\"search_term_string\"}}],\"inLanguage\":\"en-US\"},{\"@type\":\"Organization\",\"@id\":\"https:\\\/\\\/stilanddesign.se\\\/#organization\",\"name\":\"Stil &amp; Design\",\"url\":\"https:\\\/\\\/stilanddesign.se\\\/\",\"logo\":{\"@type\":\"ImageObject\",\"inLanguage\":\"en-US\",\"@id\":\"https:\\\/\\\/stilanddesign.se\\\/#\\\/schema\\\/logo\\\/image\\\/\",\"url\":\"https:\\\/\\\/stilanddesign.se\\\/wp-content\\\/uploads\\\/2023\\\/12\\\/output-onlinepngtools-e1727784413220.png\",\"contentUrl\":\"https:\\\/\\\/stilanddesign.se\\\/wp-content\\\/uploads\\\/2023\\\/12\\\/output-onlinepngtools-e1727784413220.png\",\"width\":519,\"height\":135,\"caption\":\"Stil &amp; Design\"},\"image\":{\"@id\":\"https:\\\/\\\/stilanddesign.se\\\/#\\\/schema\\\/logo\\\/image\\\/\"}}]}<\/script>\n<!-- \/ Yoast SEO Premium plugin. -->","yoast_head_json":{"title":"Ljuvlig kl\u00e4nning f Marta! - Stil &amp; Design","robots":{"index":"index","follow":"follow","max-snippet":"max-snippet:-1","max-image-preview":"max-image-preview:large","max-video-preview":"max-video-preview:-1"},"canonical":"https:\/\/stilanddesign.se\/en\/product\/ljuvlig-klanning-f-marta\/","og_locale":"en_US","og_type":"article","og_title":"Ljuvlig kl\u00e4nning f Marta!","og_description":"Ljuvlig kl\u00e4nning f Marta! \"Uppt\u00e4ck den perfekta kl\u00e4nningen f\u00f6r varje tillf\u00e4lle! V\u00e5rt exklusiva sortiment av kl\u00e4nningar kombinerar stil, komfort och elegans p\u00e5 b\u00e4sta s\u00e4tt. Oavsett om du ska p\u00e5 fest, br\u00f6llop eller bara vill k\u00e4nna dig extra vacker i vardagen, har vi kl\u00e4nningen som f\u00e5r dig att str\u00e5la. V\u00e5ra kl\u00e4nningar \u00e4r noggrant utvalda f\u00f6r att passa olika kroppstyper och personligheter, och \u00e4r tillverkade med h\u00f6gkvalitativa material f\u00f6r en perfekt passform. Beskrivning: Material: 100% vicsose S\/M L\u00e4ngd 97 cm. Br\u00f6st 114 cm. L\/XL L\u00e4ngd: 99 cm. Br\u00f6st: 118 cm.","og_url":"https:\/\/stilanddesign.se\/en\/product\/ljuvlig-klanning-f-marta\/","og_site_name":"Stil &amp; Design","article_modified_time":"2025-04-23T05:43:07+00:00","og_image":[{"width":1920,"height":2560,"url":"https:\/\/stilanddesign.se\/wp-content\/uploads\/2024\/11\/3-5-scaled-3.jpg","type":"image\/jpeg"}],"twitter_card":"summary_large_image","twitter_misc":{"Est. reading time":"1 minute"},"schema":{"@context":"https:\/\/schema.org","@graph":[{"@type":"WebPage","@id":"https:\/\/stilanddesign.se\/produkt\/ljuvlig-klanning-f-marta\/","url":"https:\/\/stilanddesign.se\/produkt\/ljuvlig-klanning-f-marta\/","name":"Ljuvlig kl\u00e4nning f Marta! - Stil &amp; Design","isPartOf":{"@id":"https:\/\/stilanddesign.se\/#website"},"primaryImageOfPage":{"@id":"https:\/\/stilanddesign.se\/produkt\/ljuvlig-klanning-f-marta\/#primaryimage"},"image":{"@id":"https:\/\/stilanddesign.se\/produkt\/ljuvlig-klanning-f-marta\/#primaryimage"},"thumbnailUrl":"https:\/\/stilanddesign.se\/wp-content\/uploads\/2024\/11\/3-5-scaled-3.jpg","datePublished":"2024-11-08T16:42:02+00:00","dateModified":"2025-04-23T05:43:07+00:00","breadcrumb":{"@id":"https:\/\/stilanddesign.se\/produkt\/ljuvlig-klanning-f-marta\/#breadcrumb"},"inLanguage":"en-US","potentialAction":[{"@type":"ReadAction","target":["https:\/\/stilanddesign.se\/produkt\/ljuvlig-klanning-f-marta\/"]}]},{"@type":"ImageObject","inLanguage":"en-US","@id":"https:\/\/stilanddesign.se\/produkt\/ljuvlig-klanning-f-marta\/#primaryimage","url":"https:\/\/stilanddesign.se\/wp-content\/uploads\/2024\/11\/3-5-scaled-3.jpg","contentUrl":"https:\/\/stilanddesign.se\/wp-content\/uploads\/2024\/11\/3-5-scaled-3.jpg","width":1920,"height":2560},{"@type":"BreadcrumbList","@id":"https:\/\/stilanddesign.se\/produkt\/ljuvlig-klanning-f-marta\/#breadcrumb","itemListElement":[{"@type":"ListItem","position":1,"name":"Hem","item":"https:\/\/stilanddesign.se\/"},{"@type":"ListItem","position":2,"name":"Butiken","item":"https:\/\/stilanddesign.se\/butiken\/"},{"@type":"ListItem","position":3,"name":"Ljuvlig kl\u00e4nning f Marta!"}]},{"@type":"WebSite","@id":"https:\/\/stilanddesign.se\/#website","url":"https:\/\/stilanddesign.se\/","name":"Style &amp; Design","description":"For those of us who love fashion!","publisher":{"@id":"https:\/\/stilanddesign.se\/#organization"},"potentialAction":[{"@type":"SearchAction","target":{"@type":"EntryPoint","urlTemplate":"https:\/\/stilanddesign.se\/?s={search_term_string}"},"query-input":{"@type":"PropertyValueSpecification","valueRequired":true,"valueName":"search_term_string"}}],"inLanguage":"en-US"},{"@type":"Organization","@id":"https:\/\/stilanddesign.se\/#organization","name":"Style &amp; Design","url":"https:\/\/stilanddesign.se\/","logo":{"@type":"ImageObject","inLanguage":"en-US","@id":"https:\/\/stilanddesign.se\/#\/schema\/logo\/image\/","url":"https:\/\/stilanddesign.se\/wp-content\/uploads\/2023\/12\/output-onlinepngtools-e1727784413220.png","contentUrl":"https:\/\/stilanddesign.se\/wp-content\/uploads\/2023\/12\/output-onlinepngtools-e1727784413220.png","width":519,"height":135,"caption":"Stil &amp; Design"},"image":{"@id":"https:\/\/stilanddesign.se\/#\/schema\/logo\/image\/"}}]}},"_links":{"self":[{"href":"https:\/\/stilanddesign.se\/en\/wp-json\/wp\/v2\/product\/1004852","targetHints":{"allow":["GET"]}}],"collection":[{"href":"https:\/\/stilanddesign.se\/en\/wp-json\/wp\/v2\/product"}],"about":[{"href":"https:\/\/stilanddesign.se\/en\/wp-json\/wp\/v2\/types\/product"}],"replies":[{"embeddable":true,"href":"https:\/\/stilanddesign.se\/en\/wp-json\/wp\/v2\/comments?post=1004852"}],"wp:featuredmedia":[{"embeddable":true,"href":"https:\/\/stilanddesign.se\/en\/wp-json\/wp\/v2\/media\/1004896"}],"wp:attachment":[{"href":"https:\/\/stilanddesign.se\/en\/wp-json\/wp\/v2\/media?parent=1004852"}],"wp:term":[{"taxonomy":"product_brand","embeddable":true,"href":"https:\/\/stilanddesign.se\/en\/wp-json\/wp\/v2\/product_brand?post=1004852"},{"taxonomy":"product_cat","embeddable":true,"href":"https:\/\/stilanddesign.se\/en\/wp-json\/wp\/v2\/product_cat?post=1004852"},{"taxonomy":"product_tag","embeddable":true,"href":"https:\/\/stilanddesign.se\/en\/wp-json\/wp\/v2\/product_tag?post=1004852"}],"curies":[{"name":"wp","href":"https:\/\/api.w.org\/{rel}","templated":true}]}}